{"id":11343,"date":"2020-08-05T19:25:19","date_gmt":"2020-08-05T19:25:19","guid":{"rendered":"http:\/\/www.fceune.edu.py\/v2\/?page_id=11343"},"modified":"2026-02-18T13:56:13","modified_gmt":"2026-02-18T13:56:13","slug":"areas-de-actuacion","status":"publish","type":"page","link":"https:\/\/www.fceune.edu.py\/v2\/index.php\/areas-de-actuacion\/","title":{"rendered":"\u00c1reas de actuaci\u00f3n"},"content":{"rendered":"<div class=\"wpb-content-wrapper\"><p>[vc_row][vc_column][vc_tabs style=&#8221;style_1&#8243; title=&#8221;\u00c1reas de actuaci\u00f3n de la Direcci\u00f3n de Investigaci\u00f3n&#8221;][vc_tab title=&#8221;2025&#8243; tab_id=&#8221;1753737627612-8-7&#8243;][vc_column_text css=&#8221;&#8221;]<\/p>\n<p><a href=\"https:\/\/www.fceune.edu.py\/v2\/index.php\/2025\/09\/12\/destacada-participacion-de-la-fce-en-el-workshop-cientifico-une-2025\/\"><strong>Destacada participaci\u00f3n de la FCE en el Workshop Cient\u00edfico UNE 2025<\/strong><\/a><\/p>\n<p>La Facultad de Ciencias Econ\u00f3micas de la Universidad Nacional del Este (FCE.UNE) tuvo una destacada participaci\u00f3n en la tercera edici\u00f3n del Workshop Cient\u00edfico UNE, realizado el jueves 4 de septiembre de 2025, en la Facultad de Derecho y Ciencias Sociales. El evento, organizado por el Comit\u00e9 Cient\u00edfico de la UNE bajo el lema \u201cInvestigaci\u00f3n e Innovaci\u00f3n Colaborativa: Desaf\u00edos y Oportunidades para la Universidad Nacional del Este\u201d, reuni\u00f3 a docentes investigadores de todas las unidades acad\u00e9micas en mesas de trabajo interdisciplinarias.<\/p>\n<hr \/>\n<p><a href=\"https:\/\/www.fceune.edu.py\/v2\/index.php\/2025\/09\/17\/destacada-participacion-de-la-fce-en-la-xiii-jornada-anual-de-investigacion-en-pilar\/\"><strong>Destacada participaci\u00f3n de la FCE en la XIII Jornada Anual de Investigaci\u00f3n en Pilar<\/strong><\/a><\/p>\n<p>La Facultad de Ciencias Econ\u00f3micas de la Universidad Nacional del Este (FCE.UNE) celebra con orgullo la participaci\u00f3n de la egresada de la carrera de Contabilidad, Lic. Ninfa Mikal Dom\u00ednguez Cazal, en la XIII Jornada Anual de Investigaci\u00f3n \u2013 Encuentro de Divulgaci\u00f3n Cient\u00edfica, organizada por la Facultad de Ciencias, Tecnolog\u00edas y Artes de la Universidad Nacional de Pilar.<\/p>\n<hr \/>\n<p><a href=\"https:\/\/www.fceune.edu.py\/v2\/index.php\/2025\/10\/23\/docente-de-la-fce-contribuye-a-destacada-obra-academica-internacional\/\"><strong>Docente de la FCE contribuye a destacada obra acad\u00e9mica internacional<\/strong><\/a><\/p>\n<p>La investigadora y docente de la Facultad de Ciencias Econ\u00f3micas de la Universidad Nacional del Este, Econ. Andrea Natalia R\u00edos Ram\u00edrez, particip\u00f3 en la reciente publicaci\u00f3n del trabajo titulado \u201cEntre Olhares e Conex\u00f5es: O Eixo do Tr\u00f3pico de Capric\u00f3rnio a partir da C\u00e1tedra Arauc\u00e1ria\u201d, una obra colectiva que re\u00fane reflexiones cr\u00edticas y sensibles sobre las realidades que conforman el vasto y complejo territorio del Eje de Capricornio.<\/p>\n<hr \/>\n<p><a href=\"https:\/\/www.fceune.edu.py\/v2\/index.php\/2025\/10\/27\/participacion-destacada-de-docente-investigador-de-la-fce-en-el-xiv-foro-de-investigadores-de-la-une\/\"><strong>Participaci\u00f3n destacada de docente investigador de la FCE en el XIV Foro de Investigadores de la UNE<\/strong><\/a><\/p>\n<p>El docente investigador de la Facultad de Ciencias Econ\u00f3micas de la Universidad Nacional del Este (FCE.UNE), Ing. Diego Ort\u00edz, present\u00f3 la ponencia titulada \u201cEntre el discurso y la acci\u00f3n: Gobernanza Clim\u00e1tica y Gesti\u00f3n de Riesgo en Ciudad del Este, Paraguay. An\u00e1lisis de Actores Clave y Desaf\u00edos\u201d, en el marco del XIV Foro de Investigadores de la UNE, realizado el pasado jueves 23 de octubre de 2025.<\/p>\n<hr \/>\n<p><a href=\"https:\/\/www.fceune.edu.py\/v2\/index.php\/2025\/10\/27\/investigadoras-de-la-fce-participaron-en-el-xix-foro-de-investigadores-de-la-unibe\/\"><strong>Investigadoras de la FCE participaron en el XIX Foro de Investigadores de la UNIBE<\/strong><\/a><\/p>\n<p>La Facultad de Ciencias Econ\u00f3micas de la Universidad Nacional del Este (FCE.UNE) tuvo una participaci\u00f3n activa en el XIX Foro de Investigadores de la Universidad Iberoamericana (UNIBE), realizado del 20 al 25 de octubre de 2025 en la ciudad de Asunci\u00f3n, bajo el lema: \u201cHacia un enfoque integral de la Infancia, Ni\u00f1ez y Adolescencia: Perspectivas interdisciplinarias para el desarrollo de Pol\u00edticas P\u00fablicas\u201d.<\/p>\n<hr \/>\n<p><a href=\"https:\/\/www.fceune.edu.py\/v2\/index.php\/2025\/11\/05\/fce-marca-presencia-en-el-iii-foro-de-investigadores-de-la-upe\/\"><strong>FCE marca presencia en el III Foro de Investigadores de la UPE<\/strong><\/a><\/p>\n<p>Representantes de la Facultad de Ciencias Econ\u00f3micas de la Universidad Nacional del Este (FCE.UNE), marcaron presencia en el III Foro de Investigadores organizado por la Facultad de Ciencias Administrativas y Contables (FCAC) de la Universidad Privada del Este (UPE), realizado el mi\u00e9rcoles 29 de octubre de 2025, en el Centro de Convenciones de la UPE, Sede Pdte. Franco.<\/p>\n<hr \/>\n<p><a href=\"https:\/\/www.fceune.edu.py\/v2\/index.php\/2025\/11\/10\/destacada-participacion-de-la-fce-en-x-encuentro-de-investigadores-de-la-sociedad-cientifica-del-paraguay\/\"><strong>Destacada participaci\u00f3n de la FCE en X Encuentro de Investigadores de la Sociedad Cient\u00edfica del Paraguay<\/strong><\/a><\/p>\n<p>Docente investigadora y estudiante de la Facultad de Ciencias Econ\u00f3micas de la Universidad Nacional del Este (FCE.UNE) participaron del X Encuentro de Investigadores de la Sociedad Cient\u00edfica del Paraguay (SCP), desarrollado del 4 al 7 de noviembre de 2025, en la ciudad de Asunci\u00f3n.<\/p>\n<hr \/>\n<p><a href=\"https:\/\/www.fceune.edu.py\/v2\/index.php\/2025\/11\/10\/fce-presento-seis-trabajos-de-investigacion-en-la-xxxii-jji-de-la-augm\/\"><strong>FCE present\u00f3 seis trabajos de investigaci\u00f3n en la XXXII JJI de la AUGM<\/strong><\/a><\/p>\n<p>La Facultad de Ciencias Econ\u00f3micas de la Universidad Nacional del Este (FCE.UNE) particip\u00f3 activamente en la XXXII edici\u00f3n de las Jornadas de J\u00f3venes Investigadores de la Asociaci\u00f3n de Universidades Grupo Montevideo (AUGM), realizadas del 5 al 7 de noviembre de 2025 en la Universidad Nacional de Tucum\u00e1n, Argentina.<\/p>\n<hr \/>\n<p><a href=\"https:\/\/www.fceune.edu.py\/v2\/index.php\/2025\/11\/11\/alumna-de-la-fce-participo-en-iv-congreso-internacional-de-agua-ambiente-y-energia\/\"><strong>Alumna de la FCE particip\u00f3 en IV Congreso Internacional de Agua, Ambiente y Energ\u00eda<\/strong><\/a><\/p>\n<p>La Univ. Gabriela Margarita Aliendre Troncoso, estudiante de la carrera de Administraci\u00f3n, represent\u00f3 a la Facultad de Ciencias Econ\u00f3micas de la Universidad Nacional del Este (FCE.UNE) en el IV Congreso Internacional de Agua, Ambiente y Energ\u00eda, desarrollado en la Universidad Nacional de Tucum\u00e1n \u2013 Argentina, el 3 y 4 de noviembre de 2025.<\/p>\n<hr \/>\n<p><a href=\"https:\/\/www.fceune.edu.py\/v2\/index.php\/2025\/11\/17\/fce-participo-en-la-iii-mesa-redonda-cientifica-de-la-une\/\"><strong>FCE particip\u00f3 en la III Mesa Redonda Cient\u00edfica de la UNE<\/strong><\/a><\/p>\n<p>En conmemoraci\u00f3n del D\u00eda del Investigador Paraguayo, la Facultad de Ciencias Econ\u00f3micas de la Universidad Nacional del Este (FCE.UNE) form\u00f3 parte de la 3\u00aa Edici\u00f3n de la Mesa Redonda Cient\u00edfica, organizada por la Direcci\u00f3n General de Investigaci\u00f3n de la UNE bajo el tema: \u201cInvestigaci\u00f3n Multidisciplinaria en la UNE: Desaf\u00edos, Avances y Perspectivas\u201d. El encuentro se desarroll\u00f3 el lunes 11 de noviembre de 2025, en el Aula 3 de la Escuela de Posgrado.<\/p>\n<hr \/>\n<p><a href=\"https:\/\/www.fceune.edu.py\/v2\/index.php\/2025\/12\/15\/representante-de-la-fce-participa-en-la-reunion-del-comite-academico-de-desarrollo-regional-de-la-augm\/\"><strong>Representante de la FCE participa en la Reuni\u00f3n del Comit\u00e9 Acad\u00e9mico de Desarrollo Regional de la AUGM<\/strong><\/a><\/p>\n<p>La Econ. Andrea Natalia R\u00edos Ram\u00edrez, docente e investigadora de la Facultad de Ciencias Econ\u00f3micas de la UNE, particip\u00f3 de manera virtual en la reuni\u00f3n del Comit\u00e9 Acad\u00e9mico de Desarrollo Regional (CADR) de la AUGM.<\/p>\n<hr \/>\n<p><a href=\"https:\/\/www.fceune.edu.py\/v2\/index.php\/2025\/12\/09\/entregan-certificados-de-reconocimiento-a-participantes-de-las-xxxii-jji-de-augm\/\"><strong>Entregan certificados de reconocimiento a participantes de las XXXII JJI de AUGM<\/strong><\/a><\/p>\n<p>Los representantes de la Facultad de Ciencias Econ\u00f3micas de la UNE, en la XXXII Jornada de J\u00f3venes Investigadores (JJI) de la AUGM, recibieron certificados de reconocimiento por la destacada participaci\u00f3n que mantuvieron en el mencionado evento cient\u00edfico, realizado del 5 al 7 de noviembre de 2025 en la Universidad Nacional de Tucum\u00e1n, Argentina.<\/p>\n<hr \/>\n<p><a href=\"https:\/\/www.fceune.edu.py\/v2\/index.php\/2025\/12\/02\/participacion-en-el-xxiv-congreso-internacional-de-gestion-universitaria-cigu-2025\/\"><strong>Participaci\u00f3n en el XXIV Congreso Internacional de Gesti\u00f3n Universitaria (CIGU 2025)<\/strong><\/a><\/p>\n<p>La Facultad de Ciencias Econ\u00f3micas de la UNE, a trav\u00e9s de la Enc. de Despacho de la Direcci\u00f3n de Investigaci\u00f3n, Prof. M.Sc. Karen Natali Backes Dos Santos, tuvo una destacada participaci\u00f3n en el XXIV Congreso Internacional de Gesti\u00f3n Universitaria (CIGU 2025), realizado del 24 al 26 de noviembre de 2025 en Florian\u00f3polis, Santa Catarina, Brasil.<\/p>\n<hr \/>\n<p><a href=\"https:\/\/www.fceune.edu.py\/v2\/index.php\/2025\/08\/05\/docente-e-investigadora-de-la-fce-realiza-charla-a-mas-de-300-jovenes-en-el-crece\/\"><strong>Docente e investigadora de la FCE realiza charla a m\u00e1s de 300 j\u00f3venes en el CRECE<\/strong><\/a><\/p>\n<p>La profesora e investigadora de la Facultad de Ciencias Econ\u00f3micas de la Universidad Nacional del Este, Andrea Natalia R\u00edos Ram\u00edrez, fue invitada a desarrollar la charla \u201cEl Poder del Emprendimiento: Claves para tu Desarrollo Profesional y el Bienestar Social\u201d <span class=\"html-span xexx8yu xyri2b x18d9i69 x1c1uobl x1hl2dhg x16tdsg8 x1vvkbs x3nfvp2 x1j61x8r x1fcty0u xdj266r xat24cr xm2jcoa x1mpyi22 xxymvpz xlup9mm x1kky2od\"><img decoding=\"async\" class=\"xz74otr x15mokao x1ga7v0g x16uus16 xbiv7yw\" src=\"https:\/\/static.xx.fbcdn.net\/images\/emoji.php\/v9\/t3c\/1\/16\/1f4a1.png\" alt=\"\ud83d\udca1\" width=\"16\" height=\"16\" \/><\/span><span class=\"html-span xexx8yu xyri2b x18d9i69 x1c1uobl x1hl2dhg x16tdsg8 x1vvkbs x3nfvp2 x1j61x8r x1fcty0u xdj266r xat24cr xm2jcoa x1mpyi22 xxymvpz xlup9mm x1kky2od\"><img decoding=\"async\" class=\"xz74otr x15mokao x1ga7v0g x16uus16 xbiv7yw\" src=\"https:\/\/static.xx.fbcdn.net\/images\/emoji.php\/v9\/td\/1\/16\/1f4bc.png\" alt=\"\ud83d\udcbc\" width=\"16\" height=\"16\" \/><\/span>, dirigida a m\u00e1s de 300 estudiantes del segundo ciclo del Bachillerato T\u00e9cnico <span class=\"html-span xexx8yu xyri2b x18d9i69 x1c1uobl x1hl2dhg x16tdsg8 x1vvkbs x3nfvp2 x1j61x8r x1fcty0u xdj266r xat24cr xm2jcoa x1mpyi22 xxymvpz xlup9mm x1kky2od\"><img decoding=\"async\" class=\"xz74otr x15mokao x1ga7v0g x16uus16 xbiv7yw\" src=\"https:\/\/static.xx.fbcdn.net\/images\/emoji.php\/v9\/t25\/1\/16\/1f393.png\" alt=\"\ud83c\udf93\" width=\"16\" height=\"16\" \/><\/span> del Centro Regional de Educaci\u00f3n Dr. Jos\u00e9 Gaspar Rodr\u00edguez de Francia de Ciudad del Este <span class=\"html-span xexx8yu xyri2b x18d9i69 x1c1uobl x1hl2dhg x16tdsg8 x1vvkbs x3nfvp2 x1j61x8r x1fcty0u xdj266r xat24cr xm2jcoa x1mpyi22 xxymvpz xlup9mm x1kky2od\"><img loading=\"lazy\" decoding=\"async\" class=\"xz74otr x15mokao x1ga7v0g x16uus16 xbiv7yw\" src=\"https:\/\/static.xx.fbcdn.net\/images\/emoji.php\/v9\/t2d\/1\/16\/1f4cd.png\" alt=\"\ud83d\udccd\" width=\"16\" height=\"16\" \/><\/span>, en el marco del Proyecto Educativo \u00cdNTEGRA <span class=\"html-span xexx8yu xyri2b x18d9i69 x1c1uobl x1hl2dhg x16tdsg8 x1vvkbs x3nfvp2 x1j61x8r x1fcty0u xdj266r xat24cr xm2jcoa x1mpyi22 xxymvpz xlup9mm x1kky2od\"><img loading=\"lazy\" decoding=\"async\" class=\"xz74otr x15mokao x1ga7v0g x16uus16 xbiv7yw\" src=\"https:\/\/static.xx.fbcdn.net\/images\/emoji.php\/v9\/t64\/1\/16\/1f91d.png\" alt=\"\ud83e\udd1d\" width=\"16\" height=\"16\" \/><\/span><span class=\"html-span xexx8yu xyri2b x18d9i69 x1c1uobl x1hl2dhg x16tdsg8 x1vvkbs x3nfvp2 x1j61x8r x1fcty0u xdj266r xat24cr xm2jcoa x1mpyi22 xxymvpz xlup9mm x1kky2od\"><img loading=\"lazy\" decoding=\"async\" class=\"xz74otr x15mokao x1ga7v0g x16uus16 xbiv7yw\" src=\"https:\/\/static.xx.fbcdn.net\/images\/emoji.php\/v9\/ta0\/1\/16\/1f4d8.png\" alt=\"\ud83d\udcd8\" width=\"16\" height=\"16\" \/><\/span>.<\/p>\n<hr \/>\n<p><a href=\"https:\/\/www.fceune.edu.py\/v2\/index.php\/2025\/08\/06\/investigadora-de-la-fce-presente-en-la-feria-de-emprendimientos-del-crece\/\"><strong>Investigadora de la FCE presente en la feria de Emprendimientos del CRECE<\/strong><\/a><\/p>\n<p>La Prof. Andrea Natalia R\u00edos Ram\u00edrez, docente e investigadora de la Facultad de Ciencias Econ\u00f3micas de la UNE, particip\u00f3 en la feria de clausura del proyecto \u201cAprendiendo a Emprender \u2013 4ta edici\u00f3n\u201d, donde estudiantes del Bachillerato T\u00e9cnico en Administraci\u00f3n de Negocios presentaron sus microemprendimientos escolares, en un evento realizado el martes 5 de agosto de 2025.<\/p>\n<hr \/>\n<p><a href=\"https:\/\/www.fceune.edu.py\/v2\/index.php\/2025\/08\/19\/alumnas-y-docente-de-la-fce-fortalecen-su-formacion-en-la-facea-uni\/\"><strong>Alumnas y docente de la FCE fortalecen su formaci\u00f3n en la FACEA-UNI<\/strong><\/a><\/p>\n<p>En el marco del convenio de cooperaci\u00f3n entre la Facultad de Ciencias Econ\u00f3micas de la UNE y la Facultad de Ciencias Econ\u00f3micas y Administrativas de la UNI (FACEA-UNI), tres estudiantes y una docente investigadora\/tutora fueron seleccionadas para formar parte de un programa de movilidad acad\u00e9mica nacional.<\/p>\n<hr \/>\n<p><a href=\"https:\/\/www.fceune.edu.py\/v2\/index.php\/2025\/08\/21\/docente-investigador-tutor-de-la-fce-colabora-en-investigacion-sobre-gobernanza-climatica\/\"><strong>Docente investigador\/tutor de la FCE colabora en investigaci\u00f3n sobre gobernanza clim\u00e1tica<\/strong><\/a><\/p>\n<p>Este lunes 18 de agosto de 2025, directivos del INE participaron de una reuni\u00f3n virtual con docentes t\u00e9cnicos de la Universidad Nacional del Este (UNE), entre ellos el docente investigador\/tutor de la FCE, Diego C\u00e9sar Ort\u00edz Arza, y la Universidad Nacional de Asunci\u00f3n (UNA).<\/p>\n<hr \/>\n<p><a href=\"https:\/\/www.fceune.edu.py\/v2\/index.php\/2025\/08\/25\/facea-uni-reconoce-a-participantes-del-programa-de-movilidad-academica-nacional-de-la-fce-une\/\"><strong>FACEA-UNI reconoce a participantes del programa de movilidad acad\u00e9mica nacional de la FCE.UNE<\/strong><\/a><\/p>\n<p>Del 18 al 23 de agosto de 2025, la Facultad de Ciencias Econ\u00f3micas y Administrativas de la Universidad Nacional de Itap\u00faa (FACEA-UNI) recibi\u00f3 a estudiantes y a una docente de la Facultad de Ciencias Econ\u00f3micas de la Universidad Nacional del Este (FCE.UNE), como parte del programa de movilidad acad\u00e9mica nacional.<\/p>\n<hr \/>\n<p><a href=\"https:\/\/www.fceune.edu.py\/v2\/index.php\/2025\/07\/16\/facultad-de-ciencias-economicas-se-destaca-en-la-xiii-jornada-de-jovenes-investigadores-de-la-une\/\"><strong>Facultad de Ciencias Econ\u00f3micas se destaca en la XIII Jornada de J\u00f3venes Investigadores de la UNE<\/strong><\/a><\/p>\n<p>El pasado jueves 10 de julio de 2025, la Facultad de Ciencias Econ\u00f3micas (FCE) tuvo una destacada participaci\u00f3n en la XIII Jornada de J\u00f3venes Investigadores de la Universidad Nacional del Este (UNE), desarrollada en la Facultad de Derecho y Ciencias Sociales (FADE-UNE).<\/p>\n<hr \/>\n<p><a href=\"https:\/\/www.fceune.edu.py\/v2\/index.php\/2025\/06\/11\/direccion-de-investigacion-participa-en-el-iv-foro-cientifico-de-la-une\/\"><strong>Direcci\u00f3n de Investigaci\u00f3n participa en el IV Foro Cient\u00edfico de la UNE<\/strong><\/a><\/p>\n<p>El viernes 30 de mayo, se llev\u00f3 a cabo en la Facultad de Derecho y Ciencias Sociales la IV edici\u00f3n del Foro Cient\u00edfico de la Universidad Nacional del Este (UNE), bajo el lema \u201cInteligencia Artificial: aspectos \u00e9ticos y su impacto en la generaci\u00f3n de conocimientos\u201d, en el que particip\u00f3 la Enc. de Despacho de la Direcci\u00f3<\/p>\n<hr \/>\n<p><a href=\"https:\/\/www.fceune.edu.py\/v2\/index.php\/2025\/06\/04\/capacitacion-en-investigacion-cientifica-en-entornos-digitales-claude-scispace-zotero-orcid-y-cvpy\/\"><strong>Entornos Digitales: Claude, SciSpace, Zotero, ORCID y CVpy\u201d<\/strong><\/a><\/p>\n<p>La formaci\u00f3n en \u201cInvestigaci\u00f3n Cient\u00edfica en Entornos Digitales: Claude, SciSpace, Zotero, ORCID y CVpy\u201d tiene por objetivo capacitar a los docentes investigadores, tutores, docentes de TFG y docentes de metodolog\u00eda de la Facultad de Ciencias Econ\u00f3micas de la UNE, en el uso de las herramientas digitales para la investigaci\u00f3n, incluyendo inteligencia artificial generativa, gesti\u00f3n bibliogr\u00e1fica, normalizaci\u00f3n de la identidad investigativa y la actualizaci\u00f3n del CVpy en Conacyt.<\/p>\n<hr \/>\n<p><a href=\"https:\/\/www.fceune.edu.py\/v2\/index.php\/2025\/05\/16\/docente-investigadora-tutora-de-la-fce-participo-en-taller-de-divulgacion-cientifica\/\"><strong>Docente investigadora \/ tutora de la FCE particip\u00f3 en Taller de Divulgaci\u00f3n Cient\u00edfica<\/strong><\/a><\/p>\n<p>La docente investigadora \/ tutora de la Facultad de Ciencias Econ\u00f3micas de la UNE, M\u00e1xima Mariela Ojeda Enciso, particip\u00f3 en el Taller de Divulgaci\u00f3n Cient\u00edfica, organizado por el Viceministerio de Educaci\u00f3n y Ciencias con el apoyo del Consejo Nacional de Ciencia y Tecnolog\u00eda (CONACYT).<\/p>\n<hr \/>\n<p><a href=\"https:\/\/www.fceune.edu.py\/v2\/index.php\/2025\/04\/09\/docentes-de-la-fce-participan-del-plan-de-capacitacion-y-perfeccionamiento-periodo-lectivo-2025\/\"><strong>Docentes de la FCE participan del Plan de Capacitaci\u00f3n y Perfeccionamiento \u2013 periodo lectivo 2025<\/strong><\/a><\/p>\n<p>La capacitaci\u00f3n docente se realiza en el marco del Plan de Capacitaci\u00f3n y Perfeccionamiento \u2013 periodo lectivo 2025, e inici\u00f3 el viernes 4 de abril del a\u00f1o en curso, de manera presencial en el sal\u00f3n auditorio de la Facultad de Ciencias Econ\u00f3micas de la UNE<\/p>\n<hr \/>\n<p><a href=\"https:\/\/www.fceune.edu.py\/v2\/index.php\/2025\/02\/26\/realizaron-segundo-taller-sobre-capacitacion-para-presentacion-de-proyectos-conacyt\/\"><strong>Realizaron segundo taller sobre capacitaci\u00f3n para presentaci\u00f3n de proyectos Conacyt<\/strong><\/a><\/p>\n<p>Con la participaci\u00f3n de los docentes investigadores\/tutores y extensionistas de la Facultad de Ciencias Econ\u00f3micas de la UNE, se desarroll\u00f3 el 18 de febrero de 2025, la segunda jornada del taller de capacitaci\u00f3n para la presentaci\u00f3n de proyectos ante el Consejo Nacional de Ciencia y Tecnolog\u00eda (CONACYT).<\/p>\n<hr \/>\n<p><a href=\"https:\/\/www.fceune.edu.py\/v2\/index.php\/2025\/02\/07\/decano-de-la-fce-participo-de-la-primera-sesion-del-concitune-2025\/\"><strong>Decano de la FCE particip\u00f3 de la primera sesi\u00f3n del CONCITUNE \u2013 2025<\/strong><\/a><\/p>\n<p>El decano de la Facultad de Ciencias Econ\u00f3micas de la UNE, Prof. Dr. N\u00e9stor Dar\u00edo Almada Aguiar, particip\u00f3 este mi\u00e9rcoles 5 de febrero\/2025, de la primera sesi\u00f3n del Consejo de Ciencias, Tecnolog\u00eda e Innovaci\u00f3n (CONCITUNE) en este periodo 2025.<\/p>\n<p>[\/vc_column_text][\/vc_tab][vc_tab title=&#8221;2024&#8243; tab_id=&#8221;1718676150684-7-6&#8243;][vc_column_text]<\/p>\n<div class=\"x11i5rnm xat24cr x1mh8g0r x1vvkbs xtlvy1s x126k92a\">\n<div dir=\"auto\">\n<div dir=\"auto\"><a href=\"https:\/\/www.fceune.edu.py\/v2\/index.php\/2024\/11\/11\/reconocimiento-a-la-excelencia-academica-en-las-3-jornadas-de-jovenes-investigadores-jji\/\"><strong>FCE se alza con premio en la XXXI JJI de la AUGM<\/strong><\/a><\/div>\n<div dir=\"auto\">\u00a0<\/div>\n<div dir=\"auto\">Nos enorgullece anunciar que uno de los cuatro trabajos premiados a nivel UNE corresponde a Luana Ben\u00edtez Coronel, estudiante de Econom\u00eda de la Facultad de Ciencias Econ\u00f3micas\u00a0<span class=\"html-span xexx8yu x4uap5 x18d9i69 xkhd6sd x1hl2dhg x16tdsg8 x1vvkbs x3nfvp2 x1j61x8r x1fcty0u xdj266r xat24cr xgzva0m xhhsvwb xxymvpz xlup9mm x1kky2od\"><img loading=\"lazy\" decoding=\"async\" class=\"xz74otr\" src=\"https:\/\/static.xx.fbcdn.net\/images\/emoji.php\/v9\/t25\/1\/16\/1f393.png\" alt=\"\ud83c\udf93\" width=\"16\" height=\"16\" \/><\/span><span class=\"html-span xexx8yu x4uap5 x18d9i69 xkhd6sd x1hl2dhg x16tdsg8 x1vvkbs x3nfvp2 x1j61x8r x1fcty0u xdj266r xat24cr xgzva0m xhhsvwb xxymvpz xlup9mm x1kky2od\"><img loading=\"lazy\" decoding=\"async\" class=\"xz74otr\" src=\"https:\/\/static.xx.fbcdn.net\/images\/emoji.php\/v9\/taa\/1\/16\/1f4ca.png\" alt=\"\ud83d\udcca\" width=\"16\" height=\"16\" \/><\/span>. Su investigaci\u00f3n, titulada \u00abIncidencia de la inflaci\u00f3n sobre el gasto de consumo final de los hogares del Paraguay: un enfoque econom\u00e9trico para el periodo del 2013-2022\u00bb\u00a0<span class=\"html-span xexx8yu x4uap5 x18d9i69 xkhd6sd x1hl2dhg x16tdsg8 x1vvkbs x3nfvp2 x1j61x8r x1fcty0u xdj266r xat24cr xgzva0m xhhsvwb xxymvpz xlup9mm x1kky2od\"><img loading=\"lazy\" decoding=\"async\" class=\"xz74otr\" src=\"https:\/\/static.xx.fbcdn.net\/images\/emoji.php\/v9\/tf6\/1\/16\/1f3e0.png\" alt=\"\ud83c\udfe0\" width=\"16\" height=\"16\" \/><\/span><span class=\"html-span xexx8yu x4uap5 x18d9i69 xkhd6sd x1hl2dhg x16tdsg8 x1vvkbs x3nfvp2 x1j61x8r x1fcty0u xdj266r xat24cr xgzva0m xhhsvwb xxymvpz xlup9mm x1kky2od\"><img loading=\"lazy\" decoding=\"async\" class=\"xz74otr\" src=\"https:\/\/static.xx.fbcdn.net\/images\/emoji.php\/v9\/t62\/1\/16\/1f4b8.png\" alt=\"\ud83d\udcb8\" width=\"16\" height=\"16\" \/><\/span>, fue galardonada por su rigor y relevancia en el an\u00e1lisis de un tema crucial para la econom\u00eda paraguaya.<\/div>\n<hr \/>\n<p><a href=\"https:\/\/www.facebook.com\/photo\/?fbid=1070542301525020&amp;set=pcb.1070542411525009\"><strong>Presentaci\u00f3n de dos investigaciones de la FCE-UNE en las 3\u00b0 Jornadas de J\u00f3venes Investigadores (JJI)<\/strong><\/a><\/p>\n<p>Hoy, la Facultad de Ciencias Econ\u00f3micas de la UNE particip\u00f3 en el eje tem\u00e1tico Desarrollo Regional con la presentaci\u00f3n de dos investigaciones sobre la incidencia de la inflaci\u00f3n en el gasto de consumo final de los hogares en Paraguay<\/p>\n<hr \/>\n<p><a href=\"https:\/\/www.facebook.com\/photo\/?fbid=1069761101603140&amp;set=pcb.1069763161602934\"><em><strong> La delegaci\u00f3n de la Facultad de Ciencias Econ\u00f3micas de la UNE ya se encuentra en la Universidad de la Rep\u00fablica para participar en las 31\u00b0 JJI<\/strong><\/em><\/a><\/p>\n<p>Bajo la consigna: &#8220;Educaci\u00f3n Superior, Bienestar Colectivo y Convivencia Democr\u00e1tica&#8221;, se realiza la XXXI Jornadas de J\u00f3venes Investigadores (JJI) de la Asociaci\u00f3n de Universidades del Grupo Montevideo.<\/p>\n<p>&nbsp;<\/p>\n<hr \/>\n<p><a href=\"https:\/\/www.fceune.edu.py\/v2\/index.php\/2024\/10\/16\/culmino-curso-sobre-inteligencia-artificial-dirigido-a-docentes\/\"><strong>Culmin\u00f3 curso sobre inteligencia artificial dirigido a docentes<\/strong><\/a><\/p>\n<p>El taller denominado \u201cFundamentos de inteligencia artificial para docentes de Ciencias Econ\u00f3micas\u201d, culmin\u00f3 satisfactoriamente el s\u00e1bado 12 de octubre de 2024. El mismo se realiz\u00f3 en la modalidad sincr\u00f3nica y asincr\u00f3nica mediante la PVA de la Facultad de Ciencias Econ\u00f3micas de la UNE.<\/p>\n<hr \/>\n<p><a href=\"https:\/\/www.even3.com.br\/anais\/14-bienal-do-coloquio-transformacoes-territoriais-365117\/\"><strong>Docente de la FCE form\u00f3 parte del Comit\u00e9 Cient\u00edfico de la 14\u00aa Bienal del Coloquio de Transformaciones Territoriales<\/strong><\/a><\/p>\n<p>La docente investigadora de la Facultad de Ciencias Econ\u00f3micas de la UNE, Econ. Andrea Natalia R\u00edos Ram\u00edrez, integr\u00f3 el Comit\u00e9 Cient\u00edfico conformado para el 14\u00aa Bienal del Coloquio de Transformaciones Territoriales realizado en la Universidad Estadual de Campinas (Unicamp), en Campinas-SP, Brasil, y cuyos resultados se encuentran disponibles en el siguiente enlace: <a href=\"https:\/\/www.even3.com.br\/anais\/14-bienal-do-coloquio-transformacoes-territoriais-365117\/\">https:\/\/www.even3.com.br\/anais\/14-bienal-do-coloquio-transformacoes-territoriais-365117\/<\/a><\/p>\n<hr \/>\n<p><strong><span class=\"html-span xexx8yu x4uap5 x18d9i69 xkhd6sd x1hl2dhg x16tdsg8 x1vvkbs x3nfvp2 x1j61x8r x1fcty0u xdj266r xat24cr xgzva0m xhhsvwb xxymvpz xlup9mm x1kky2od\"><img loading=\"lazy\" decoding=\"async\" class=\"xz74otr\" src=\"https:\/\/static.xx.fbcdn.net\/images\/emoji.php\/v9\/t42\/1\/16\/1f50e.png\" alt=\"\ud83d\udd0e\" width=\"16\" height=\"16\" \/><\/span><a href=\"https:\/\/www.facebook.com\/100000955453706\/posts\/26328715450076945\/?mibextid=rS40aB7S9Ucbxw6v\">Investigaci\u00f3n: J\u00f3venes Investigadoras de la Facultad de Ciencias Econ\u00f3micas de la UNE<\/a><\/strong><\/p>\n<p>Alumnas investigadoras de la FCE.UNE, participaron del programa <span class=\"html-span xdj266r x11i5rnm xat24cr x1mh8g0r xexx8yu x4uap5 x18d9i69 xkhd6sd x1hl2dhg x16tdsg8 x1vvkbs\"><a class=\"x1i10hfl xjbqb8w x1ejq31n xd10rxx x1sy0etr x17r0tee x972fbf xcfux6l x1qhh985 xm0m39n x9f619 x1ypdohk xt0psk2 xe8uvvx xdj266r x11i5rnm xat24cr x1mh8g0r xexx8yu x4uap5 x18d9i69 xkhd6sd x16tdsg8 x1hl2dhg xggy1nq x1a2a7pz x1sur9pj xkrqix3 x1fey0fg xo1l8bm\" tabindex=\"0\" role=\"link\" href=\"https:\/\/www.facebook.com\/hashtag\/30minutosconciencia?__eep__=6&amp;__cft__[0]=AZVVXZCy_hHuwHgRUaK_elaiBlqtbHCSM7Sx-5Kmyaeyz-CjSKCAJO0Gq7p2czCO6BQXFcD-jSCx2QSoech2-g4HZvVPKyeqwJfnqxXUgu-c4KfB7MGw94VhXPM-hJH6rBDgJv6v9mCSycM5RQu5g2PKojYAEwxnIqVf1hAszWAJnglKAviN5WaoL7iahYKGRxYDlO8ejt2dZSAAz028Mt5k&amp;__tn__=*NK-y-R\">#30minutosConCiencia<\/a><\/span><span class=\"html-span xexx8yu x4uap5 x18d9i69 xkhd6sd x1hl2dhg x16tdsg8 x1vvkbs x3nfvp2 x1j61x8r x1fcty0u xdj266r xat24cr xgzva0m xhhsvwb xxymvpz xlup9mm x1kky2od\"><img loading=\"lazy\" decoding=\"async\" class=\"xz74otr\" src=\"https:\/\/static.xx.fbcdn.net\/images\/emoji.php\/v9\/tff\/1\/16\/1f3a5.png\" alt=\"\ud83c\udfa5\" width=\"16\" height=\"16\" \/><\/span><span class=\"html-span xexx8yu x4uap5 x18d9i69 xkhd6sd x1hl2dhg x16tdsg8 x1vvkbs x3nfvp2 x1j61x8r x1fcty0u xdj266r xat24cr xgzva0m xhhsvwb xxymvpz xlup9mm x1kky2od\"><img loading=\"lazy\" decoding=\"async\" class=\"xz74otr\" src=\"https:\/\/static.xx.fbcdn.net\/images\/emoji.php\/v9\/t6e\/1\/16\/1f534.png\" alt=\"\ud83d\udd34\" width=\"16\" height=\"16\" \/><\/span><span class=\"html-span xexx8yu x4uap5 x18d9i69 xkhd6sd x1hl2dhg x16tdsg8 x1vvkbs x3nfvp2 x1j61x8r x1fcty0u xdj266r xat24cr xgzva0m xhhsvwb xxymvpz xlup9mm x1kky2od\"><img loading=\"lazy\" decoding=\"async\" class=\"xz74otr\" src=\"https:\/\/static.xx.fbcdn.net\/images\/emoji.php\/v9\/t7b\/1\/16\/1f7e1.png\" alt=\"\ud83d\udfe1\" width=\"16\" height=\"16\" \/><\/span><span class=\"html-span xexx8yu x4uap5 x18d9i69 xkhd6sd x1hl2dhg x16tdsg8 x1vvkbs x3nfvp2 x1j61x8r x1fcty0u xdj266r xat24cr xgzva0m xhhsvwb xxymvpz xlup9mm x1kky2od\"><img loading=\"lazy\" decoding=\"async\" class=\"xz74otr\" src=\"https:\/\/static.xx.fbcdn.net\/images\/emoji.php\/v9\/te\/1\/16\/26ab.png\" alt=\"\u26ab\ufe0f\" width=\"16\" height=\"16\" \/><\/span>Programa N\u00b0 44, de Comunicatube de la FAFI-UNE.<\/p>\n<hr \/>\n<p><a href=\"https:\/\/www.fceune.edu.py\/v2\/index.php\/2024\/08\/21\/docente-investigadora-de-la-fce-participo-en-la-xiv-bienal-del-coloquio-de-transformaciones-territoriales\/\"><strong>Docente Investigadora de la FCE particip\u00f3 en la XIV Bienal del Coloquio de Transformaciones Territoriales<\/strong><\/a><\/p>\n<p>La Econ. Andrea Natalia R\u00edos Ram\u00edrez, docente investigadora de la Direcci\u00f3n de Investigaci\u00f3n de la Facultad de Ciencias Econ\u00f3micas de la UNE, particip\u00f3 en el XIV Bienal del Coloquio de Transformaciones Territoriales realizado del 24 al 26 de julio del presente a\u00f1o, en la Universidad Estadual de Campinas (Unicamp), en Campinas-SP, Brasil.<\/p>\n<hr \/>\n<p><strong><a href=\"https:\/\/drive.google.com\/file\/d\/1aI_oUBoFRQkw09w-XB_3KO15UBB6ZDEF\/view?usp=sharing\">El CONCITUNE aprob\u00f3 la lista de trabajos de UNE que ser\u00e1n presentados en la XXXI JJI de la AUGM<\/a><\/strong><\/p>\n<p>El Consejo de Ciencia, Tecnolog\u00eda e Innovaci\u00f3n (CONCITUNE), mediante la Resoluci\u00f3n N\u00b0005\/2024, aprob\u00f3 la n\u00f3mina de los trabajos de investigaci\u00f3n de la Universidad Nacional del Este a ser presentado en la XXXI Jornada de J\u00f3venes Investigadores de la Asociaci\u00f3n de Universidades del Grupo Montevideo (JJI-AUGM), a llevarse a cabo los d\u00edas 6, 7 y 8 de noviembre en la modalidad presencial en la Universidad Nacional de la Rep\u00fablica UDELAR, Montevideo, Uruguay, bajo la consigna \u201cEducaci\u00f3n Superior, Bienestar Colectivo y Convivencia Democr\u00e1tica\u201d.<\/p>\n<hr \/>\n<p><a href=\"https:\/\/comunicatube.com\/2024\/08\/01\/impulsan-investigacion-en-la-facultad-de-ciencias-economicas-de-la-une\/\"><strong>Impulsan investigaci\u00f3n en la Facultad de Ciencias Econ\u00f3micas de la UNE<\/strong><\/a><\/p>\n<p>En la Facultad de Ciencias Econ\u00f3micas de la Universidad Nacional del Este (UNE) se fomenta la cultura de investigaci\u00f3n con la colaboraci\u00f3n de estudiantes y docentes. La Magister Karen Natali Backes, encargada de despacho de la direcci\u00f3n de investigaci\u00f3n de la mencionada unidad acad\u00e9mica, asever\u00f3 que se implementaron nuevas estrategias para promover la investigaci\u00f3n en grado y posgrado. Dijo en el programa \u201c30 Minutos con Ciencia\u201d que se emite a trav\u00e9s de radio FAFI-UNE.<\/p>\n<hr \/>\n<p><a href=\"https:\/\/www.facebook.com\/periodismoFafi\/videos\/1040536190834217\"><strong><span class=\"html-span xdj266r x11i5rnm xat24cr x1mh8g0r xexx8yu x4uap5 x18d9i69 xkhd6sd x1hl2dhg x16tdsg8 x1vvkbs\">#30minutosConCiencia<\/span><span class=\"html-span xexx8yu x4uap5 x18d9i69 xkhd6sd x1hl2dhg x16tdsg8 x1vvkbs x3nfvp2 x1j61x8r x1fcty0u xdj266r xat24cr xgzva0m xhhsvwb xxymvpz xlup9mm x1kky2od\"><img loading=\"lazy\" decoding=\"async\" class=\"xz74otr\" src=\"https:\/\/static.xx.fbcdn.net\/images\/emoji.php\/v9\/tff\/1\/16\/1f3a5.png\" alt=\"\ud83c\udfa5\" width=\"16\" height=\"16\" \/><\/span><span class=\"html-span xexx8yu x4uap5 x18d9i69 xkhd6sd x1hl2dhg x16tdsg8 x1vvkbs x3nfvp2 x1j61x8r x1fcty0u xdj266r xat24cr xgzva0m xhhsvwb xxymvpz xlup9mm x1kky2od\"><img loading=\"lazy\" decoding=\"async\" class=\"xz74otr\" src=\"https:\/\/static.xx.fbcdn.net\/images\/emoji.php\/v9\/t6e\/1\/16\/1f534.png\" alt=\"\ud83d\udd34\" width=\"16\" height=\"16\" \/><\/span><span class=\"html-span xexx8yu x4uap5 x18d9i69 xkhd6sd x1hl2dhg x16tdsg8 x1vvkbs x3nfvp2 x1j61x8r x1fcty0u xdj266r xat24cr xgzva0m xhhsvwb xxymvpz xlup9mm x1kky2od\"><img loading=\"lazy\" decoding=\"async\" class=\"xz74otr\" src=\"https:\/\/static.xx.fbcdn.net\/images\/emoji.php\/v9\/t7b\/1\/16\/1f7e1.png\" alt=\"\ud83d\udfe1\" width=\"16\" height=\"16\" \/><\/span><span class=\"html-span xexx8yu x4uap5 x18d9i69 xkhd6sd x1hl2dhg x16tdsg8 x1vvkbs x3nfvp2 x1j61x8r x1fcty0u xdj266r xat24cr xgzva0m xhhsvwb xxymvpz xlup9mm x1kky2od\"><img loading=\"lazy\" decoding=\"async\" class=\"xz74otr\" src=\"https:\/\/static.xx.fbcdn.net\/images\/emoji.php\/v9\/te\/1\/16\/26ab.png\" alt=\"\u26ab\ufe0f\" width=\"16\" height=\"16\" \/><\/span>Programa N\u00b0\u00a030<\/strong><\/a><\/p>\n<div dir=\"auto\"><span class=\"html-span xexx8yu x4uap5 x18d9i69 xkhd6sd x1hl2dhg x16tdsg8 x1vvkbs x3nfvp2 x1j61x8r x1fcty0u xdj266r xat24cr xgzva0m xhhsvwb xxymvpz xlup9mm x1kky2od\"><img loading=\"lazy\" decoding=\"async\" class=\"xz74otr\" src=\"https:\/\/static.xx.fbcdn.net\/images\/emoji.php\/v9\/ta\/1\/16\/1f464.png\" alt=\"\ud83d\udc64\" width=\"16\" height=\"16\" \/><\/span>Invitada:\u00a0<span class=\"html-span xdj266r x11i5rnm xat24cr x1mh8g0r xexx8yu x4uap5 x18d9i69 xkhd6sd x1hl2dhg x16tdsg8 x1vvkbs\"><a class=\"x1i10hfl xjbqb8w x1ejq31n xd10rxx x1sy0etr x17r0tee x972fbf xcfux6l x1qhh985 xm0m39n x9f619 x1ypdohk xt0psk2 xe8uvvx xdj266r x11i5rnm xat24cr x1mh8g0r xexx8yu x4uap5 x18d9i69 xkhd6sd x16tdsg8 x1hl2dhg xggy1nq x1a2a7pz x1sur9pj xkrqix3 x1fey0fg\" tabindex=\"0\" role=\"link\" href=\"http:\/\/m.sc\/?fbclid=IwZXh0bgNhZW0CMTAAAR03uoY9_LtdBBCWqzJN5QzpUR2Eki7WCVRb3k5sVFMx6misaebivJyy-sw_aem_aADFQ0YHWlDCNPSseW3vcQ\" target=\"_blank\" rel=\"nofollow noopener noreferrer\">M.Sc.<\/a><\/span>\u00a0Karen Natali Backes, encargada de Despacho de la Direcci\u00f3n de Investigaci\u00f3n de la Facultad de Ciencias Econ\u00f3micas UNE.<\/div>\n<div dir=\"auto\">Tema: Investigaci\u00f3n.<\/div>\n<div dir=\"auto\"><span class=\"html-span xexx8yu x4uap5 x18d9i69 xkhd6sd x1hl2dhg x16tdsg8 x1vvkbs x3nfvp2 x1j61x8r x1fcty0u xdj266r xat24cr xgzva0m xhhsvwb xxymvpz xlup9mm x1kky2od\"><img loading=\"lazy\" decoding=\"async\" class=\"xz74otr\" src=\"https:\/\/static.xx.fbcdn.net\/images\/emoji.php\/v9\/t7e\/1\/16\/1f3a4.png\" alt=\"\ud83c\udfa4\" width=\"16\" height=\"16\" \/><\/span>Conducci\u00f3n: \u00c1ngel Pereira<\/div>\n<div dir=\"auto\"><span class=\"html-span xexx8yu x4uap5 x18d9i69 xkhd6sd x1hl2dhg x16tdsg8 x1vvkbs x3nfvp2 x1j61x8r x1fcty0u xdj266r xat24cr xgzva0m xhhsvwb xxymvpz xlup9mm x1kky2od\"><img loading=\"lazy\" decoding=\"async\" class=\"xz74otr\" src=\"https:\/\/static.xx.fbcdn.net\/images\/emoji.php\/v9\/t2d\/1\/16\/1f3ac.png\" alt=\"\ud83c\udfac\" width=\"16\" height=\"16\" \/><\/span>Producci\u00f3n: Estudiantes del 3\u00b0 y 4to. curso de la carrera de Ciencias de la Comunicaci\u00f3n.<\/div>\n<hr \/>\n<p><a href=\"https:\/\/www.fceune.edu.py\/v2\/index.php\/2024\/07\/01\/fce-presento-14-trabajos-de-investigacion-en-xii-jji-de-la-une\/\"><strong>FCE present\u00f3 14 trabajos de investigaci\u00f3n en XII JJI de la UNE<\/strong><\/a><\/p>\n<p>La Facultad de Ciencias Econ\u00f3micas tuvo una excelente participaci\u00f3n en la XII Jornadas de J\u00f3venes Investigadores de la UNE, mediante la presentaci\u00f3n de 14 trabajos de investigaci\u00f3n, mediante el apoyo de la Direcci\u00f3n de Investigaci\u00f3n.<\/p>\n<hr \/>\n<p><strong><a href=\"https:\/\/www.facebook.com\/watch\/?mibextid=rS40aB7S9Ucbxw6v&amp;v=1225351472178\">#FCE.UNE presente en la JJI &#8211; UNE, realizado el jueves 27 de junio\/2024, en la Facultad Polit\u00e9cnica<\/a><\/strong><\/p>\n<p>La Enc. de Despacho de la Direcci\u00f3n de Investigaci\u00f3n, Prof. Mag. Karen Natali Backes Dos Santos, refiri\u00f3 que los trabajos fueron desarrollados por alumnos de las carreras de grado de Contabilidad, Administraci\u00f3n y Econom\u00eda. As\u00ed tambi\u00e9n, a\u00f1adi\u00f3 que para ello se tuvo un trabajo colaborativo entre docentes investigadores\/tutores y profesores investigadores.<\/p>\n<hr \/>\n<\/div>\n<div dir=\"auto\"><a href=\"https:\/\/www.fceune.edu.py\/v2\/index.php\/2024\/05\/09\/empiezan-inscripciones-para-las-jji-une-xii-edicion\/\"><strong>Empiezan inscripciones para las JJI &#8211; UNE XII Edici\u00f3n<\/strong><\/a><\/div>\n<div dir=\"auto\">\u00a0<\/div>\n<div dir=\"auto\">La Direcci\u00f3n General de Investigaci\u00f3n de la Universidad Nacional del Este (DGIN-UNE) informa que se encuentran abiertas las inscripciones para las Jornadas de J\u00f3venes Investigadores de la UNE, XII edici\u00f3n.<\/div>\n<\/div>\n<hr \/>\n<p><a href=\"https:\/\/www.fceune.edu.py\/v2\/index.php\/2024\/04\/04\/fce-participa-activamente-en-el-comite-de-desarrollo-regional-de-la-augm\/\"><strong>FCE participa activamente en el Comit\u00e9 de Desarrollo Regional de la AUGM<\/strong><\/a><\/p>\n<p>La Direcci\u00f3n de Investigaci\u00f3n de la Facultad de Ciencias Econ\u00f3micas de la UNE, tiene una activa participaci\u00f3n en las reuniones del Comit\u00e9 de Desarrollo Regional de la AUGM, que se encuentra ultimando detalles para la XIV Bienal del Coloquio de Transformaciones Territoriales.<\/p>\n<p>[\/vc_column_text][\/vc_tab][vc_tab title=&#8221;2023&#8243; tab_id=&#8221;1690412589289-6-6&#8243;][vc_column_text]<\/p>\n<p><a href=\"https:\/\/www.fceune.edu.py\/v2\/index.php\/2023\/11\/21\/representantes-de-la-fce-participo-del-lanzamiento-del-libro-coordinando-esfuerzos-para-el-desarrollo-territorial\/\"><strong>Representantes de la FCE participaron del lanzamiento del libro &#8220;Coordinando esfuerzos para el desarrollo territorial&#8221;<\/strong><\/a><\/p>\n<p>El lanzamiento del libro titulado &#8220;Coordinando esfuerzos para el desarrollo territorial&#8221;, cont\u00f3 con la participaci\u00f3n de los representantes de la Facultad de Ciencias Econ\u00f3micas de la UNE, el Prof. Dr. N\u00e9stor Dar\u00edo Almada Aguiar; los docentes Investigadores Andrea Natalia R\u00edos Ram\u00edrez y Diego L\u00f3pez Samudio; la Investigadora\/Tutora, Cynthia Gabriela Vel\u00e1zquez y la Univ. Lorena Arce Sant\u00edn.<\/p>\n<hr \/>\n<p><a href=\"https:\/\/www.fceune.edu.py\/v2\/index.php\/2023\/11\/17\/concitune-culmina-actividades-del-periodo-2023\/\"><strong>Concitune culmina actividades del periodo 2023<\/strong><\/a><\/p>\n<p>El Consejo de Ciencia, Tecnolog\u00eda e Innovaci\u00f3n de la Universidad Nacional del Este (CONCITUNE) concluy\u00f3 sus actividades del 2023, con la presidencia de la Facultad de Ciencias Econ\u00f3micas de la UNE, liderada por el Decano Dr. Carlos Wilfrido Escurra.<\/p>\n<hr \/>\n<p><a href=\"https:\/\/www.fceune.edu.py\/v2\/index.php\/2023\/11\/09\/representantes-de-la-fce-ya-se-encuentran-en-el-viii-encuentro-de-investigadores\/\"><strong>Representantes de la FCE ya se encuentran en el VIII Encuentro de Investigadores<\/strong><\/a><\/p>\n<p>Representantes de la FCE.UNE, ya se encuentran en la ciudad de Asunci\u00f3n en el VIII Encuentro de Investigadores consolidando la ciencia en Paraguay, listas para la presentaci\u00f3n del trabajo de investigaci\u00f3n \u201cLa inflaci\u00f3n y su incidencia en el gasto de consumo final de los hogares en el Paraguay &#8211; Periodo 2013-2022\u201d.<\/p>\n<hr \/>\n<p><a href=\"https:\/\/www.fceune.edu.py\/v2\/index.php\/2023\/11\/07\/representantes-de-la-fce-en-el-viii-encuentro-de-investigadores-de-la-sociedad-cientifica-del-paraguay\/\"><strong>Representantes de la FCE en el VIII Encuentro de Investigadores de la Sociedad Cient\u00edfica del Paraguay<\/strong><\/a><\/p>\n<p>La sociedad cient\u00edfica del Paraguay organiza el VIII Encuentro de Investigadores de la Sociedad Cient\u00edfica del Paraguay, en el cual las alumnas de la FCE.UNE:<\/p>\n<hr \/>\n<p><a href=\"https:\/\/www.fceune.edu.py\/v2\/index.php\/2023\/11\/03\/docente-investigadora-tutora-de-la-fce-publico-articulo-de-investigacion-en-la-revista-temas-matizes\/\"><strong>Docente Investigadora\/Tutora de la FCE public\u00f3 art\u00edculo de investigaci\u00f3n en la Revista Temas &amp; Matizes<\/strong><\/a><\/p>\n<p>La docente Investigadora\/Tutora de la Facultad de Ciencias Econ\u00f3micas de la UNE, Prof. Cynthia Gabriela Vel\u00e1zquez, present\u00f3 el art\u00edculo de pesquisa denominado &#8220;Compilaci\u00f3n de Habilidades Blandas en Empresas&#8221;, en la Revista Temas &amp; Matizes de Brasil.<\/p>\n<hr \/>\n<p><a href=\"https:\/\/www.fceune.edu.py\/v2\/index.php\/2023\/10\/18\/fce-se-alza-con-premio-en-las-xxx-jji-de-la-augm-que-se-desarrollo-en-la-universidad-nacional-de-asuncion\/\"><strong>FCE se alza con premio en las XXX JJI de la AUGM, que se desarroll\u00f3 en la Universidad Nacional de Asunci\u00f3n<\/strong><\/a><\/p>\n<p>La Lic. Albina Antonia Medina Gonz\u00e1lez, obtuvo el premio mediante su trabajo de investigaci\u00f3n denominado: &#8220;Desarrollo Sostenible y Rentabilidad a base del Reciclaje de Residuos Textiles &#8211; Proyecto Social Alto Paran\u00e1&#8221;.<\/p>\n<hr \/>\n<p><a href=\"https:\/\/www.fceune.edu.py\/v2\/index.php\/2023\/10\/13\/presentacion-de-trabajos-de-investigacion\/\"><strong>Presentaci\u00f3n de trabajos de investigaci\u00f3n<\/strong><\/a><\/p>\n<p>El pasado viernes 6 de octubre de 2023, los alumnos del 4\u00b0 curso de la carrera de Econom\u00eda de la Facultad de Ciencias Econ\u00f3micas de la Universidad Nacional del Este, realizaron la defensa de los trabajos de investigaci\u00f3n desarrollados en la asignatura Demograf\u00eda que se encuentra a cargo del Prof. Wilson Herrera y Econometr\u00eda, que est\u00e1 a cargo de la Prof. Cynthia Paredes de Vallejos.<\/p>\n<hr \/>\n<p><a href=\"https:\/\/www.fceune.edu.py\/v2\/index.php\/2023\/08\/30\/docente-e-investigadora-tutora-de-la-fce-participo-en-el-vi-congreso-en-ciencia-cultura-y-sociedad-de-la-uca\/\"><strong>Docente e Investigadora\/Tutora de la FCE particip\u00f3 en el VI Congreso en Ciencia, Cultura y Sociedad de la UCA<\/strong><\/a><\/p>\n<p>Delia Ysabel Moreyra, docente de la Facultad de Ciencias Econ\u00f3micas de la UNE e Investigadora\/Tutora de la Direcci\u00f3n de Investigaci\u00f3n de esta instituci\u00f3n, represent\u00f3 a la unidad acad\u00e9mica en el VI Congreso en Ciencia, Cultura y Sociedad realizado por la Universidad Cat\u00f3lica Nuestra Se\u00f1ora de la Asunci\u00f3n \u2013 Campus Itap\u00faa.<\/p>\n<hr \/>\n<p><a href=\"https:\/\/www.fceune.edu.py\/v2\/index.php\/2023\/08\/23\/direccion-de-investigacion-participo-en-reunion-del-comite-academico-desarrollo-regional-de-la-augm\/\"><strong>Direcci\u00f3n de Investigaci\u00f3n particip\u00f3 en reuni\u00f3n del Comit\u00e9 Acad\u00e9mico Desarrollo Regional de la AUGM<\/strong><\/a><\/p>\n<p>La reuni\u00f3n en modalidad virtual del Comit\u00e9 Acad\u00e9mico Desarrollo Regional de la AUGM, se desarroll\u00f3 el viernes 18 de agosto del corriente, en la que particip\u00f3 la docente Investigadora de la Facultad de Ciencias Econ\u00f3micas de la UNE, Econ. Andrea Natalia R\u00edos.<\/p>\n<hr \/>\n<p><a href=\"https:\/\/www.fceune.edu.py\/v2\/index.php\/2023\/07\/11\/la-fce-presento-8-trabajos-de-investigacion-en-la-xi-jji-de-la-une\/\"><strong>FCE present\u00f3 8 trabajos de investigaci\u00f3n en la XI JJI &#8211; UNE<\/strong><\/a><\/p>\n<p>La Facultad de Ciencias Econ\u00f3micas de la Universidad Nacional del Este (FCE.UNE), present\u00f3 un total de ocho trabajos de investigaci\u00f3n en la \u201cXI Jornada de J\u00f3venes Investigadores \u2013 JJI de la UNE\u201d, realizado el mi\u00e9rcoles 5 de julio de 2023.<\/p>\n<hr \/>\n<p><a href=\"https:\/\/www.fceune.edu.py\/v2\/index.php\/2023\/07\/07\/fce-fue-sede-de-la-xi-jji-une\/\"><strong>FCE fue sede de la XI JJI-UNE<\/strong><\/a><\/p>\n<p>Se realiz\u00f3 la \u00abXI Edici\u00f3n de la Jornada de J\u00f3venes Investigadores de la Universidad Nacional del Este (JJI-UNE)\u00bb con la presentaci\u00f3n oral de los trabajos de investigaci\u00f3n desarrollados en todas las unidades acad\u00e9micas. Las actividades se llevaron a cabo el mi\u00e9rcoles 05 de julio de 2023, en la sede Central de la Facultad de Ciencias Econ\u00f3micas.<\/p>\n<hr \/>\n<p><a href=\"https:\/\/www.fceune.edu.py\/v2\/index.php\/2023\/06\/21\/fce-invita-a-docentes-investigadores-a-participar-de-curso-de-capacitacion\/\"><strong>FCE invita a docentes investigadores a participar de curso de capacitaci\u00f3n<\/strong><\/a><\/p>\n<p>La Facultad de Ciencias Econ\u00f3micas de la Universidad Nacional del Este (FCE.UNE) convoca a los docentes investigadores (Tutores y Docentes de TFG) a realizar la Capacitaci\u00f3n de Formaci\u00f3n Continua en Estad\u00edstica Aplicada a la investigaci\u00f3n con herramientas TIC.<\/p>\n<hr \/>\n<p><a href=\"https:\/\/www.fceune.edu.py\/v2\/index.php\/2023\/05\/19\/fce-fue-sede-del-lanzamiento-de-la-undecima-edicion-de-jji-une\/\"><strong>FCE fue sede del lanzamiento de la Und\u00e9cima edici\u00f3n de la JJI-UNE<\/strong><\/a><\/p>\n<p>El lanzamiento de la \u201cXI Jornada de J\u00f3venes Investigadores de la Universidad Nacional del Este (JJI-UNE)\u201d, se realiz\u00f3 el mi\u00e9rcoles 17 de mayo en el Sal\u00f3n Auditorio de la Facultad de Ciencias Econ\u00f3micas de la UNE.<\/p>\n<hr \/>\n<p><a href=\"https:\/\/www.fceune.edu.py\/v2\/index.php\/2023\/04\/21\/ii-foro-cientifico-de-la-une-fue-realizada-en-la-fce\/\"><strong>II Foro Cient\u00edfico de la UNE fue realizada en la FCE<\/strong><\/a><\/p>\n<p>Con la participaci\u00f3n de directivos e investigadores de la Universidad Nacional del Este, se realiz\u00f3 el \ud835\udddc\ud835\udddc \ud835\uddd9\ud835\uddfc\ud835\uddff\ud835\uddfc \ud835\uddd6\ud835\uddf6\ud835\uddf2\ud835\uddfb\ud835\ude01\u00ed\ud835\uddf3\ud835\uddf6\ud835\uddf0\ud835\uddfc \ud835\uddf1\ud835\uddf2 \ud835\uddf9\ud835\uddee \ud835\udde8\ud835\udde1\ud835\uddd8 bajo el lema \u201c\ud835\udddf\ud835\uddee \ud835\uddd6\ud835\udddc\ud835\uddd8\ud835\udde1\ud835\uddd6\ud835\udddc\ud835\uddd4 \ud835\ude06 \ud835\uddf9\ud835\uddfc\ud835\ude00 \ud835\udde2\ud835\uddd7\ud835\udde6 \ud835\uddf2\ud835\uddfb \ud835\uddf9\ud835\uddee \ud835\uddee\ud835\uddf0\ud835\uddee\ud835\uddf1\ud835\uddf2\ud835\uddfa\ud835\uddf6\ud835\uddee\u201d. El evento se desarroll\u00f3 el mi\u00e9rcoles 19 de abril de 2023, en el sal\u00f3n auditorio de la Facultad de Ciencias Econ\u00f3micas.<\/p>\n<hr \/>\n<div dir=\"auto\"><a href=\"https:\/\/www.fceune.edu.py\/v2\/index.php\/2023\/03\/03\/primera-sesion-ordinaria-del-concitune\/\"><strong>Primera sesi\u00f3n ordinaria del Concitune<\/strong><\/a><\/div>\n<div dir=\"auto\">\u00a0<\/div>\n<div dir=\"auto\">Primera Sesi\u00f3n Ordinaria del Consejo de Ciencia, Tecnolog\u00eda e Innovaci\u00f3n de la Universidad Nacional del Este.<\/div>\n<div dir=\"auto\">Asumi\u00f3 el Dr. Juan Bernardo Morales Aranda como nuevo Presidente del CONCITUNE y el Dr. An\u00edbal Amado Nunes como Coordinador del Comit\u00e9 Cient\u00edfico; ambos de la Facultad de Ciencias Econ\u00f3micas.<\/div>\n<p>[\/vc_column_text][\/vc_tab][vc_tab title=&#8221;2022&#8243; tab_id=&#8221;1656693966025-5-10&#8243;][vc_column_text]<\/p>\n<p style=\"text-align: left;\"><a href=\"https:\/\/www.fceune.edu.py\/v2\/index.php\/2022\/12\/13\/mujeres-acceden-a-menos-servicios-financieros-que-los-hombres\/\"><strong>Mujeres acceden a menos servicios financieros que los hombres<\/strong><\/a><\/p>\n<p>Alejandra Gonz\u00e1lez Brizuela, F\u00e1tima Fern\u00e1ndez Cantero y Maria Liz Stein D\u00e1valos son estudiantes de la Facultad de Ciencias Econ\u00f3micas de la Universidad Nacional del Este (UNE) hicieron un trabajo de investigaci\u00f3n sobre el nivel de avance de la igualdad de g\u00e9nero en Paraguay.<\/p>\n<hr \/>\n<p><a href=\"https:\/\/www.fceune.edu.py\/v2\/index.php\/2022\/12\/12\/investigadoras-de-la-une-realizan-investigacion-sobre-situacion-de-la-igualdad-de-genero-en-paraguay\/\"><strong>Investigadoras de la UNE realizan investigaci\u00f3n sobre situaci\u00f3n de la igualdad de g\u00e9nero en Paraguay<\/strong><\/a><\/p>\n<p>Alejandra Gonz\u00e1lez Brizuela, F\u00e1tima Fern\u00e1ndez Cantero y Maria Liz Stein D\u00e1valos son estudiantes de la Facultad de Ciencias Econ\u00f3micas de la Universidad Nacional del Este(UNE) hicieron un trabajo de investigaci\u00f3n sobre el nivel de avance de la igualdad de g\u00e9nero en Paraguay.<\/p>\n<hr \/>\n<p><a href=\"https:\/\/www.fceune.edu.py\/v2\/index.php\/2022\/12\/08\/otorgaron-reconocimiento-a-representantes-de-la-fce-en-la-jji-de-la-agum\/\"><strong>Otorgaron reconocimiento a representantes de la FCE en la JJI de la AGUM<\/strong><\/a><\/p>\n<p>El rector de la Universidad Nacional del Este (UNE), Prof. Dr. Osvaldo Caballero Acosta, presidi\u00f3 la ceremonia de entrega de reconocimiento a estudiantes y docentes de la Facultad de Ciencias Econ\u00f3micas y de las dem\u00e1s unidades acad\u00e9micas, que tuvieron participaci\u00f3n en las Jornadas de J\u00f3venes Investigadores de la Asociaci\u00f3n de Universidades del Grupo Montevideo (AUGM), edici\u00f3n 2022.<\/p>\n<hr \/>\n<p><a href=\"https:\/\/www.fceune.edu.py\/v2\/index.php\/2022\/11\/16\/inauguracion-del-centro-de-apoyo-al-emprendedor-cae-cde-en-la-fce-une\/\"><strong>Inauguraci\u00f3n del Centro de Apoyo al Emprendedor CAE-CDE en la FCE.UNE<\/strong><\/a><\/p>\n<p>El Centro de Apoyo al Emprendedor de Ciudad del Este (CAE-CDE) fue inaugurado oficialmente este mi\u00e9rcoles 16 de noviembre de 2022, y estar\u00e1 funcionando en el predio de la Facultad de Ciencias Econ\u00f3micas de la Universidad Nacional del Este (FCE.UNE).<\/p>\n<hr \/>\n<p><a href=\"https:\/\/www.fceune.edu.py\/v2\/index.php\/2022\/10\/26\/alumnos-de-economia-realizaron-defensa-de-trabajos-de-investigacion\/\"><strong>Alumnos de Econom\u00eda realizaron defensa de trabajos de investigaci\u00f3n<\/strong><\/a><\/p>\n<p>El pasado viernes 14 de octubre de 2022, los alumnos del 4\u00b0 curso de la carrera de Econom\u00eda de la Facultad de Ciencias Econ\u00f3micas de la Universidad Nacional del Este, realizaron la defensa de los trabajos de investigaci\u00f3n desarrollados en la asignatura Demograf\u00eda que se encuentra a cargo del Prof. Wilson Herrera.<\/p>\n<hr \/>\n<p><a href=\"https:\/\/www.fceune.edu.py\/v2\/index.php\/2022\/10\/25\/realizaron-jornadas-informativas-relacionadas-al-cae-y-conacyt\/\"><strong>Realizaron jornadas informativas relacionadas al CAE y Conacyt<\/strong><\/a><\/p>\n<p>La primera jornada de la charla informativa fue realizada el mi\u00e9rcoles 19 de octubre de 2022, sobre Formalizaci\u00f3n y Beneficios de la C\u00e9dula Mipymes, en el marco de la instalaci\u00f3n del programa del Centro de Apoyo al Emprendedor (CAE) en la Facultad de Ciencias Econ\u00f3micas de la UNE, dirigida a microempresarios, Consultores Empresariales Junior, estudiantes, docentes y referentes de gremios.<\/p>\n<hr \/>\n<p><a href=\"https:\/\/www.fceune.edu.py\/v2\/index.php\/2022\/09\/14\/egresado-de-la-fce-se-presento-en-las-xxix-jji-de-la-augm\/\"><strong>Egresado de la FCE se present\u00f3 en las XXIX JJI de la AUGM<\/strong><\/a><\/p>\n<div dir=\"auto\">Mat\u00edas Garc\u00eda, egresado de la Facultad de Ciencias Econ\u00f3micas de la Universidad Nacional del Este, present\u00f3 su trabajo de investigaci\u00f3n &#8220;Impacto en el comercio de Ciudad del Este debido a la cota establecida por Brasil&#8221; en las XXIX Jornadas de J\u00f3venes Investigadores de la Asociaci\u00f3n de Universidades del Grupo Montevideo (JJI-AUGM), en la Universidad Mayor San Francisco Xavier de Chuquisaca, Bolivia. El evento se realiz\u00f3 el 7, 8 y 9 de septiembre de 2022.<\/div>\n<div dir=\"auto\">\n<div class=\"fb-video\" data-allowfullscreen=\"true\" data-href=\"https:\/\/www.facebook.com\/une.edu.py\/videos\/607720761069379\" style=\"background-color: #fff; display: inline-block;\"><\/div>\n<\/div>\n<hr \/>\n<p><a href=\"https:\/\/www.fceune.edu.py\/v2\/index.php\/2022\/09\/12\/fce-presento-siete-trabajos-de-investigacion-en-las-xxix-jji-de-la-augm\/\"><strong>FCE present\u00f3 siete trabajos de investigaci\u00f3n en las XXIX JJI de la AUGM<\/strong><\/a><\/p>\n<p>Las XXIX Jornada de J\u00f3venes Investigadores (JJI) de la AUGM, se realizaron del 7 al 9 de septiembre de 2022, en la Universidad de San Francisco Xavier de Chuquisaca, Bolivia. En la ocasi\u00f3n, la Facultad de Ciencias Econ\u00f3micas de la UNE, present\u00f3 un total de siete trabajos de investigaci\u00f3n.<\/p>\n<hr \/>\n<p><a href=\"https:\/\/www.fceune.edu.py\/v2\/index.php\/2022\/08\/26\/realizaron-charla-en-el-marco-del-centro-de-apoyo-al-emprendedor-cae\/\"><strong>Realizaron charla en el marco del Centro de Apoyo al Emprendedor (CAE)<\/strong><\/a><\/p>\n<p>El director de Fuentes de Financiamiento de la Direcci\u00f3n Nacional de Emprendedurismo (DINAEM-MIC), Edgar Alcides Ortellado, realiz\u00f3 una charla este jueves 25 de agosto de 2022, en la Facultad de Ciencias Econ\u00f3micas de la UNE, sobre las habilidades de los emprendedores exitosos y las oportunidades para emprendedores.<\/p>\n<hr \/>\n<p><a href=\"https:\/\/www.fceune.edu.py\/v2\/index.php\/2022\/08\/11\/desarrollaron-charla-informativa-sobre-el-cae\/\"><strong><span style=\"color: #000000;\">Desarrollaron charla informativa sobre el CAE<\/span><\/strong><\/a><\/p>\n<p><span style=\"color: #000000;\">Este martes 9 de agosto de 2022, se realiz\u00f3 la primera jornada informativa sobre el Centro de Apoyo al Emprendedor (CAE) en la Facultad de Ciencias Econ\u00f3micas de la UNE.<\/span><\/p>\n<hr \/>\n<p><a href=\"https:\/\/www.fceune.edu.py\/v2\/index.php\/2022\/08\/10\/reunion-informativa-sobre-el-premio-capital-incentivo-al-emprendedurismo-une\/\"><strong><span style=\"color: #000000;\">Reuni\u00f3n informativa sobre el premio Capital Incentivo al Emprendedurismo UNE<\/span><\/strong><\/a><\/p>\n<p><span style=\"color: #000000;\">En una charla realizada en el Sal\u00f3n Auditorio de la Facultad de Ciencias Econ\u00f3micas de la UNE, el martes 9 de agosto de 2022, se brind\u00f3 detalles sobre el concurso Premio Capital Incentivo al Emprendedurismo UNE, edici\u00f3n 2022, \u201cProf. Gustavo Ayala\u201d.<\/span><\/p>\n<hr \/>\n<p><a href=\"https:\/\/www.fceune.edu.py\/v2\/index.php\/2022\/08\/05\/realizaron-presentacion-y-charla-sobre-el-centro-de-apoyo-al-emprendedor-en-la-fce\/\"><strong><span style=\"color: #000000;\">Realizaron presentaci\u00f3n y charla sobre el Centro de Apoyo al Emprendedor en la FCE<\/span><\/strong><\/a><\/p>\n<p><span style=\"color: #000000;\">En la noche del mi\u00e9rcoles 3 de agosto de 2022, se realiz\u00f3 la presentaci\u00f3n de la habilitaci\u00f3n y charla sobre el Centro de Apoyo al Emprendedor (CAE) que se instala en la Facultad de Ciencias Econ\u00f3micas (FCE) de la UNE con apoyo del MIC.<\/span><\/p>\n<hr \/>\n<p><a href=\"https:\/\/www.fceune.edu.py\/v2\/index.php\/2022\/08\/02\/fce-se-enfoca-en-un-nuevo-horizonte-con-la-habilitacion-del-centro-de-apoyo-al-emprendedor\/\"><span style=\"color: #000000;\"><strong>FCE se enfoca en un nuevo horizonte con la habilitaci\u00f3n del Centro de Apoyo al Emprendedor<\/strong><\/span><\/a><\/p>\n<p><span style=\"color: #000000;\">La Facultad de Ciencias Econ\u00f3micas de la Universidad Nacional del Este, inicia una nueva era con la habilitaci\u00f3n del primer Centro de Apoyo al Emprendedor (CAE) en la zona. La misma estar\u00e1 en funcionamiento en el predio de la instituci\u00f3n.<\/span><\/p>\n<hr \/>\n<p><strong><a href=\"https:\/\/www.fceune.edu.py\/v2\/index.php\/2022\/07\/27\/fce-presento-trabajos-de-investigacion\/\"><span style=\"color: #000000;\">FCE present\u00f3 trabajos de investigaci\u00f3n en el \ud835\udfed\ud835\uddf2\ud835\uddff. \ud835\uddea\ud835\uddfc\ud835\uddff\ud835\uddf8\ud835\ude00\ud835\uddf5\ud835\uddfc\ud835\uddfd \ud835\uddf0\ud835\uddf6\ud835\uddf2\ud835\uddfb\ud835\ude01\u00ed\ud835\uddf3\ud835\uddf6\ud835\uddf0\ud835\uddfc \ud835\uddf1\ud835\uddf2 \ud835\uddf9\ud835\uddee \ud835\udde8\ud835\udde1\ud835\uddd8<\/span><\/a><\/strong><\/p>\n<p><span style=\"color: #000000;\">En total, la Facultad de Ciencias Econ\u00f3micas present\u00f3 cinco trabajos de investigaci\u00f3n en el \ud835\udfed\ud835\uddf2\ud835\uddff. \ud835\uddea\ud835\uddfc\ud835\uddff\ud835\uddf8\ud835\ude00\ud835\uddf5\ud835\uddfc\ud835\uddfd \ud835\uddf0\ud835\uddf6\ud835\uddf2\ud835\uddfb\ud835\ude01\u00ed\ud835\uddf3\ud835\uddf6\ud835\uddf0\ud835\uddfc \ud835\uddf1\ud835\uddf2 \ud835\uddf9\ud835\uddee Universidad Nacional del Este, realizado este mi\u00e9rcoles 27 de julio en la Facultad de Ingenier\u00eda Agron\u00f3mica (FIA).<\/span><\/p>\n<hr \/>\n<p><span style=\"color: #000000;\">La \ud835\uddd7\ud835\uddf6\ud835\uddff\ud835\uddf2\ud835\uddf0\ud835\uddf0\ud835\uddf6\u00f3\ud835\uddfb \ud835\uddda\ud835\uddf2\ud835\uddfb\ud835\uddf2\ud835\uddff\ud835\uddee\ud835\uddf9 \ud835\uddf1\ud835\uddf2 \ud835\udddc\ud835\uddfb\ud835\ude03\ud835\uddf2\ud835\ude00\ud835\ude01\ud835\uddf6\ud835\uddf4\ud835\uddee\ud835\uddf0\ud835\uddf6\u00f3\ud835\uddfb \ud835\uddf1\ud835\uddf2 \ud835\uddf9\ud835\uddee \ud835\udde8\ud835\uddfb\ud835\uddf6\ud835\ude03\ud835\uddf2\ud835\uddff\ud835\ude00\ud835\uddf6\ud835\uddf1\ud835\uddee\ud835\uddf1 \ud835\udde1\ud835\uddee\ud835\uddf0\ud835\uddf6\ud835\uddfc\ud835\uddfb\ud835\uddee\ud835\uddf9 \ud835\uddf1\ud835\uddf2\ud835\uddf9 \ud835\uddd8\ud835\ude00\ud835\ude01\ud835\uddf2 a trav\u00e9s de la \ud835\uddd6\ud835\uddfc\ud835\uddfc\ud835\uddff\ud835\uddf1\ud835\uddf6\ud835\uddfb\ud835\uddee\ud835\uddf0\ud835\uddf6\u00f3\ud835\uddfb \ud835\uddf1\ud835\uddf2 \ud835\uddda\ud835\uddf2\ud835\ude00\ud835\ude01\ud835\uddf6\u00f3\ud835\uddfb \ud835\uddd8\ud835\uddf1\ud835\uddf6\ud835\ude01\ud835\uddfc\ud835\uddff\ud835\uddf6\ud835\uddee\ud835\uddf9 convoca a investigadores\/acad\u00e9micos a publicar obras in\u00e9ditas y originales en la modalidad de art\u00edculo cient\u00edfico, proyectos de investigaci\u00f3n, ponencias y comunicaciones; bajo pol\u00edticas de acceso abierto y revisi\u00f3n por pares doble ciego.<\/span><\/p>\n<hr \/>\n<p><strong><a href=\"https:\/\/wp.me\/p9WOX6-3I8\"><span style=\"color: #000000;\">FCE present\u00f3 ocho trabajos de investigaci\u00f3n en la X Jornada de J\u00f3venes Investigadores de la UNE<\/span><\/a><\/strong><\/p>\n<p><span style=\"color: #000000;\">La X Jornada de J\u00f3venes Investigadores de la Universidad Nacional del Este (JJI-UNE), se realiz\u00f3 el mi\u00e9rcoles 29 de junio en la Facultad de Ingenier\u00eda Agron\u00f3mica de la UNE y en la ocasi\u00f3n, la Facultad de Ciencias Econ\u00f3micas present\u00f3 un total de 8 trabajos de investigaci\u00f3n que abordan diversas \u00e1reas.<\/span><\/p>\n<hr \/>\n<p><strong><a href=\"https:\/\/wp.me\/p9WOX6-3Hl\"><span style=\"color: #000000;\">Crean la C\u00e1tedra Araucaria para el Desarrollo Sostenible del Eje Capricornio<\/span><\/a><\/strong><\/p>\n<p><span style=\"color: #000000;\">Representantes de la Universidad Nacional del Este (UNE) participaron en la ceremonia de firma del documento de creaci\u00f3n de la \ud835\uddd6\u00e1\ud835\ude01\ud835\uddf2\ud835\uddf1\ud835\uddff\ud835\uddee \ud835\uddd4\ud835\uddff\ud835\uddee\ud835\ude02\ud835\uddf0a\ud835\uddff\ud835\uddf6\ud835\uddee \ud835\uddfd\ud835\uddee\ud835\uddff\ud835\uddee \ud835\uddf2\ud835\uddf9 \ud835\uddd7\ud835\uddf2\ud835\ude00\ud835\uddee\ud835\uddff\ud835\uddff\ud835\uddfc\ud835\uddf9\ud835\uddf9\ud835\uddfc \ud835\udde6\ud835\uddfc\ud835\ude00\ud835\ude01\ud835\uddf2\ud835\uddfb\ud835\uddf6\ud835\uddef\ud835\uddf9\ud835\uddf2 \ud835\uddf1\ud835\uddf2\ud835\uddf9 \ud835\uddd8\ud835\uddf7\ud835\uddf2 \ud835\uddd6\ud835\uddee\ud835\uddfd\ud835\uddff\ud835\uddf6\ud835\uddf0\ud835\uddfc\ud835\uddff\ud835\uddfb\ud835\uddf6\ud835\uddfc (Am\u00e9rica del Sur, \u00c1frica, Australia y Polinesia Francesa). El evento se realiz\u00f3 en el Parque Nacional do Iguaz\u00fa, Brasil. En la misma, estuvo presente la encargada de Despacho de la Direcci\u00f3n de Investigaci\u00f3n de la Facultad de Ciencias Econ\u00f3micas, Prof. Econ. Natalia R\u00edos Ram\u00edrez.<\/span><\/p>\n<hr \/>\n<p><a href=\"https:\/\/wp.me\/p9WOX6-3GV\">CONCITUNE realiz\u00f3 primer Foro Cient\u00edfico de la UNE<\/a><\/p>\n<p><span style=\"color: #000000;\">El Consejo de Ciencia, Tecnolog\u00eda e Innovaci\u00f3n de la Universidad Nacional del Este (CONCITUNE) realiz\u00f3 el mi\u00e9rcoles 8 de junio, el \u201cPrimer Foro Cient\u00edfico de la Universidad Nacional del Este (UNE)\u201d. En representaci\u00f3n de la Facultad de Ciencias Econ\u00f3micas, estuvieron presentes la encargada del Despacho de Investigaci\u00f3n, Prof. Econ. Andrea Natalia R\u00edos y la Prof. Investigadora\/Tutora, Laura Aquino.<\/span><\/p>\n<hr \/>\n<p><a href=\"https:\/\/wp.me\/p9WOX6-3GI\">CONVOCATORIA ABIERTA PARA PRESENTACI\u00d3N DE TRABAJOS DE INVESTIGACI\u00d3N<\/a><\/p>\n<p><span style=\"color: #000000;\">Si ten\u00e9s un trabajo de investigaci\u00f3n y quer\u00e9s postularte a las XXIX Jornada de J\u00f3venes Investigadores (JJI) de la Asociaci\u00f3n de Universidades del Grupo Montevideo (AUGM) a realizarse en la Universidad Mayor, Real y Pontificia de San Francisco Xavier de Chuquisaca en Bolivia, postulate al siguiente link: https:<\/span><a href=\"\/\/forms.gle\/GJcBdqjdJuN2sp246\">\/\/forms.gle\/GJcBdqjdJuN2sp246<\/a><\/p>\n<hr \/>\n<p><strong><a href=\"https:\/\/wp.me\/p9WOX6-3Eu\"><span style=\"color: #000000;\">Direcci\u00f3n de Investigaci\u00f3n se reuni\u00f3 con docentes de los 5\u00b0 y 6\u00b0 cursos de la carrera de Contabilidad<\/span><\/a><\/strong><\/p>\n<p><span style=\"color: #000000;\">Las direcciones de la carrera de Contabilidad y de Investigaci\u00f3n mantuvieron este martes 10 de mayo de 2022, una reuni\u00f3n con todos los docentes y tutores del Trabajo Final de Grado (TFG) de los 5\u00b0 y 6\u00b0 cursos de la carrera de Contabilidad en el sal\u00f3n auditorio de la Facultad de Ciencias Econ\u00f3micas de la UNE.<\/span><\/p>\n<hr \/>\n<p><strong><a href=\"https:\/\/wp.me\/p9WOX6-3Eo\"><span style=\"color: #000000;\">Direcci\u00f3n de Investigaci\u00f3n se reuni\u00f3 con docentes de los \u00faltimos cursos de la carrera de Econom\u00eda<\/span><\/a><\/strong><\/p>\n<p><span style=\"color: #000000;\">La Direcci\u00f3n de Investigaci\u00f3n mantuvo una reuni\u00f3n telem\u00e1tica este lunes 9 de mayo de 2022, con los profesores de los 5\u00b0 y 6\u00b0 cursos de la carrera de Econom\u00eda de la Facultad de Ciencias Econ\u00f3micas, sede central y filial Santa Rita.<\/span><\/p>\n<hr \/>\n<p><strong><a href=\"https:\/\/wp.me\/p9WOX6-3Dh\"><span style=\"color: #000000;\">Rector de la UNE se reuni\u00f3 con directores de investigaci\u00f3n<\/span><\/a><\/strong><\/p>\n<p><span style=\"color: #000000;\">En la ma\u00f1ana de este mi\u00e9rcoles 27 de abril de 2022, en el Paraninfo de la Universidad Nacional del Este, el rector Prof. Dr. Osvaldo de la Cruz Caballero Acosta se reuni\u00f3 con el director general de Investigaci\u00f3n, Dr. Carlos Montiel Careaga y directores de Investigaci\u00f3n de las facultades y escuelas dependientes de Rectorado.<\/span><\/p>\n<hr \/>\n<p><strong><a href=\"https:\/\/wp.me\/p9WOX6-3CH\"><span style=\"color: #000000;\">M\u00e1s alumnos se suman al proyecto de investigaci\u00f3n del IPC-CDE<\/span><\/a><\/strong><\/p>\n<p><span style=\"color: #000000;\">El decano de la Facultad de Ciencias Econ\u00f3micas, Prof. Dr. Carlos Wilfrido Escurra Ben\u00edtez, procedi\u00f3 a la entrega de remeras identificatorias a los alumnos que se suman al proyecto de levantamiento de datos del IPC \u2013 CDE (\u00cdndice de Precios al Consumidor en Ciudad del Este).<\/span><\/p>\n<hr \/>\n<p><strong><a href=\"https:\/\/wp.me\/p9WOX6-3Bp\"><span style=\"color: #000000;\">Docente Investigadora de la FCE particip\u00f3 en conversatorio con representantes del FMI y BCP<\/span><\/a><\/strong><\/p>\n<p><span style=\"color: #000000;\">La Prof. Investigadora de la Facultad de Ciencias Econ\u00f3micas, Andrea Natalia R\u00edos, particip\u00f3 en un conversatorio donde estuvo presente el jefe de Misi\u00f3n del Fondo Monetario Internacional (FMI), Mauricio Villafuerte. En el encuentro tambi\u00e9n estuvo presente el presidente del Banco Central del Paraguay (BCP), Jos\u00e9 Cantero Sienra; la directora Adjunta de VMREDIEX, Gilda Arrellaga y sus respectivos equipos de trabajo; como as\u00ed tambi\u00e9n, representantes de varios gremios, c\u00e1maras y asociaciones de la zona.<\/span><\/p>\n<hr \/>\n<p><strong><a href=\"https:\/\/wp.me\/p9WOX6-3AH\"><span style=\"color: #000000;\">Reuni\u00f3n del Comit\u00e9 Acad\u00e9mico Desarrollo Regional de la AUGM<\/span><\/a><\/strong><\/p>\n<p><span style=\"color: #000000;\">Este viernes 18 de marzo de 2022, se desarroll\u00f3 la reuni\u00f3n del Comit\u00e9 Acad\u00e9mico Desarrollo Regional de la AUGM en la cual estuvieron participando el director de Investigaci\u00f3n de la Facultad de Ciencias Econ\u00f3micas de la UNE, Prof. Dr. An\u00edbal Amado Nunes y la Prof. Investigadora, Andrea Natalia R\u00edos.<\/span><\/p>\n<hr \/>\n<p><strong><a href=\"https:\/\/wp.me\/p9WOX6-3zC\"><span style=\"color: #000000;\">Abren convocatoria para publicar en la Revista Cient\u00edfica UNE<\/span><\/a><\/strong><\/p>\n<p><span style=\"color: #000000;\">El \u00c1rea de Gesti\u00f3n Editorial de la Direcci\u00f3n General de Investigaci\u00f3n de la Universidad Nacional del Este informa a la comunidad acad\u00e9mica y cient\u00edfica que se encuentra abierta la convocatoria para la recepci\u00f3n y evaluaci\u00f3n de art\u00edculos cient\u00edficos para publicar en la Revista Cient\u00edfica UNE.<\/span><\/p>\n<p>[\/vc_column_text][\/vc_tab][vc_tab title=&#8221;2021&#8243; tab_id=&#8221;c043ca21-7316-7&#8243;][vc_column_text] <a href=\"https:\/\/wp.me\/p9WOX6-3tX\"><strong><span style=\"color: #000000;\">FCE presentar\u00e1 7 trabajos de investigaci\u00f3n en Jornada de J\u00f3venes Investigadores<\/span><\/strong><\/a> <span style=\"color: #000000;\">La edici\u00f3n XXVIII de la Jornada de J\u00f3venes Investigadores (JJI) de la AUGM, ser\u00e1 realizada en la Universidad de Santiago de Chile \u2013 USACH. En la ocasi\u00f3n, la Facultad de Ciencias Econ\u00f3micas de la UNE, presentar\u00e1 siete trabajos de investigaci\u00f3n que tienen como eje tem\u00e1tico Desarrollo regional, Historia, regiones y fronteras, Inclusi\u00f3n, G\u00e9nero y Medio ambiente y contaminaci\u00f3n ambiental.<\/span><\/p>\n<hr \/>\n<p><a href=\"https:\/\/wp.me\/p9WOX6-3tw\"><strong><span style=\"color: #000000;\">Trabajo de docente investigadora de la FCE es divulgada en medio de comunicaci\u00f3n nacional<\/span><\/strong><\/a> <span style=\"color: #000000;\">Seg\u00fan una investigaci\u00f3n de la mano de la Universidad Nacional del Este, la precarizaci\u00f3n laboral ha presentado un crecimiento significativo en los \u00faltimos a\u00f1os, exteriorizando como contrapartida la disminuci\u00f3n en el valor monetario del salario, y, en consecuencia, al deterioro en la calidad de vida de la clase trabajadora.<\/span><\/p>\n<hr \/>\n<p><a href=\"https:\/\/wp.me\/p9WOX6-3t4\"><strong><span style=\"color: #000000;\">Entregaron materiales de apoyo a alumnos que se suman al proyecto IPC \u2013 CDE<\/span><\/strong><\/a> <span style=\"color: #000000;\">Directivos de la Facultad de Ciencias Econ\u00f3micas (FCE), entregaron este martes 19 de octubre los materiales de apoyo, como: remeras y credenciales a los alumnos que se suman al proyecto de levantamiento de datos del IPC \u2013 CDE (\u00cdndice de Precios al Consumidor en Ciudad del Este).<\/span><\/p>\n<hr \/>\n<p><a href=\"https:\/\/wp.me\/p9WOX6-3sZ\"><strong><span style=\"color: #000000;\">Investigaci\u00f3n realizada en FCE fue presentada en congreso internacional sobre \u201cEconom\u00eda regional en tiempo de crisis\u201d<\/span><\/strong><\/a> <span style=\"color: #000000;\">El jueves 14 y viernes 15 de octubre de 2021, se celebr\u00f3 el \u201cCongreso de econom\u00eda regional en tiempo de crisis\u201d, en la Universidad de Le\u00f3n de Espa\u00f1a, modalidad online, en la que la Facultad de Ciencias Econ\u00f3micas present\u00f3 cuatro trabajos de investigaci\u00f3n. Uno de ellos se denomina \u201cPresupuestos para el c\u00e1lculo de un salario m\u00ednimo digno\u201d, que estuvo a cargo de la Prof. Andrea Natalia R\u00edos Ram\u00edrez.<\/span><\/p>\n<hr \/>\n<p><a href=\"https:\/\/wp.me\/p9WOX6-3rP\"><strong><span style=\"color: #000000;\">FCE participar\u00e1 en las Jornadas Castellano \u2013 Leonesas de Ciencia Regional organizada por la Universidad de Le\u00f3n de Espa\u00f1a<\/span><\/strong><\/a> <span style=\"color: #000000;\">Con cuatro trabajos de investigaci\u00f3n, la Facultad de Ciencias Econ\u00f3micas de la UNE, particip\u00f3 en las Jornadas Castellano-Leonesas de Ciencia Regional, organizado por la Universidad de Le\u00f3n de Espa\u00f1a.<\/span><\/p>\n<hr \/>\n<p><a href=\"https:\/\/www.fceune.edu.py\/v2\/index.php\/2021\/07\/26\/estudiantes-de-la-fce-presentaron-trabajos-de-investigacion-en-ix-jji-de-la-une\/\"><strong><span style=\"color: #000000;\">Estudiantes de la FCE presentaron trabajos de investigaci\u00f3n en IX en JJI de la UNE<\/span><\/strong><\/a> <span style=\"color: #000000;\">Los alumnos de la Facultad de Ciencias Econ\u00f3micas, participaron en la IX Jornada de J\u00f3venes Investigadores de la Universidad Nacional del Este, con la presentaci\u00f3n de siete trabajos de investigaci\u00f3n, que fueron desarrollados con el apoyo de la Direcci\u00f3n de Investigaci\u00f3n.\u00a0El evento se desarroll\u00f3 el viernes 23 de julio, realizado en la modalidad virtual v\u00eda plataforma Google Meet, fue organizado por la Facultad de Ciencias de la Salud (FACISA-UNE), el Comit\u00e9 Cient\u00edfico del Consejo de Ciencia, Tecnolog\u00eda e Innovaci\u00f3n de la UNE (CONCITUNE) y el apoyo t\u00e9cnico de la Direcci\u00f3n General de Investigaci\u00f3n de la Universidad Nacional del Este.<\/span><\/p>\n<hr \/>\n<p><a href=\"https:\/\/www.fceune.edu.py\/v2\/index.php\/2021\/07\/19\/direccion-de-investigacion-mantuvo-reuniones-con-el-comite-cientifico-de-la-une-y-con-alumnos-de-economia\/\"><strong><span style=\"color: #000000;\">Direcci\u00f3n de Investigaci\u00f3n mantuvo reuniones con el Comit\u00e9 Cient\u00edfico de la UNE y con alumnos de Econom\u00eda<\/span><\/strong><\/a> <span style=\"color: #000000;\">La reuni\u00f3n virtual entre los integrantes del Comit\u00e9 Cient\u00edfico de la Universidad Nacional del Este (UNE), del que tambi\u00e9n forma parte la Direcci\u00f3n de Investigaci\u00f3n de la Facultad de Ciencias Econ\u00f3micas, se realiz\u00f3 el mi\u00e9rcoles 14 de julio del a\u00f1o en curso.<\/span><\/p>\n<hr \/>\n<p><a href=\"https:\/\/www.fceune.edu.py\/v2\/index.php\/2021\/06\/22\/no-te-olvides-de-postular-tu-investigacion-para-la-primera-jeconomiabcp\/\"><strong><span style=\"color: #000000;\">No te olvides de postular tu investigaci\u00f3n para la primera #JECONOM\u00cdABCP<\/span><\/strong><\/a><\/p>\n<div dir=\"auto\"><span style=\"color: #000000;\">No te olvides de postular tu investigaci\u00f3n para la Primera\u00a0<a class=\"oajrlxb2 g5ia77u1 qu0x051f esr5mh6w e9989ue4 r7d6kgcz rq0escxv nhd2j8a9 nc684nl6 p7hjln8o kvgmc6g5 cxmmr5t8 oygrvhab hcukyx3x jb3vyjys rz4wbd8a qt6c0cv9 a8nywdso i1ao9s8h esuyzwwr f1sip0of lzcic4wl q66pz984 gpro0wi8 b1v8xokw\" style=\"color: #000000;\" tabindex=\"0\" role=\"link\" href=\"https:\/\/www.facebook.com\/hashtag\/jeconom%C3%ADabcp?__eep__=6&amp;__cft__[0]=AZU264TdvkANBeMbKPz7WLRrujKXCWfcSrUExCPHyVjo20ARPItpy1Uv7iHOpA1FHx16Gmx0FAlRPuLch5YXSbt8qq_IKG6UBuOuNM481krgqb0ixMEVo9iqaiAAp9USc4GoZWn5nbus59odcsXmO2RCTFUQxV4Y5EDzZRAjXYT9QoHqGCPKEf7i-7qvfwhckeyvsFZ5M0w5ccAUgZ98pdNYPjelg2NTwzif4mE0OqKKxQ&amp;__tn__=*NK-R\">#JEconom\u00edaBCP<\/a>!<\/span><\/div>\n<div dir=\"auto\"><span style=\"color: #000000;\">Envi\u00e1 tu trabajo sobre temas: Monetarios, Financieros, Tipo de cambio o Econom\u00eda real.<\/span><\/div>\n<div dir=\"auto\"><span style=\"color: #000000;\">Toda la informaci\u00f3n que necesit\u00e1s est\u00e1 aqu\u00ed:<\/span>\u00a0<a class=\"oajrlxb2 g5ia77u1 qu0x051f esr5mh6w e9989ue4 r7d6kgcz rq0escxv nhd2j8a9 nc684nl6 p7hjln8o kvgmc6g5 cxmmr5t8 oygrvhab hcukyx3x jb3vyjys rz4wbd8a qt6c0cv9 a8nywdso i1ao9s8h esuyzwwr f1sip0of lzcic4wl py34i1dx gpro0wi8\" tabindex=\"0\" role=\"link\" href=\"https:\/\/bit.ly\/JEconom%C3%ADaBCP?fbclid=IwAR2MTP6DpPyaCH6eZAt6dHUE6NFOzfQ-EYWpmYk6RIGeVMtovSNV_JDkEVI\" target=\"_blank\" rel=\"nofollow noopener\">http:\/\/bit.ly\/JEconom\u00edaBCP<\/a><\/div>\n<hr \/>\n<p><a href=\"https:\/\/www.fceune.edu.py\/v2\/index.php\/2021\/06\/16\/llegan-las-jornadas-de-difusion-cientifica-del-cim-facisaune-en-su-iv-edicion\/\"><strong><span style=\"color: #000000;\">Llegan las jornadas de difusi\u00f3n cient\u00edfica del CIM-FACISA UNE, en su IV edici\u00f3n<\/span><\/strong><\/a> <span style=\"color: #000000;\">Te invitamos a que te prepares para formar parte de las Jornadas de Difusi\u00f3n Cient\u00edfica (JDC), evento bianual del Centro de Investigaciones M\u00e9dicas (CIM) de la Facultad de Ciencias de la Salud de la Universidad Nacional del Este (FACISA-UNE), edici\u00f3n 2021.<\/span><\/p>\n<hr \/>\n<p><a href=\"https:\/\/www.fceune.edu.py\/v2\/index.php\/2021\/06\/04\/docentes-investigadores-de-la-fce-une-mantuvieron-reunion-online\/\"><strong><span style=\"color: #000000;\">Docentes investigadores de la FCE.UNE mantuvieron reuni\u00f3n online sobre TFG<\/span><\/strong><\/a> <span style=\"color: #000000;\">La reuni\u00f3n virtual de los docentes investigadores y tutores de la Facultad de Ciencias Econ\u00f3micas de la UNE, fue realizada el lunes 31 de mayo del a\u00f1o en curso. En la ocasi\u00f3n se abordaron temas de inter\u00e9s acad\u00e9mico, como el protocolo para el Trabajo Final de Grado (TFG) de los alumnos de las carreras de grado, sede central y filiales.<\/span><\/p>\n<hr \/>\n<p><a href=\"https:\/\/www.fceune.edu.py\/v2\/index.php\/2021\/03\/08\/investigadores-de-la-fce-une-mantuvieron-reunion-on-line-para-proyectar-actividades\/\"><span style=\"color: #000000;\"><strong>Investigadores de la UNE mantuvieron reuni\u00f3n online para proyectar actividades<\/strong><\/span><\/a> <span style=\"color: #000000;\">Todos los integrantes de la Direcci\u00f3n de Investigaci\u00f3n de la FCE.UNE, se reunieron virtualmente, v\u00eda plataforma zoom, el mi\u00e9rcoles 03 de marzo, con el objetivo de programar las actividades del a\u00f1o lectivo 2021. En ese sentido, el encuentro tuvo una activa participaci\u00f3n de todos los involucrados.<\/span> [\/vc_column_text][\/vc_tab][vc_tab title=&#8221;2020&#8243; tab_id=&#8221;725c2346-5d5b-2&#8243;][vc_column_text] <a href=\"https:\/\/www.fceune.edu.py\/v2\/index.php\/2020\/11\/03\/carrera-de-contabilidad-y-direccion-de-investigacion-coordinaron-revisiones-de-los-tfg\/\">Carrera de Contabilidad y Direcci\u00f3n de Investigaci\u00f3n coordinaron revisiones de los TFG<\/a> <span style=\"color: #000000;\"><em><a href=\"https:\/\/i0.wp.com\/www.fceune.edu.py\/v2\/wp-content\/uploads\/2020\/11\/WhatsApp-Image-2020-11-03-at-10.53.17-1-e1604431710708.jpeg\"><img data-recalc-dims=\"1\" loading=\"lazy\" decoding=\"async\" data-attachment-id=\"11838\" data-permalink=\"https:\/\/www.fceune.edu.py\/v2\/index.php\/2020\/11\/03\/carrera-de-contabilidad-y-direccion-de-investigacion-coordinaron-revisiones-de-los-tfg\/whatsapp-image-2020-11-03-at-10-53-17-1\/\" data-orig-file=\"https:\/\/i0.wp.com\/www.fceune.edu.py\/v2\/wp-content\/uploads\/2020\/11\/WhatsApp-Image-2020-11-03-at-10.53.17-1-e1604431710708.jpeg?fit=1276%2C643&amp;ssl=1\" data-orig-size=\"1276,643\" data-comments-opened=\"0\" data-image-meta=\"{&quot;aperture&quot;:&quot;0&quot;,&quot;credit&quot;:&quot;&quot;,&quot;camera&quot;:&quot;&quot;,&quot;caption&quot;:&quot;&quot;,&quot;created_timestamp&quot;:&quot;0&quot;,&quot;copyright&quot;:&quot;&quot;,&quot;focal_length&quot;:&quot;0&quot;,&quot;iso&quot;:&quot;0&quot;,&quot;shutter_speed&quot;:&quot;0&quot;,&quot;title&quot;:&quot;&quot;,&quot;orientation&quot;:&quot;0&quot;}\" data-image-title=\"WhatsApp Image 2020-11-03 at 10.53.17 (1)\" data-image-description=\"\" data-image-caption=\"\" data-medium-file=\"https:\/\/i0.wp.com\/www.fceune.edu.py\/v2\/wp-content\/uploads\/2020\/11\/WhatsApp-Image-2020-11-03-at-10.53.17-1-e1604431710708.jpeg?fit=300%2C151&amp;ssl=1\" data-large-file=\"https:\/\/i0.wp.com\/www.fceune.edu.py\/v2\/wp-content\/uploads\/2020\/11\/WhatsApp-Image-2020-11-03-at-10.53.17-1-e1604431710708.jpeg?fit=940%2C474&amp;ssl=1\" class=\" wp-image-11838 alignleft\" src=\"https:\/\/i0.wp.com\/www.fceune.edu.py\/v2\/wp-content\/uploads\/2020\/11\/WhatsApp-Image-2020-11-03-at-10.53.17-1-e1604431710708-300x151.jpeg?resize=194%2C98\" alt=\"\" width=\"194\" height=\"98\" srcset=\"https:\/\/i0.wp.com\/www.fceune.edu.py\/v2\/wp-content\/uploads\/2020\/11\/WhatsApp-Image-2020-11-03-at-10.53.17-1-e1604431710708.jpeg?resize=300%2C151&amp;ssl=1 300w, https:\/\/i0.wp.com\/www.fceune.edu.py\/v2\/wp-content\/uploads\/2020\/11\/WhatsApp-Image-2020-11-03-at-10.53.17-1-e1604431710708.jpeg?resize=768%2C387&amp;ssl=1 768w, https:\/\/i0.wp.com\/www.fceune.edu.py\/v2\/wp-content\/uploads\/2020\/11\/WhatsApp-Image-2020-11-03-at-10.53.17-1-e1604431710708.jpeg?resize=1024%2C516&amp;ssl=1 1024w, https:\/\/i0.wp.com\/www.fceune.edu.py\/v2\/wp-content\/uploads\/2020\/11\/WhatsApp-Image-2020-11-03-at-10.53.17-1-e1604431710708.jpeg?resize=940%2C470&amp;ssl=1 940w, https:\/\/i0.wp.com\/www.fceune.edu.py\/v2\/wp-content\/uploads\/2020\/11\/WhatsApp-Image-2020-11-03-at-10.53.17-1-e1604431710708.jpeg?w=1276&amp;ssl=1 1276w\" sizes=\"(max-width: 194px) 100vw, 194px\" \/><\/a>A trav\u00e9s de una reuni\u00f3n online realizada este lunes 2 de noviembre, la Direcci\u00f3n de Investigaci\u00f3n y la carrera de Contabilidad de la Facultad de Ciencias Econ\u00f3micas, coordinaron las revisiones de los Trabajos Finales de Grado (TFG), que ser\u00e1n presentados por los alumnos del 6to curso.<\/em><\/span><\/p>\n<hr \/>\n<p><a href=\"https:\/\/www.fceune.edu.py\/v2\/index.php\/2020\/10\/20\/direccion-de-investigacion-y-carrera-de-contabilidad-coordinan-acciones-para-verificacion-de-tfg\/\"><span style=\"color: #000000;\">Direcci\u00f3n de Investigaci\u00f3n y carrera de Contabilidad coordinan acciones para verificaci\u00f3n de TFG<\/span><\/a> <span style=\"color: #000000;\"><em><a href=\"https:\/\/i0.wp.com\/www.fceune.edu.py\/v2\/wp-content\/uploads\/2020\/10\/WhatsApp-Image-2020-10-19-at-22.23.54-1-e1603223021878.jpeg\"><img data-recalc-dims=\"1\" loading=\"lazy\" decoding=\"async\" data-attachment-id=\"11743\" data-permalink=\"https:\/\/www.fceune.edu.py\/v2\/index.php\/2020\/10\/20\/direccion-de-investigacion-y-carrera-de-contabilidad-coordinan-acciones-para-verificacion-de-tfg\/whatsapp-image-2020-10-19-at-22-23-54-1\/\" data-orig-file=\"https:\/\/i0.wp.com\/www.fceune.edu.py\/v2\/wp-content\/uploads\/2020\/10\/WhatsApp-Image-2020-10-19-at-22.23.54-1-e1603223021878.jpeg?fit=1238%2C665&amp;ssl=1\" data-orig-size=\"1238,665\" data-comments-opened=\"0\" data-image-meta=\"{&quot;aperture&quot;:&quot;0&quot;,&quot;credit&quot;:&quot;&quot;,&quot;camera&quot;:&quot;&quot;,&quot;caption&quot;:&quot;&quot;,&quot;created_timestamp&quot;:&quot;0&quot;,&quot;copyright&quot;:&quot;&quot;,&quot;focal_length&quot;:&quot;0&quot;,&quot;iso&quot;:&quot;0&quot;,&quot;shutter_speed&quot;:&quot;0&quot;,&quot;title&quot;:&quot;&quot;,&quot;orientation&quot;:&quot;0&quot;}\" data-image-title=\"WhatsApp Image 2020-10-19 at 22.23.54 (1)\" data-image-description=\"\" data-image-caption=\"\" data-medium-file=\"https:\/\/i0.wp.com\/www.fceune.edu.py\/v2\/wp-content\/uploads\/2020\/10\/WhatsApp-Image-2020-10-19-at-22.23.54-1-e1603223021878.jpeg?fit=300%2C161&amp;ssl=1\" data-large-file=\"https:\/\/i0.wp.com\/www.fceune.edu.py\/v2\/wp-content\/uploads\/2020\/10\/WhatsApp-Image-2020-10-19-at-22.23.54-1-e1603223021878.jpeg?fit=940%2C505&amp;ssl=1\" class=\"wp-image-11743 alignleft\" src=\"https:\/\/i0.wp.com\/www.fceune.edu.py\/v2\/wp-content\/uploads\/2020\/10\/WhatsApp-Image-2020-10-19-at-22.23.54-1-e1603223021878-300x161.jpeg?resize=165%2C89\" alt=\"\" width=\"165\" height=\"89\" srcset=\"https:\/\/i0.wp.com\/www.fceune.edu.py\/v2\/wp-content\/uploads\/2020\/10\/WhatsApp-Image-2020-10-19-at-22.23.54-1-e1603223021878.jpeg?resize=300%2C161&amp;ssl=1 300w, https:\/\/i0.wp.com\/www.fceune.edu.py\/v2\/wp-content\/uploads\/2020\/10\/WhatsApp-Image-2020-10-19-at-22.23.54-1-e1603223021878.jpeg?resize=768%2C413&amp;ssl=1 768w, https:\/\/i0.wp.com\/www.fceune.edu.py\/v2\/wp-content\/uploads\/2020\/10\/WhatsApp-Image-2020-10-19-at-22.23.54-1-e1603223021878.jpeg?resize=1024%2C550&amp;ssl=1 1024w, https:\/\/i0.wp.com\/www.fceune.edu.py\/v2\/wp-content\/uploads\/2020\/10\/WhatsApp-Image-2020-10-19-at-22.23.54-1-e1603223021878.jpeg?w=1238&amp;ssl=1 1238w\" sizes=\"(max-width: 165px) 100vw, 165px\" \/><\/a>A trav\u00e9s de una reuni\u00f3n virtual realizada este lunes 19 de octubre, la Direcci\u00f3n de Investigaci\u00f3n y la carrera de Contabilidad, coordinaron acciones a ser ejecutadas en el marco de las tutor\u00edas que ser\u00e1n llevadas adelante para la verificaci\u00f3n de los Trabajos Finales de Grado (TFG) desarrollados por los alumnos de la mencionada carrera.<\/em><\/span><\/p>\n<hr \/>\n<p><a href=\"https:\/\/www.fceune.edu.py\/v2\/index.php\/2020\/07\/23\/aniversario-26-de-la-fce-pilares-fundamentales-la-docencia-extension-e-investigacion\/\"><span style=\"color: #000000;\">Aniversario 26 de la FCE.UNE: Pilares fundamentales: la docencia, extensi\u00f3n e investigaci\u00f3n<\/span><\/a> <span style=\"color: #000000;\"><em><a href=\"https:\/\/i0.wp.com\/www.fceune.edu.py\/v2\/wp-content\/uploads\/2019\/11\/IMG_4772-e1573244781694.jpg\"><img data-recalc-dims=\"1\" loading=\"lazy\" decoding=\"async\" data-attachment-id=\"9804\" data-permalink=\"https:\/\/www.fceune.edu.py\/v2\/index.php\/2019\/11\/08\/centro-de-estudiantes-y-direccion-de-investigacion-homenajearon-a-investigadores-que-participaron-en-la-jji-de-la-augm\/img_4772\/\" data-orig-file=\"https:\/\/i0.wp.com\/www.fceune.edu.py\/v2\/wp-content\/uploads\/2019\/11\/IMG_4772-e1573244781694.jpg?fit=2572%2C1419&amp;ssl=1\" data-orig-size=\"2572,1419\" data-comments-opened=\"0\" data-image-meta=\"{&quot;aperture&quot;:&quot;4&quot;,&quot;credit&quot;:&quot;&quot;,&quot;camera&quot;:&quot;Canon EOS Rebel T6&quot;,&quot;caption&quot;:&quot;&quot;,&quot;created_timestamp&quot;:&quot;1573156608&quot;,&quot;copyright&quot;:&quot;&quot;,&quot;focal_length&quot;:&quot;20&quot;,&quot;iso&quot;:&quot;800&quot;,&quot;shutter_speed&quot;:&quot;0.016666666666667&quot;,&quot;title&quot;:&quot;&quot;,&quot;orientation&quot;:&quot;1&quot;}\" data-image-title=\"IMG_4772\" data-image-description=\"\" data-image-caption=\"\" data-medium-file=\"https:\/\/i0.wp.com\/www.fceune.edu.py\/v2\/wp-content\/uploads\/2019\/11\/IMG_4772-e1573244781694.jpg?fit=300%2C166&amp;ssl=1\" data-large-file=\"https:\/\/i0.wp.com\/www.fceune.edu.py\/v2\/wp-content\/uploads\/2019\/11\/IMG_4772-e1573244781694.jpg?fit=940%2C519&amp;ssl=1\" class=\" wp-image-9804 alignleft\" src=\"https:\/\/i0.wp.com\/www.fceune.edu.py\/v2\/wp-content\/uploads\/2019\/11\/IMG_4772-e1573244781694-300x166.jpg?resize=186%2C103\" alt=\"\" width=\"186\" height=\"103\" srcset=\"https:\/\/i0.wp.com\/www.fceune.edu.py\/v2\/wp-content\/uploads\/2019\/11\/IMG_4772-e1573244781694.jpg?resize=300%2C166&amp;ssl=1 300w, https:\/\/i0.wp.com\/www.fceune.edu.py\/v2\/wp-content\/uploads\/2019\/11\/IMG_4772-e1573244781694.jpg?resize=768%2C424&amp;ssl=1 768w, https:\/\/i0.wp.com\/www.fceune.edu.py\/v2\/wp-content\/uploads\/2019\/11\/IMG_4772-e1573244781694.jpg?resize=1024%2C565&amp;ssl=1 1024w, https:\/\/i0.wp.com\/www.fceune.edu.py\/v2\/wp-content\/uploads\/2019\/11\/IMG_4772-e1573244781694.jpg?w=1880&amp;ssl=1 1880w\" sizes=\"(max-width: 186px) 100vw, 186px\" \/><\/a>El decano y presidente del Consejo Directivo de la FCE, Dr. Carlos Wilfrido Escurra Ben\u00edtez, mencion\u00f3 que la Facultad de Ciencias Econ\u00f3micas, dispone de una Direcci\u00f3n de Extensi\u00f3n Universitaria, que est\u00e1 trabajando con el Rectorado, a trav\u00e9s de la Rexune, \u201cdonde est\u00e1n ligadas las dem\u00e1s unidades acad\u00e9micas de la UNE, para hacer trabajos de extensi\u00f3n\u201d.<\/em><\/span><\/p>\n<hr \/>\n<p><a href=\"https:\/\/www.fceune.edu.py\/v2\/index.php\/2020\/04\/01\/investigacion-de-alumnos-de-economia-sobre-ipc-cde-es-noticia-a-nivel-nacional\/\">Investigaci\u00f3n de alumnos de Econom\u00eda sobre IPC-CDE es noticia a nivel nacional<\/a> <span style=\"color: #000000;\">Los resultados del mes de marzo del proyecto IPC CDE \u00edtems de la canasta b\u00e1sica realizado por la Facultad de ciencias econ\u00f3micas en conjunto con el Centro de investigaciones econ\u00f3micas (CEPECON) y la Unila Foz de Iguaz\u00fa\/Brasil. Est\u00e1 en el formato impreso y digital del diario nacional ABC COLOR del mi\u00e9rcoles, 1 de abril de 2020.\u00a0<\/span>Link:\u00a0<a href=\"https:\/\/www.abc.com.py\/edicion-impresa\/economia\/2020\/04\/01\/hortalizas-se-encarecen-en-cde-mientras-carnes-bajan\/\">https:\/\/www.abc.com.py\/edicion-impresa\/economia\/2020\/04\/01\/hortalizas-se-encarecen-en-cde-mientras-carnes-bajan\/<\/a><\/p>\n<hr \/>\n<p><a href=\"https:\/\/www.fceune.edu.py\/v2\/index.php\/2020\/01\/16\/otorgaran-becas-a-jovenes-interesados-en-la-investigacion\/\">Otorgar\u00e1n becas a j\u00f3venes interesados en la investigaci\u00f3n<\/a><\/p>\n<p style=\"text-align: justify;\"><span style=\"color: #000000;\"><em>La Universidad Nacional del Este (UNE), a trav\u00e9s de una ingenier\u00eda financiera del presupuesto del Rectorado otorgar\u00e1\u00a0una beca especial de un mill\u00f3n de guaran\u00edes a los j\u00f3venes investigadores seleccionados para la Jornada J\u00f3venes Investigadores (JJI) de la AUGM.<\/em><\/span><\/p>\n<hr \/>\n<p><strong><a href=\"https:\/\/i0.wp.com\/www.fceune.edu.py\/v2\/wp-content\/uploads\/2020\/04\/WhatsApp-Image-2020-04-29-at-22.46.21-e1588256309195.jpeg\"><img loading=\"lazy\" decoding=\"async\" data-attachment-id=\"10825\" data-permalink=\"https:\/\/www.fceune.edu.py\/v2\/index.php\/2020\/04\/30\/docente-de-la-fce-presento-proyecto-de-investigacion-a-alumnos-de-contabilidad\/whatsapp-image-2020-04-29-at-22-46-21\/\" data-orig-file=\"https:\/\/i0.wp.com\/www.fceune.edu.py\/v2\/wp-content\/uploads\/2020\/04\/WhatsApp-Image-2020-04-29-at-22.46.21-e1588256309195.jpeg?fit=1260%2C864&amp;ssl=1\" data-orig-size=\"1260,864\" data-comments-opened=\"0\" data-image-meta=\"{&quot;aperture&quot;:&quot;0&quot;,&quot;credit&quot;:&quot;&quot;,&quot;camera&quot;:&quot;&quot;,&quot;caption&quot;:&quot;&quot;,&quot;created_timestamp&quot;:&quot;0&quot;,&quot;copyright&quot;:&quot;&quot;,&quot;focal_length&quot;:&quot;0&quot;,&quot;iso&quot;:&quot;0&quot;,&quot;shutter_speed&quot;:&quot;0&quot;,&quot;title&quot;:&quot;&quot;,&quot;orientation&quot;:&quot;0&quot;}\" data-image-title=\"WhatsApp Image 2020-04-29 at 22.46.21\" data-image-description=\"\" data-image-caption=\"\" data-medium-file=\"https:\/\/i0.wp.com\/www.fceune.edu.py\/v2\/wp-content\/uploads\/2020\/04\/WhatsApp-Image-2020-04-29-at-22.46.21-e1588256309195.jpeg?fit=300%2C206&amp;ssl=1\" data-large-file=\"https:\/\/i0.wp.com\/www.fceune.edu.py\/v2\/wp-content\/uploads\/2020\/04\/WhatsApp-Image-2020-04-29-at-22.46.21-e1588256309195.jpeg?fit=940%2C644&amp;ssl=1\" class=\" wp-image-10825 alignleft\" src=\"https:\/\/i1.wp.com\/www.fceune.edu.py\/v2\/wp-content\/uploads\/2020\/04\/WhatsApp-Image-2020-04-29-at-22.46.21-e1588256309195-300x206.jpeg?resize=195%2C134\" sizes=\"(max-width: 195px) 100vw, 195px\" srcset=\"https:\/\/i0.wp.com\/www.fceune.edu.py\/v2\/wp-content\/uploads\/2020\/04\/WhatsApp-Image-2020-04-29-at-22.46.21-e1588256309195.jpeg?resize=300%2C206&amp;ssl=1 300w, https:\/\/i0.wp.com\/www.fceune.edu.py\/v2\/wp-content\/uploads\/2020\/04\/WhatsApp-Image-2020-04-29-at-22.46.21-e1588256309195.jpeg?resize=768%2C527&amp;ssl=1 768w, https:\/\/i0.wp.com\/www.fceune.edu.py\/v2\/wp-content\/uploads\/2020\/04\/WhatsApp-Image-2020-04-29-at-22.46.21-e1588256309195.jpeg?resize=1024%2C702&amp;ssl=1 1024w, https:\/\/i0.wp.com\/www.fceune.edu.py\/v2\/wp-content\/uploads\/2020\/04\/WhatsApp-Image-2020-04-29-at-22.46.21-e1588256309195.jpeg?resize=500%2C340&amp;ssl=1 500w, https:\/\/i0.wp.com\/www.fceune.edu.py\/v2\/wp-content\/uploads\/2020\/04\/WhatsApp-Image-2020-04-29-at-22.46.21-e1588256309195.jpeg?w=1260&amp;ssl=1 1260w\" alt=\"\" width=\"156\" height=\"107\" data-attachment-id=\"10825\" data-permalink=\"https:\/\/www.fceune.edu.py\/v2\/index.php\/2020\/04\/30\/docente-de-la-fce-presento-proyecto-de-investigacion-a-alumnos-de-contabilidad\/whatsapp-image-2020-04-29-at-22-46-21\/\" data-orig-file=\"https:\/\/i0.wp.com\/www.fceune.edu.py\/v2\/wp-content\/uploads\/2020\/04\/WhatsApp-Image-2020-04-29-at-22.46.21-e1588256309195.jpeg?fit=1260%2C864&amp;ssl=1\" data-orig-size=\"1260,864\" data-comments-opened=\"0\" data-image-meta=\"{&quot;aperture&quot;:&quot;0&quot;,&quot;credit&quot;:&quot;&quot;,&quot;camera&quot;:&quot;&quot;,&quot;caption&quot;:&quot;&quot;,&quot;created_timestamp&quot;:&quot;0&quot;,&quot;copyright&quot;:&quot;&quot;,&quot;focal_length&quot;:&quot;0&quot;,&quot;iso&quot;:&quot;0&quot;,&quot;shutter_speed&quot;:&quot;0&quot;,&quot;title&quot;:&quot;&quot;,&quot;orientation&quot;:&quot;0&quot;}\" data-image-title=\"WhatsApp Image 2020-04-29 at 22.46.21\" data-image-description=\"\" data-medium-file=\"https:\/\/i0.wp.com\/www.fceune.edu.py\/v2\/wp-content\/uploads\/2020\/04\/WhatsApp-Image-2020-04-29-at-22.46.21-e1588256309195.jpeg?fit=300%2C206&amp;ssl=1\" data-large-file=\"https:\/\/i0.wp.com\/www.fceune.edu.py\/v2\/wp-content\/uploads\/2020\/04\/WhatsApp-Image-2020-04-29-at-22.46.21-e1588256309195.jpeg?fit=940%2C644&amp;ssl=1\" \/><\/a><\/strong> <strong><span style=\"color: #000000;\">Docente de la FCE present\u00f3 proyecto de investigaci\u00f3n a alumnos de Contabilidad<\/span><\/strong> <span style=\"color: #000000;\">La Prof. Cynthia Goybur\u00fa, present\u00f3 su proyecto de investigaci\u00f3n denominado: \u201cInter\u00e9s de los estudiantes de la Facultad de Ciencias Econ\u00f3micas en la creaci\u00f3n de una cooperativa de ahorro y cr\u00e9dito para alumnos\u201d, socializ\u00e1ndolo con los alumnos 5to curso -secci\u00f3n A- de la carrera de Contabilidad, en la materia de Contabilidad de Gesti\u00f3n III, que se encuentra a cargo de la Prof. Sonia C\u00e1ceres Vald\u00e9z.<\/span> [\/vc_column_text][\/vc_tab][vc_tab title=&#8221;2019&#8243; tab_id=&#8221;1611326927646-2-4&#8243;][vc_column_text] <span style=\"color: #000000;\"><strong>FCE present\u00f3 12 trabajos de investigaci\u00f3n en la II Jornada de Divulgaci\u00f3n Cient\u00edfica del Alto Paran\u00e1<\/strong><\/span> <a href=\"https:\/\/i0.wp.com\/www.fceune.edu.py\/v2\/wp-content\/uploads\/2019\/11\/IMG_4927.jpg\"><img loading=\"lazy\" decoding=\"async\" data-attachment-id=\"9898\" data-permalink=\"https:\/\/www.fceune.edu.py\/v2\/index.php\/2019\/11\/15\/fce-presento-12-trabajos-de-investigacion-en-la-ii-jornada-de-divulgacion-cientifica-del-alto-parana\/img_4927\/\" data-orig-file=\"https:\/\/i0.wp.com\/www.fceune.edu.py\/v2\/wp-content\/uploads\/2019\/11\/IMG_4927.jpg?fit=2592%2C1728&amp;ssl=1\" data-orig-size=\"2592,1728\" data-comments-opened=\"0\" data-image-meta=\"{&quot;aperture&quot;:&quot;4&quot;,&quot;credit&quot;:&quot;&quot;,&quot;camera&quot;:&quot;Canon EOS Rebel T6&quot;,&quot;caption&quot;:&quot;&quot;,&quot;created_timestamp&quot;:&quot;1573746171&quot;,&quot;copyright&quot;:&quot;&quot;,&quot;focal_length&quot;:&quot;18&quot;,&quot;iso&quot;:&quot;800&quot;,&quot;shutter_speed&quot;:&quot;0.016666666666667&quot;,&quot;title&quot;:&quot;&quot;,&quot;orientation&quot;:&quot;1&quot;}\" data-image-title=\"IMG_4927\" data-image-description=\"\" data-image-caption=\"\" data-medium-file=\"https:\/\/i0.wp.com\/www.fceune.edu.py\/v2\/wp-content\/uploads\/2019\/11\/IMG_4927.jpg?fit=300%2C200&amp;ssl=1\" data-large-file=\"https:\/\/i0.wp.com\/www.fceune.edu.py\/v2\/wp-content\/uploads\/2019\/11\/IMG_4927.jpg?fit=940%2C627&amp;ssl=1\" class=\" wp-image-9898 alignleft\" src=\"https:\/\/i0.wp.com\/www.fceune.edu.py\/v2\/wp-content\/uploads\/2019\/11\/IMG_4927.jpg?resize=174%2C116\" sizes=\"(max-width: 174px) 100vw, 174px\" srcset=\"https:\/\/i0.wp.com\/www.fceune.edu.py\/v2\/wp-content\/uploads\/2019\/11\/IMG_4927.jpg?resize=300%2C200&amp;ssl=1 300w, https:\/\/i0.wp.com\/www.fceune.edu.py\/v2\/wp-content\/uploads\/2019\/11\/IMG_4927.jpg?resize=768%2C512&amp;ssl=1 768w, https:\/\/i0.wp.com\/www.fceune.edu.py\/v2\/wp-content\/uploads\/2019\/11\/IMG_4927.jpg?resize=1024%2C683&amp;ssl=1 1024w, https:\/\/i0.wp.com\/www.fceune.edu.py\/v2\/wp-content\/uploads\/2019\/11\/IMG_4927.jpg?resize=355%2C235&amp;ssl=1 355w, https:\/\/i0.wp.com\/www.fceune.edu.py\/v2\/wp-content\/uploads\/2019\/11\/IMG_4927.jpg?resize=400%2C270&amp;ssl=1 400w, https:\/\/i0.wp.com\/www.fceune.edu.py\/v2\/wp-content\/uploads\/2019\/11\/IMG_4927.jpg?w=1880 1880w\" alt=\"\" width=\"174\" height=\"116\" data-attachment-id=\"9898\" data-permalink=\"https:\/\/www.fceune.edu.py\/v2\/index.php\/2019\/11\/15\/fce-presento-12-trabajos-de-investigacion-en-la-ii-jornada-de-divulgacion-cientifica-del-alto-parana\/img_4927\/\" data-orig-file=\"https:\/\/i0.wp.com\/www.fceune.edu.py\/v2\/wp-content\/uploads\/2019\/11\/IMG_4927.jpg?fit=2592%2C1728&amp;ssl=1\" data-orig-size=\"2592,1728\" data-comments-opened=\"0\" data-image-meta=\"{&quot;aperture&quot;:&quot;4&quot;,&quot;credit&quot;:&quot;&quot;,&quot;camera&quot;:&quot;Canon EOS Rebel T6&quot;,&quot;caption&quot;:&quot;&quot;,&quot;created_timestamp&quot;:&quot;1573746171&quot;,&quot;copyright&quot;:&quot;&quot;,&quot;focal_length&quot;:&quot;18&quot;,&quot;iso&quot;:&quot;800&quot;,&quot;shutter_speed&quot;:&quot;0.016666666666667&quot;,&quot;title&quot;:&quot;&quot;,&quot;orientation&quot;:&quot;1&quot;}\" data-image-title=\"IMG_4927\" data-image-description=\"\" data-medium-file=\"https:\/\/i0.wp.com\/www.fceune.edu.py\/v2\/wp-content\/uploads\/2019\/11\/IMG_4927.jpg?fit=300%2C200&amp;ssl=1\" data-large-file=\"https:\/\/i0.wp.com\/www.fceune.edu.py\/v2\/wp-content\/uploads\/2019\/11\/IMG_4927.jpg?fit=940%2C627&amp;ssl=1\" \/><\/a><span style=\"color: #000000;\">La \u201cII Jornada de Divulgaci\u00f3n Cient\u00edfica del Alto Paran\u00e1\u201d, organizada por la Direcci\u00f3n General de Investigaci\u00f3n de la Universidad Nacional del Este (UNE), se desarroll\u00f3 en el Rectorado de la UNE, y la Facultad de Ciencias Econ\u00f3micas (FCE) present\u00f3 un total de 12 trabajos de investigaci\u00f3n, de los cuales 7 se presentaron en ponencia posters y 5 en modalidad oral. El director de Investigaci\u00f3n de la FCE, Dr. An\u00edbal Amado Nunes, explic\u00f3 que las investigaciones presentadas de manera oral son de docentes tutores.<\/span><\/p>\n<hr \/>\n<p><span style=\"color: #000000;\"><strong>Centro de Estudiantes y Direcci\u00f3n de Investigaci\u00f3n homenajearon a investigadores que participaron en la JJI de la AUGM y a colaboradores del proyecto IPC \u2013 CDE<\/strong><\/span> <a href=\"https:\/\/i0.wp.com\/www.fceune.edu.py\/v2\/wp-content\/uploads\/2019\/11\/IMG_4772-e1573244781694.jpg\"><img loading=\"lazy\" decoding=\"async\" data-attachment-id=\"9804\" data-permalink=\"https:\/\/www.fceune.edu.py\/v2\/index.php\/2019\/11\/08\/centro-de-estudiantes-y-direccion-de-investigacion-homenajearon-a-investigadores-que-participaron-en-la-jji-de-la-augm\/img_4772\/\" data-orig-file=\"https:\/\/i0.wp.com\/www.fceune.edu.py\/v2\/wp-content\/uploads\/2019\/11\/IMG_4772-e1573244781694.jpg?fit=2572%2C1419&amp;ssl=1\" data-orig-size=\"2572,1419\" data-comments-opened=\"0\" data-image-meta=\"{&quot;aperture&quot;:&quot;4&quot;,&quot;credit&quot;:&quot;&quot;,&quot;camera&quot;:&quot;Canon EOS Rebel T6&quot;,&quot;caption&quot;:&quot;&quot;,&quot;created_timestamp&quot;:&quot;1573156608&quot;,&quot;copyright&quot;:&quot;&quot;,&quot;focal_length&quot;:&quot;20&quot;,&quot;iso&quot;:&quot;800&quot;,&quot;shutter_speed&quot;:&quot;0.016666666666667&quot;,&quot;title&quot;:&quot;&quot;,&quot;orientation&quot;:&quot;1&quot;}\" data-image-title=\"IMG_4772\" data-image-description=\"\" data-image-caption=\"\" data-medium-file=\"https:\/\/i0.wp.com\/www.fceune.edu.py\/v2\/wp-content\/uploads\/2019\/11\/IMG_4772-e1573244781694.jpg?fit=300%2C166&amp;ssl=1\" data-large-file=\"https:\/\/i0.wp.com\/www.fceune.edu.py\/v2\/wp-content\/uploads\/2019\/11\/IMG_4772-e1573244781694.jpg?fit=940%2C519&amp;ssl=1\" class=\" wp-image-9804 alignleft\" src=\"https:\/\/i2.wp.com\/www.fceune.edu.py\/v2\/wp-content\/uploads\/2019\/11\/IMG_4772-e1573244781694-300x166.jpg?resize=199%2C110\" sizes=\"(max-width: 199px) 100vw, 199px\" srcset=\"https:\/\/i0.wp.com\/www.fceune.edu.py\/v2\/wp-content\/uploads\/2019\/11\/IMG_4772-e1573244781694.jpg?resize=300%2C166&amp;ssl=1 300w, https:\/\/i0.wp.com\/www.fceune.edu.py\/v2\/wp-content\/uploads\/2019\/11\/IMG_4772-e1573244781694.jpg?resize=768%2C424&amp;ssl=1 768w, https:\/\/i0.wp.com\/www.fceune.edu.py\/v2\/wp-content\/uploads\/2019\/11\/IMG_4772-e1573244781694.jpg?resize=1024%2C565&amp;ssl=1 1024w, https:\/\/i0.wp.com\/www.fceune.edu.py\/v2\/wp-content\/uploads\/2019\/11\/IMG_4772-e1573244781694.jpg?w=1880 1880w\" alt=\"\" width=\"199\" height=\"110\" data-attachment-id=\"9804\" data-permalink=\"https:\/\/www.fceune.edu.py\/v2\/index.php\/2019\/11\/08\/centro-de-estudiantes-y-direccion-de-investigacion-homenajearon-a-investigadores-que-participaron-en-la-jji-de-la-augm\/img_4772\/\" data-orig-file=\"https:\/\/i0.wp.com\/www.fceune.edu.py\/v2\/wp-content\/uploads\/2019\/11\/IMG_4772-e1573244781694.jpg?fit=2572%2C1419&amp;ssl=1\" data-orig-size=\"2572,1419\" data-comments-opened=\"0\" data-image-meta=\"{&quot;aperture&quot;:&quot;4&quot;,&quot;credit&quot;:&quot;&quot;,&quot;camera&quot;:&quot;Canon EOS Rebel T6&quot;,&quot;caption&quot;:&quot;&quot;,&quot;created_timestamp&quot;:&quot;1573156608&quot;,&quot;copyright&quot;:&quot;&quot;,&quot;focal_length&quot;:&quot;20&quot;,&quot;iso&quot;:&quot;800&quot;,&quot;shutter_speed&quot;:&quot;0.016666666666667&quot;,&quot;title&quot;:&quot;&quot;,&quot;orientation&quot;:&quot;1&quot;}\" data-image-title=\"IMG_4772\" data-image-description=\"\" data-medium-file=\"https:\/\/i0.wp.com\/www.fceune.edu.py\/v2\/wp-content\/uploads\/2019\/11\/IMG_4772-e1573244781694.jpg?fit=300%2C166&amp;ssl=1\" data-large-file=\"https:\/\/i0.wp.com\/www.fceune.edu.py\/v2\/wp-content\/uploads\/2019\/11\/IMG_4772-e1573244781694.jpg?fit=940%2C519&amp;ssl=1\" \/><\/a><span style=\"color: #000000;\">Los estudiantes y docentes investigadores que participaron de la edici\u00f3n XXVII de la Jornada de J\u00f3venes Investigadores (JJI) de la AUGM realizada en la Universidad Federal de San Carlos \u2013 Brasil, fueron homenajeados por el Centro de Estudiantes y la Direcci\u00f3n de Investigaci\u00f3n de la Facultad de Ciencias Econ\u00f3micas (FCE) de la UNE. As\u00ed tambi\u00e9n, se entreg\u00f3 certificado de reconocimiento al Prof. Econ. Diego L\u00f3pez, quien lleva adelante el proyecto IPC\u00a0 \u2013 CDE. Del evento participaron varios tutores de los trabajos de investigaci\u00f3n, directivos, docentes, alumnos y padres de los j\u00f3venes agasajados.<\/span><\/p>\n<hr \/>\n<p><span style=\"color: #000000;\"><strong>Direcci\u00f3n de Investigaci\u00f3n de la FCE marc\u00f3 presencia en la XXVII Jornadas de J\u00f3venes Investigadores de la AUGM<\/strong><\/span> <a href=\"https:\/\/i1.wp.com\/www.fceune.edu.py\/v2\/wp-content\/uploads\/2019\/10\/WhatsApp-Image-2019-10-28-at-23.51.13.jpeg\"><img loading=\"lazy\" decoding=\"async\" data-attachment-id=\"9746\" data-permalink=\"https:\/\/www.fceune.edu.py\/v2\/index.php\/2019\/10\/30\/direccion-de-investigacion-de-la-fce-marco-presencia-en-la-xxvii-jornadas-de-jovenes-investigadores-de-augm\/whatsapp-image-2019-10-28-at-23-51-13\/\" data-orig-file=\"https:\/\/i0.wp.com\/www.fceune.edu.py\/v2\/wp-content\/uploads\/2019\/10\/WhatsApp-Image-2019-10-28-at-23.51.13.jpeg?fit=1280%2C622&amp;ssl=1\" data-orig-size=\"1280,622\" data-comments-opened=\"0\" data-image-meta=\"{&quot;aperture&quot;:&quot;0&quot;,&quot;credit&quot;:&quot;&quot;,&quot;camera&quot;:&quot;&quot;,&quot;caption&quot;:&quot;&quot;,&quot;created_timestamp&quot;:&quot;0&quot;,&quot;copyright&quot;:&quot;&quot;,&quot;focal_length&quot;:&quot;0&quot;,&quot;iso&quot;:&quot;0&quot;,&quot;shutter_speed&quot;:&quot;0&quot;,&quot;title&quot;:&quot;&quot;,&quot;orientation&quot;:&quot;0&quot;}\" data-image-title=\"WhatsApp Image 2019-10-28 at 23.51.13\" data-image-description=\"\" data-image-caption=\"\" data-medium-file=\"https:\/\/i0.wp.com\/www.fceune.edu.py\/v2\/wp-content\/uploads\/2019\/10\/WhatsApp-Image-2019-10-28-at-23.51.13.jpeg?fit=300%2C146&amp;ssl=1\" data-large-file=\"https:\/\/i0.wp.com\/www.fceune.edu.py\/v2\/wp-content\/uploads\/2019\/10\/WhatsApp-Image-2019-10-28-at-23.51.13.jpeg?fit=940%2C457&amp;ssl=1\" class=\" wp-image-9746 alignleft\" src=\"https:\/\/i1.wp.com\/www.fceune.edu.py\/v2\/wp-content\/uploads\/2019\/10\/WhatsApp-Image-2019-10-28-at-23.51.13.jpeg?resize=177%2C86\" sizes=\"(max-width: 177px) 100vw, 177px\" srcset=\"https:\/\/i1.wp.com\/www.fceune.edu.py\/v2\/wp-content\/uploads\/2019\/10\/WhatsApp-Image-2019-10-28-at-23.51.13.jpeg?resize=300%2C146&amp;ssl=1 300w, https:\/\/i1.wp.com\/www.fceune.edu.py\/v2\/wp-content\/uploads\/2019\/10\/WhatsApp-Image-2019-10-28-at-23.51.13.jpeg?resize=768%2C373&amp;ssl=1 768w, https:\/\/i1.wp.com\/www.fceune.edu.py\/v2\/wp-content\/uploads\/2019\/10\/WhatsApp-Image-2019-10-28-at-23.51.13.jpeg?resize=1024%2C498&amp;ssl=1 1024w, https:\/\/i1.wp.com\/www.fceune.edu.py\/v2\/wp-content\/uploads\/2019\/10\/WhatsApp-Image-2019-10-28-at-23.51.13.jpeg?w=1280&amp;ssl=1 1280w\" alt=\"\" width=\"177\" height=\"86\" data-attachment-id=\"9746\" data-permalink=\"https:\/\/www.fceune.edu.py\/v2\/index.php\/2019\/10\/30\/direccion-de-investigacion-de-la-fce-marco-presencia-en-la-xxvii-jornadas-de-jovenes-investigadores-de-augm\/whatsapp-image-2019-10-28-at-23-51-13\/\" data-orig-file=\"https:\/\/i1.wp.com\/www.fceune.edu.py\/v2\/wp-content\/uploads\/2019\/10\/WhatsApp-Image-2019-10-28-at-23.51.13.jpeg?fit=1280%2C622&amp;ssl=1\" data-orig-size=\"1280,622\" data-comments-opened=\"0\" data-image-meta=\"{&quot;aperture&quot;:&quot;0&quot;,&quot;credit&quot;:&quot;&quot;,&quot;camera&quot;:&quot;&quot;,&quot;caption&quot;:&quot;&quot;,&quot;created_timestamp&quot;:&quot;0&quot;,&quot;copyright&quot;:&quot;&quot;,&quot;focal_length&quot;:&quot;0&quot;,&quot;iso&quot;:&quot;0&quot;,&quot;shutter_speed&quot;:&quot;0&quot;,&quot;title&quot;:&quot;&quot;,&quot;orientation&quot;:&quot;0&quot;}\" data-image-title=\"WhatsApp Image 2019-10-28 at 23.51.13\" data-image-description=\"\" data-medium-file=\"https:\/\/i1.wp.com\/www.fceune.edu.py\/v2\/wp-content\/uploads\/2019\/10\/WhatsApp-Image-2019-10-28-at-23.51.13.jpeg?fit=300%2C146&amp;ssl=1\" data-large-file=\"https:\/\/i1.wp.com\/www.fceune.edu.py\/v2\/wp-content\/uploads\/2019\/10\/WhatsApp-Image-2019-10-28-at-23.51.13.jpeg?fit=940%2C457&amp;ssl=1\" \/><\/a><span style=\"color: #000000;\">La Asociaci\u00f3n de Universidades Grupo Montevideo (AUGM) concret\u00f3 una nueva edici\u00f3n de las Jornadas de J\u00f3venes Investigadores (JJI), la n\u00famero 27, y reuni\u00f3 cientos \u00a0de trabajos producidos por cient\u00edficos y cient\u00edficas de Paraguay, Argentina, Bolivia, Brasil, Chile y Uruguay, pertenecientes a todas las \u00e1reas del conocimiento, en la Universidad Federal de S\u00e3o Carlos (UFSCar), Brasil.<\/span> <span style=\"color: #000000;\">Desde la Universidad Nacional del Este (UNE) se presentaron 50 investigaciones, de las cuales 8 fueron trabajos elaborados por alumnos y docentes con acompa\u00f1amiento de la Direcci\u00f3n de Investigaci\u00f3n de la Facultad de Ciencias Econ\u00f3micas (FCE).<\/span><\/p>\n<hr \/>\n<p><span style=\"color: #000000;\"><strong>La FCE se destaca con premio en la JJI de la AUGM<\/strong><\/span> <a href=\"https:\/\/i2.wp.com\/www.fceune.edu.py\/v2\/wp-content\/uploads\/2019\/10\/WhatsApp-Image-2019-10-28-at-09.02.29-2-e1574690286427.jpeg\"><img loading=\"lazy\" decoding=\"async\" data-attachment-id=\"9732\" data-permalink=\"https:\/\/www.fceune.edu.py\/v2\/index.php\/2019\/10\/28\/la-fce-se-destaca-con-premio-en-la-jji-de-la-augm\/whatsapp-image-2019-10-28-at-09-02-29-2\/\" data-orig-file=\"https:\/\/i0.wp.com\/www.fceune.edu.py\/v2\/wp-content\/uploads\/2019\/10\/WhatsApp-Image-2019-10-28-at-09.02.29-2-e1574690286427.jpeg?fit=953%2C512&amp;ssl=1\" data-orig-size=\"953,512\" data-comments-opened=\"0\" data-image-meta=\"{&quot;aperture&quot;:&quot;0&quot;,&quot;credit&quot;:&quot;&quot;,&quot;camera&quot;:&quot;&quot;,&quot;caption&quot;:&quot;&quot;,&quot;created_timestamp&quot;:&quot;0&quot;,&quot;copyright&quot;:&quot;&quot;,&quot;focal_length&quot;:&quot;0&quot;,&quot;iso&quot;:&quot;0&quot;,&quot;shutter_speed&quot;:&quot;0&quot;,&quot;title&quot;:&quot;&quot;,&quot;orientation&quot;:&quot;0&quot;}\" data-image-title=\"WhatsApp Image 2019-10-28 at 09.02.29 (2)\" data-image-description=\"\" data-image-caption=\"\" data-medium-file=\"https:\/\/i0.wp.com\/www.fceune.edu.py\/v2\/wp-content\/uploads\/2019\/10\/WhatsApp-Image-2019-10-28-at-09.02.29-2-e1574690286427.jpeg?fit=300%2C161&amp;ssl=1\" data-large-file=\"https:\/\/i0.wp.com\/www.fceune.edu.py\/v2\/wp-content\/uploads\/2019\/10\/WhatsApp-Image-2019-10-28-at-09.02.29-2-e1574690286427.jpeg?fit=940%2C457&amp;ssl=1\" class=\" wp-image-9732 alignleft\" src=\"https:\/\/i1.wp.com\/www.fceune.edu.py\/v2\/wp-content\/uploads\/2019\/10\/WhatsApp-Image-2019-10-28-at-09.02.29-2-e1574690286427-300x161.jpeg?resize=196%2C105\" sizes=\"(max-width: 196px) 100vw, 196px\" srcset=\"https:\/\/i2.wp.com\/www.fceune.edu.py\/v2\/wp-content\/uploads\/2019\/10\/WhatsApp-Image-2019-10-28-at-09.02.29-2-e1574690286427.jpeg?resize=300%2C161&amp;ssl=1 300w, https:\/\/i2.wp.com\/www.fceune.edu.py\/v2\/wp-content\/uploads\/2019\/10\/WhatsApp-Image-2019-10-28-at-09.02.29-2-e1574690286427.jpeg?resize=768%2C413&amp;ssl=1 768w, https:\/\/i2.wp.com\/www.fceune.edu.py\/v2\/wp-content\/uploads\/2019\/10\/WhatsApp-Image-2019-10-28-at-09.02.29-2-e1574690286427.jpeg?w=953&amp;ssl=1 953w\" alt=\"\" width=\"196\" height=\"105\" data-attachment-id=\"9732\" data-permalink=\"https:\/\/www.fceune.edu.py\/v2\/index.php\/2019\/10\/28\/la-fce-se-destaca-con-premio-en-la-jji-de-la-augm\/whatsapp-image-2019-10-28-at-09-02-29-2\/\" data-orig-file=\"https:\/\/i2.wp.com\/www.fceune.edu.py\/v2\/wp-content\/uploads\/2019\/10\/WhatsApp-Image-2019-10-28-at-09.02.29-2-e1574690286427.jpeg?fit=953%2C512&amp;ssl=1\" data-orig-size=\"953,512\" data-comments-opened=\"0\" data-image-meta=\"{&quot;aperture&quot;:&quot;0&quot;,&quot;credit&quot;:&quot;&quot;,&quot;camera&quot;:&quot;&quot;,&quot;caption&quot;:&quot;&quot;,&quot;created_timestamp&quot;:&quot;0&quot;,&quot;copyright&quot;:&quot;&quot;,&quot;focal_length&quot;:&quot;0&quot;,&quot;iso&quot;:&quot;0&quot;,&quot;shutter_speed&quot;:&quot;0&quot;,&quot;title&quot;:&quot;&quot;,&quot;orientation&quot;:&quot;0&quot;}\" data-image-title=\"WhatsApp Image 2019-10-28 at 09.02.29 (2)\" data-image-description=\"\" data-medium-file=\"https:\/\/i2.wp.com\/www.fceune.edu.py\/v2\/wp-content\/uploads\/2019\/10\/WhatsApp-Image-2019-10-28-at-09.02.29-2-e1574690286427.jpeg?fit=300%2C161&amp;ssl=1\" data-large-file=\"https:\/\/i2.wp.com\/www.fceune.edu.py\/v2\/wp-content\/uploads\/2019\/10\/WhatsApp-Image-2019-10-28-at-09.02.29-2-e1574690286427.jpeg?fit=940%2C457&amp;ssl=1\" \/><\/a><span style=\"color: #000000;\">El Prof. Econ. Wilson Fernando Herrera, fue premiado durante la XXVII Jornadas de J\u00f3venes Investigadores (JJI) de la Asociaci\u00f3n de Universidades del Grupo Montevideo (AUGM), que se llev\u00f3 a cabo en la Universidad de S\u00e3o Carlos \u2013 S\u00e3o Paulo \u2013 Brasil, del 23 al 25 de octubre<\/span> <span style=\"color: #000000;\">El joven docente investigador realiz\u00f3 la presentaci\u00f3n oral del trabajo denominado: \u201cPlan de Gesti\u00f3n del Riesgo Crediticio en las Empresas Acopiadoras y Comercializadoras de Granos del Departamento de Alto Paran\u00e1 \u2013 Paraguay\u201d.<\/span><\/p>\n<hr \/>\n<p><span style=\"color: #000000;\"><strong>Alumno investigador de la FCE realiz\u00f3 un discurso en el lanzamiento de la primera edici\u00f3n de la Revista Cient\u00edfica de la Juventud<\/strong><\/span> <a href=\"https:\/\/i1.wp.com\/www.fceune.edu.py\/v2\/wp-content\/uploads\/2019\/07\/WhatsApp-Image-2019-07-26-at-14.32.52.jpeg\"><img loading=\"lazy\" decoding=\"async\" data-attachment-id=\"8998\" data-permalink=\"https:\/\/www.fceune.edu.py\/v2\/index.php\/2019\/07\/26\/alumno-investigador-de-la-fce-realizo-un-discurso-en-el-lanzamiento-de-la-primera-edicion-de-la-revista-cientifica-de-la-juventud\/whatsapp-image-2019-07-26-at-14-32-52\/\" data-orig-file=\"https:\/\/i0.wp.com\/www.fceune.edu.py\/v2\/wp-content\/uploads\/2019\/07\/WhatsApp-Image-2019-07-26-at-14.32.52.jpeg?fit=895%2C622&amp;ssl=1\" data-orig-size=\"895,622\" data-comments-opened=\"0\" data-image-meta=\"{&quot;aperture&quot;:&quot;0&quot;,&quot;credit&quot;:&quot;&quot;,&quot;camera&quot;:&quot;&quot;,&quot;caption&quot;:&quot;&quot;,&quot;created_timestamp&quot;:&quot;0&quot;,&quot;copyright&quot;:&quot;&quot;,&quot;focal_length&quot;:&quot;0&quot;,&quot;iso&quot;:&quot;0&quot;,&quot;shutter_speed&quot;:&quot;0&quot;,&quot;title&quot;:&quot;&quot;,&quot;orientation&quot;:&quot;0&quot;}\" data-image-title=\"WhatsApp Image 2019-07-26 at 14.32.52\" data-image-description=\"\" data-image-caption=\"\" data-medium-file=\"https:\/\/i0.wp.com\/www.fceune.edu.py\/v2\/wp-content\/uploads\/2019\/07\/WhatsApp-Image-2019-07-26-at-14.32.52.jpeg?fit=300%2C208&amp;ssl=1\" data-large-file=\"https:\/\/i0.wp.com\/www.fceune.edu.py\/v2\/wp-content\/uploads\/2019\/07\/WhatsApp-Image-2019-07-26-at-14.32.52.jpeg?fit=895%2C622&amp;ssl=1\" class=\"wp-image-8998 alignleft\" src=\"https:\/\/i1.wp.com\/www.fceune.edu.py\/v2\/wp-content\/uploads\/2019\/07\/WhatsApp-Image-2019-07-26-at-14.32.52.jpeg?resize=185%2C128\" sizes=\"(max-width: 185px) 100vw, 185px\" srcset=\"https:\/\/i1.wp.com\/www.fceune.edu.py\/v2\/wp-content\/uploads\/2019\/07\/WhatsApp-Image-2019-07-26-at-14.32.52.jpeg?resize=300%2C208&amp;ssl=1 300w, https:\/\/i1.wp.com\/www.fceune.edu.py\/v2\/wp-content\/uploads\/2019\/07\/WhatsApp-Image-2019-07-26-at-14.32.52.jpeg?resize=768%2C534&amp;ssl=1 768w, https:\/\/i1.wp.com\/www.fceune.edu.py\/v2\/wp-content\/uploads\/2019\/07\/WhatsApp-Image-2019-07-26-at-14.32.52.jpeg?w=895&amp;ssl=1 895w\" alt=\"\" width=\"185\" height=\"128\" data-attachment-id=\"8998\" data-permalink=\"https:\/\/www.fceune.edu.py\/v2\/index.php\/2019\/07\/26\/alumno-investigador-de-la-fce-realizo-un-discurso-en-el-lanzamiento-de-la-primera-edicion-de-la-revista-cientifica-de-la-juventud\/whatsapp-image-2019-07-26-at-14-32-52\/\" data-orig-file=\"https:\/\/i1.wp.com\/www.fceune.edu.py\/v2\/wp-content\/uploads\/2019\/07\/WhatsApp-Image-2019-07-26-at-14.32.52.jpeg?fit=895%2C622&amp;ssl=1\" data-orig-size=\"895,622\" data-comments-opened=\"0\" data-image-meta=\"{&quot;aperture&quot;:&quot;0&quot;,&quot;credit&quot;:&quot;&quot;,&quot;camera&quot;:&quot;&quot;,&quot;caption&quot;:&quot;&quot;,&quot;created_timestamp&quot;:&quot;0&quot;,&quot;copyright&quot;:&quot;&quot;,&quot;focal_length&quot;:&quot;0&quot;,&quot;iso&quot;:&quot;0&quot;,&quot;shutter_speed&quot;:&quot;0&quot;,&quot;title&quot;:&quot;&quot;,&quot;orientation&quot;:&quot;0&quot;}\" data-image-title=\"WhatsApp Image 2019-07-26 at 14.32.52\" data-image-description=\"\" data-medium-file=\"https:\/\/i1.wp.com\/www.fceune.edu.py\/v2\/wp-content\/uploads\/2019\/07\/WhatsApp-Image-2019-07-26-at-14.32.52.jpeg?fit=300%2C208&amp;ssl=1\" data-large-file=\"https:\/\/i1.wp.com\/www.fceune.edu.py\/v2\/wp-content\/uploads\/2019\/07\/WhatsApp-Image-2019-07-26-at-14.32.52.jpeg?fit=895%2C622&amp;ssl=1\" \/><\/a><span style=\"color: #000000;\">El Univ. Carlos Miguel Bogado Duarte, alumno investigador de la carrera de Administraci\u00f3n, particip\u00f3 del lanzamiento de la Primera Edici\u00f3n de la Revista Cient\u00edfica de la Juventud, en la cual est\u00e1n publicados los trabajos de investigaci\u00f3n de m\u00e1s de 30 j\u00f3venes de todo el pa\u00eds, y cuya encargada de la editorial es la Secretar\u00eda Nacional de la Juventud (SNJ).<\/span> <span style=\"color: #000000;\">El t\u00edtulo del trabajo de investigaci\u00f3n presentado fue: \u201cAcceso a la educaci\u00f3n superior: Un reto para la juventud rural del municipio Dr. Juan Le\u00f3n Mallorqu\u00edn\u201d. Cabe se\u00f1alar, que esta investigaci\u00f3n fue premiada en la XXVI Jornada de J\u00f3venes Investigadores de la AUGM, realizada en la Universidad Nacional del Cuyo, Mendoza \u2013 Argentina, en el a\u00f1o 2018.<\/span><\/p>\n<div id=\"attachment_8998\" class=\"wp-caption alignright\">\u00a0<\/div>\n<hr \/>\n<p><span style=\"color: #000000;\"><strong>Tercera edici\u00f3n de \u00abCampeones del Saber\u00bb<\/strong><\/span> <a href=\"https:\/\/i0.wp.com\/www.fceune.edu.py\/v2\/wp-content\/uploads\/2019\/07\/WhatsApp-Image-2019-07-19-at-12.53.15.jpeg\"><img loading=\"lazy\" decoding=\"async\" data-attachment-id=\"8935\" data-permalink=\"https:\/\/www.fceune.edu.py\/v2\/index.php\/2019\/07\/22\/un-total-de-33-equipos-participan-en-la-ecochampions-2019\/whatsapp-image-2019-07-19-at-12-53-15\/\" data-orig-file=\"https:\/\/i0.wp.com\/www.fceune.edu.py\/v2\/wp-content\/uploads\/2019\/07\/WhatsApp-Image-2019-07-19-at-12.53.15.jpeg?fit=1280%2C720&amp;ssl=1\" data-orig-size=\"1280,720\" data-comments-opened=\"0\" data-image-meta=\"{&quot;aperture&quot;:&quot;0&quot;,&quot;credit&quot;:&quot;&quot;,&quot;camera&quot;:&quot;&quot;,&quot;caption&quot;:&quot;&quot;,&quot;created_timestamp&quot;:&quot;0&quot;,&quot;copyright&quot;:&quot;&quot;,&quot;focal_length&quot;:&quot;0&quot;,&quot;iso&quot;:&quot;0&quot;,&quot;shutter_speed&quot;:&quot;0&quot;,&quot;title&quot;:&quot;&quot;,&quot;orientation&quot;:&quot;0&quot;}\" data-image-title=\"WhatsApp Image 2019-07-19 at 12.53.15\" data-image-description=\"\" data-image-caption=\"\" data-medium-file=\"https:\/\/i0.wp.com\/www.fceune.edu.py\/v2\/wp-content\/uploads\/2019\/07\/WhatsApp-Image-2019-07-19-at-12.53.15.jpeg?fit=300%2C169&amp;ssl=1\" data-large-file=\"https:\/\/i0.wp.com\/www.fceune.edu.py\/v2\/wp-content\/uploads\/2019\/07\/WhatsApp-Image-2019-07-19-at-12.53.15.jpeg?fit=940%2C529&amp;ssl=1\" class=\" wp-image-8935 alignleft\" src=\"https:\/\/i0.wp.com\/www.fceune.edu.py\/v2\/wp-content\/uploads\/2019\/07\/WhatsApp-Image-2019-07-19-at-12.53.15.jpeg?resize=198%2C112\" sizes=\"(max-width: 198px) 100vw, 198px\" srcset=\"https:\/\/i0.wp.com\/www.fceune.edu.py\/v2\/wp-content\/uploads\/2019\/07\/WhatsApp-Image-2019-07-19-at-12.53.15.jpeg?resize=300%2C169&amp;ssl=1 300w, https:\/\/i0.wp.com\/www.fceune.edu.py\/v2\/wp-content\/uploads\/2019\/07\/WhatsApp-Image-2019-07-19-at-12.53.15.jpeg?resize=768%2C432&amp;ssl=1 768w, https:\/\/i0.wp.com\/www.fceune.edu.py\/v2\/wp-content\/uploads\/2019\/07\/WhatsApp-Image-2019-07-19-at-12.53.15.jpeg?resize=1024%2C576&amp;ssl=1 1024w, https:\/\/i0.wp.com\/www.fceune.edu.py\/v2\/wp-content\/uploads\/2019\/07\/WhatsApp-Image-2019-07-19-at-12.53.15.jpeg?w=1280&amp;ssl=1 1280w\" alt=\"\" width=\"198\" height=\"112\" data-attachment-id=\"8935\" data-permalink=\"https:\/\/www.fceune.edu.py\/v2\/index.php\/2019\/07\/22\/un-total-de-33-equipos-participan-en-la-ecochampions-2019\/whatsapp-image-2019-07-19-at-12-53-15\/\" data-orig-file=\"https:\/\/i0.wp.com\/www.fceune.edu.py\/v2\/wp-content\/uploads\/2019\/07\/WhatsApp-Image-2019-07-19-at-12.53.15.jpeg?fit=1280%2C720&amp;ssl=1\" data-orig-size=\"1280,720\" data-comments-opened=\"0\" data-image-meta=\"{&quot;aperture&quot;:&quot;0&quot;,&quot;credit&quot;:&quot;&quot;,&quot;camera&quot;:&quot;&quot;,&quot;caption&quot;:&quot;&quot;,&quot;created_timestamp&quot;:&quot;0&quot;,&quot;copyright&quot;:&quot;&quot;,&quot;focal_length&quot;:&quot;0&quot;,&quot;iso&quot;:&quot;0&quot;,&quot;shutter_speed&quot;:&quot;0&quot;,&quot;title&quot;:&quot;&quot;,&quot;orientation&quot;:&quot;0&quot;}\" data-image-title=\"WhatsApp Image 2019-07-19 at 12.53.15\" data-image-description=\"\" data-medium-file=\"https:\/\/i0.wp.com\/www.fceune.edu.py\/v2\/wp-content\/uploads\/2019\/07\/WhatsApp-Image-2019-07-19-at-12.53.15.jpeg?fit=300%2C169&amp;ssl=1\" data-large-file=\"https:\/\/i0.wp.com\/www.fceune.edu.py\/v2\/wp-content\/uploads\/2019\/07\/WhatsApp-Image-2019-07-19-at-12.53.15.jpeg?fit=940%2C529&amp;ssl=1\" \/><\/a><span style=\"color: #000000;\">La 3ra edici\u00f3n de la Olimpiada Universitaria de Conocimientos: \u201cCampeones del Saber\u201d, se llevar\u00e1 a cabo en la Facultad de Ciencias Econ\u00f3micas (FCE).\u00a0Del evento podr\u00e1n participar todos los alumnos de las tres carreras de grado: Contabilidad, Administraci\u00f3n y Econom\u00eda. Caga grupo deber\u00e1 estar compuesto por 3 integrantes\u00a0La inversi\u00f3n es de Gs. 100.000 por equipo. Los premios para quienes obtengan el primer puesto, son: Gs. 3.300.000, trofeos, medallas y certificados, entre otros.<\/span><\/p>\n<hr \/>\n<p><span style=\"color: #000000;\"><strong>Se presentaron 8 trabajos en la JJI de la UNE<\/strong><\/span> <a href=\"https:\/\/i2.wp.com\/www.fceune.edu.py\/v2\/wp-content\/uploads\/2019\/06\/WhatsApp-Image-2019-06-29-at-11.31.17-1-e1561828161492.jpeg\"><img loading=\"lazy\" decoding=\"async\" data-attachment-id=\"8779\" data-permalink=\"https:\/\/www.fceune.edu.py\/v2\/index.php\/2019\/06\/29\/direccion-de-investigacion-de-la-fce-presento-8-trabajos-en-la-jji-de-la-une\/whatsapp-image-2019-06-29-at-11-31-17-1\/\" data-orig-file=\"https:\/\/i0.wp.com\/www.fceune.edu.py\/v2\/wp-content\/uploads\/2019\/06\/WhatsApp-Image-2019-06-29-at-11.31.17-1-e1561828161492.jpeg?fit=1164%2C476&amp;ssl=1\" data-orig-size=\"1164,476\" data-comments-opened=\"0\" data-image-meta=\"{&quot;aperture&quot;:&quot;0&quot;,&quot;credit&quot;:&quot;&quot;,&quot;camera&quot;:&quot;&quot;,&quot;caption&quot;:&quot;&quot;,&quot;created_timestamp&quot;:&quot;0&quot;,&quot;copyright&quot;:&quot;&quot;,&quot;focal_length&quot;:&quot;0&quot;,&quot;iso&quot;:&quot;0&quot;,&quot;shutter_speed&quot;:&quot;0&quot;,&quot;title&quot;:&quot;&quot;,&quot;orientation&quot;:&quot;0&quot;}\" data-image-title=\"WhatsApp Image 2019-06-29 at 11.31.17 (1)\" data-image-description=\"\" data-image-caption=\"\" data-medium-file=\"https:\/\/i0.wp.com\/www.fceune.edu.py\/v2\/wp-content\/uploads\/2019\/06\/WhatsApp-Image-2019-06-29-at-11.31.17-1-e1561828161492.jpeg?fit=300%2C123&amp;ssl=1\" data-large-file=\"https:\/\/i0.wp.com\/www.fceune.edu.py\/v2\/wp-content\/uploads\/2019\/06\/WhatsApp-Image-2019-06-29-at-11.31.17-1-e1561828161492.jpeg?fit=940%2C385&amp;ssl=1\" class=\"wp-image-8779 alignleft\" src=\"https:\/\/i1.wp.com\/www.fceune.edu.py\/v2\/wp-content\/uploads\/2019\/06\/WhatsApp-Image-2019-06-29-at-11.31.17-1-e1561828161492-300x123.jpeg?resize=195%2C80\" sizes=\"(max-width: 195px) 100vw, 195px\" srcset=\"https:\/\/i2.wp.com\/www.fceune.edu.py\/v2\/wp-content\/uploads\/2019\/06\/WhatsApp-Image-2019-06-29-at-11.31.17-1-e1561828161492.jpeg?resize=300%2C123&amp;ssl=1 300w, https:\/\/i2.wp.com\/www.fceune.edu.py\/v2\/wp-content\/uploads\/2019\/06\/WhatsApp-Image-2019-06-29-at-11.31.17-1-e1561828161492.jpeg?resize=768%2C314&amp;ssl=1 768w, https:\/\/i2.wp.com\/www.fceune.edu.py\/v2\/wp-content\/uploads\/2019\/06\/WhatsApp-Image-2019-06-29-at-11.31.17-1-e1561828161492.jpeg?resize=1024%2C419&amp;ssl=1 1024w, https:\/\/i2.wp.com\/www.fceune.edu.py\/v2\/wp-content\/uploads\/2019\/06\/WhatsApp-Image-2019-06-29-at-11.31.17-1-e1561828161492.jpeg?resize=825%2C340&amp;ssl=1 825w, https:\/\/i2.wp.com\/www.fceune.edu.py\/v2\/wp-content\/uploads\/2019\/06\/WhatsApp-Image-2019-06-29-at-11.31.17-1-e1561828161492.jpeg?w=1164&amp;ssl=1 1164w\" alt=\"\" width=\"195\" height=\"80\" data-attachment-id=\"8779\" data-permalink=\"https:\/\/www.fceune.edu.py\/v2\/index.php\/2019\/06\/29\/direccion-de-investigacion-de-la-fce-presento-8-trabajos-en-la-jji-de-la-une\/whatsapp-image-2019-06-29-at-11-31-17-1\/\" data-orig-file=\"https:\/\/i2.wp.com\/www.fceune.edu.py\/v2\/wp-content\/uploads\/2019\/06\/WhatsApp-Image-2019-06-29-at-11.31.17-1-e1561828161492.jpeg?fit=1164%2C476&amp;ssl=1\" data-orig-size=\"1164,476\" data-comments-opened=\"0\" data-image-meta=\"{&quot;aperture&quot;:&quot;0&quot;,&quot;credit&quot;:&quot;&quot;,&quot;camera&quot;:&quot;&quot;,&quot;caption&quot;:&quot;&quot;,&quot;created_timestamp&quot;:&quot;0&quot;,&quot;copyright&quot;:&quot;&quot;,&quot;focal_length&quot;:&quot;0&quot;,&quot;iso&quot;:&quot;0&quot;,&quot;shutter_speed&quot;:&quot;0&quot;,&quot;title&quot;:&quot;&quot;,&quot;orientation&quot;:&quot;0&quot;}\" data-image-title=\"WhatsApp Image 2019-06-29 at 11.31.17 (1)\" data-image-description=\"\" data-medium-file=\"https:\/\/i2.wp.com\/www.fceune.edu.py\/v2\/wp-content\/uploads\/2019\/06\/WhatsApp-Image-2019-06-29-at-11.31.17-1-e1561828161492.jpeg?fit=300%2C123&amp;ssl=1\" data-large-file=\"https:\/\/i2.wp.com\/www.fceune.edu.py\/v2\/wp-content\/uploads\/2019\/06\/WhatsApp-Image-2019-06-29-at-11.31.17-1-e1561828161492.jpeg?fit=940%2C385&amp;ssl=1\" \/><\/a><span style=\"color: #000000;\">La Direcci\u00f3n de Investigaci\u00f3n present\u00f3 ocho trabajos de investigaci\u00f3n en la VIII Jornada de J\u00f3venes Investigadores (JJI) de la Universidad Nacional del Este (UNE) que se desarroll\u00f3 en la Facultad Polit\u00e9cnica. El evento acad\u00e9mico, integra a estudiantes de las distintas facultades de la UNE, de Escuelas Superiores y de Posgrado.<\/span> <span style=\"color: #000000;\">Los mejores trabajos seleccionados, representar\u00e1n a la UNE en las XXVII JJI de la Asociaci\u00f3n de Universidades Grupo Montevideo (AUGM), a realizarse en la Universidad Federal de S\u00e3o Carlos (UFSCar), Brasil, el 23, 24 y 25 de octubre de este a\u00f1o.<\/span><\/p>\n<hr \/>\n<p><span style=\"color: #000000;\"><strong>Un total de 31 p\u00f3steres presentados en la \u00abI Jornada de Publicaci\u00f3n de Resultados de Investigaci\u00f3n\u00bb<\/strong><\/span> <a href=\"https:\/\/i2.wp.com\/www.fceune.edu.py\/v2\/wp-content\/uploads\/2019\/05\/WhatsApp-Image-2019-05-30-at-11.33.58.jpeg\"><img loading=\"lazy\" decoding=\"async\" data-attachment-id=\"8561\" data-permalink=\"https:\/\/www.fceune.edu.py\/v2\/index.php\/2019\/05\/30\/un-total-de-31-posteres-presentados-en-la-i-jornada-de-publicacion-de-resultados-de-investigacion\/whatsapp-image-2019-05-30-at-11-33-58\/\" data-orig-file=\"https:\/\/i0.wp.com\/www.fceune.edu.py\/v2\/wp-content\/uploads\/2019\/05\/WhatsApp-Image-2019-05-30-at-11.33.58.jpeg?fit=1280%2C960&amp;ssl=1\" data-orig-size=\"1280,960\" data-comments-opened=\"0\" data-image-meta=\"{&quot;aperture&quot;:&quot;0&quot;,&quot;credit&quot;:&quot;&quot;,&quot;camera&quot;:&quot;&quot;,&quot;caption&quot;:&quot;&quot;,&quot;created_timestamp&quot;:&quot;0&quot;,&quot;copyright&quot;:&quot;&quot;,&quot;focal_length&quot;:&quot;0&quot;,&quot;iso&quot;:&quot;0&quot;,&quot;shutter_speed&quot;:&quot;0&quot;,&quot;title&quot;:&quot;&quot;,&quot;orientation&quot;:&quot;0&quot;}\" data-image-title=\"WhatsApp Image 2019-05-30 at 11.33.58\" data-image-description=\"\" data-image-caption=\"\" data-medium-file=\"https:\/\/i0.wp.com\/www.fceune.edu.py\/v2\/wp-content\/uploads\/2019\/05\/WhatsApp-Image-2019-05-30-at-11.33.58.jpeg?fit=300%2C225&amp;ssl=1\" data-large-file=\"https:\/\/i0.wp.com\/www.fceune.edu.py\/v2\/wp-content\/uploads\/2019\/05\/WhatsApp-Image-2019-05-30-at-11.33.58.jpeg?fit=940%2C705&amp;ssl=1\" class=\" wp-image-8561 alignleft\" src=\"https:\/\/i2.wp.com\/www.fceune.edu.py\/v2\/wp-content\/uploads\/2019\/05\/WhatsApp-Image-2019-05-30-at-11.33.58.jpeg?resize=156%2C117\" sizes=\"(max-width: 156px) 100vw, 156px\" srcset=\"https:\/\/i2.wp.com\/www.fceune.edu.py\/v2\/wp-content\/uploads\/2019\/05\/WhatsApp-Image-2019-05-30-at-11.33.58.jpeg?resize=300%2C225&amp;ssl=1 300w, https:\/\/i2.wp.com\/www.fceune.edu.py\/v2\/wp-content\/uploads\/2019\/05\/WhatsApp-Image-2019-05-30-at-11.33.58.jpeg?resize=768%2C576&amp;ssl=1 768w, https:\/\/i2.wp.com\/www.fceune.edu.py\/v2\/wp-content\/uploads\/2019\/05\/WhatsApp-Image-2019-05-30-at-11.33.58.jpeg?resize=1024%2C768&amp;ssl=1 1024w, https:\/\/i2.wp.com\/www.fceune.edu.py\/v2\/wp-content\/uploads\/2019\/05\/WhatsApp-Image-2019-05-30-at-11.33.58.jpeg?resize=627%2C470&amp;ssl=1 627w, https:\/\/i2.wp.com\/www.fceune.edu.py\/v2\/wp-content\/uploads\/2019\/05\/WhatsApp-Image-2019-05-30-at-11.33.58.jpeg?w=1280&amp;ssl=1 1280w\" alt=\"\" width=\"156\" height=\"117\" data-attachment-id=\"8561\" data-permalink=\"https:\/\/www.fceune.edu.py\/v2\/index.php\/2019\/05\/30\/un-total-de-31-posteres-presentados-en-la-i-jornada-de-publicacion-de-resultados-de-investigacion\/whatsapp-image-2019-05-30-at-11-33-58\/\" data-orig-file=\"https:\/\/i2.wp.com\/www.fceune.edu.py\/v2\/wp-content\/uploads\/2019\/05\/WhatsApp-Image-2019-05-30-at-11.33.58.jpeg?fit=1280%2C960&amp;ssl=1\" data-orig-size=\"1280,960\" data-comments-opened=\"0\" data-image-meta=\"{&quot;aperture&quot;:&quot;0&quot;,&quot;credit&quot;:&quot;&quot;,&quot;camera&quot;:&quot;&quot;,&quot;caption&quot;:&quot;&quot;,&quot;created_timestamp&quot;:&quot;0&quot;,&quot;copyright&quot;:&quot;&quot;,&quot;focal_length&quot;:&quot;0&quot;,&quot;iso&quot;:&quot;0&quot;,&quot;shutter_speed&quot;:&quot;0&quot;,&quot;title&quot;:&quot;&quot;,&quot;orientation&quot;:&quot;0&quot;}\" data-image-title=\"WhatsApp Image 2019-05-30 at 11.33.58\" data-image-description=\"\" data-medium-file=\"https:\/\/i2.wp.com\/www.fceune.edu.py\/v2\/wp-content\/uploads\/2019\/05\/WhatsApp-Image-2019-05-30-at-11.33.58.jpeg?fit=300%2C225&amp;ssl=1\" data-large-file=\"https:\/\/i2.wp.com\/www.fceune.edu.py\/v2\/wp-content\/uploads\/2019\/05\/WhatsApp-Image-2019-05-30-at-11.33.58.jpeg?fit=940%2C705&amp;ssl=1\" \/><\/a><span style=\"color: #000000;\">La Direcci\u00f3n de Investigaci\u00f3n organiz\u00f3 la \u201cI Jornada de Publicaci\u00f3n de Resultados de Investigaci\u00f3n\u201d con la presentaci\u00f3n de 31 p\u00f3steres de trabajos de investigaci\u00f3n. El evento se desarroll\u00f3 en el Sal\u00f3n Auditorio del Rectorado de la UNE.La conducci\u00f3n de la actividad estuvo a cargo de la Univ. M\u00f3nica Z\u00e1rate y del Univ. Edgar Miranda, ambos son ganadores de la competencia de oratoria a nivel nacional y se encuentran cursando la carrera de Contabilidad.<\/span><\/p>\n<hr \/>\n<p><span style=\"color: #000000;\"><strong>Direcci\u00f3n de Investigaci\u00f3n realiz\u00f3 visitas programadas a cursos de la sede central y filiales<\/strong><\/span> <a href=\"https:\/\/i2.wp.com\/www.fceune.edu.py\/v2\/wp-content\/uploads\/2019\/05\/WhatsApp-Image-2019-05-16-at-20.57.18-1-e1558116436213.jpeg\"><img loading=\"lazy\" decoding=\"async\" data-attachment-id=\"8453\" data-permalink=\"https:\/\/www.fceune.edu.py\/v2\/index.php\/2019\/05\/17\/direccion-de-investigacion-realiza-visitas-programadas-a-cursos-de-la-sede-central\/whatsapp-image-2019-05-16-at-20-57-18-1\/\" data-orig-file=\"https:\/\/i0.wp.com\/www.fceune.edu.py\/v2\/wp-content\/uploads\/2019\/05\/WhatsApp-Image-2019-05-16-at-20.57.18-1-e1558116436213.jpeg?fit=1046%2C598&amp;ssl=1\" data-orig-size=\"1046,598\" data-comments-opened=\"0\" data-image-meta=\"{&quot;aperture&quot;:&quot;0&quot;,&quot;credit&quot;:&quot;&quot;,&quot;camera&quot;:&quot;&quot;,&quot;caption&quot;:&quot;&quot;,&quot;created_timestamp&quot;:&quot;0&quot;,&quot;copyright&quot;:&quot;&quot;,&quot;focal_length&quot;:&quot;0&quot;,&quot;iso&quot;:&quot;0&quot;,&quot;shutter_speed&quot;:&quot;0&quot;,&quot;title&quot;:&quot;&quot;,&quot;orientation&quot;:&quot;0&quot;}\" data-image-title=\"WhatsApp Image 2019-05-16 at 20.57.18 (1)\" data-image-description=\"\" data-image-caption=\"\" data-medium-file=\"https:\/\/i0.wp.com\/www.fceune.edu.py\/v2\/wp-content\/uploads\/2019\/05\/WhatsApp-Image-2019-05-16-at-20.57.18-1-e1558116436213.jpeg?fit=300%2C172&amp;ssl=1\" data-large-file=\"https:\/\/i0.wp.com\/www.fceune.edu.py\/v2\/wp-content\/uploads\/2019\/05\/WhatsApp-Image-2019-05-16-at-20.57.18-1-e1558116436213.jpeg?fit=940%2C537&amp;ssl=1\" class=\"wp-image-8453 alignleft\" src=\"https:\/\/i2.wp.com\/www.fceune.edu.py\/v2\/wp-content\/uploads\/2019\/05\/WhatsApp-Image-2019-05-16-at-20.57.18-1-e1558116436213-300x172.jpeg?resize=164%2C94\" sizes=\"(max-width: 164px) 100vw, 164px\" srcset=\"https:\/\/i2.wp.com\/www.fceune.edu.py\/v2\/wp-content\/uploads\/2019\/05\/WhatsApp-Image-2019-05-16-at-20.57.18-1-e1558116436213.jpeg?resize=300%2C172&amp;ssl=1 300w, https:\/\/i2.wp.com\/www.fceune.edu.py\/v2\/wp-content\/uploads\/2019\/05\/WhatsApp-Image-2019-05-16-at-20.57.18-1-e1558116436213.jpeg?resize=768%2C439&amp;ssl=1 768w, https:\/\/i2.wp.com\/www.fceune.edu.py\/v2\/wp-content\/uploads\/2019\/05\/WhatsApp-Image-2019-05-16-at-20.57.18-1-e1558116436213.jpeg?resize=1024%2C585&amp;ssl=1 1024w, https:\/\/i2.wp.com\/www.fceune.edu.py\/v2\/wp-content\/uploads\/2019\/05\/WhatsApp-Image-2019-05-16-at-20.57.18-1-e1558116436213.jpeg?w=1046&amp;ssl=1 1046w\" alt=\"\" width=\"164\" height=\"94\" data-attachment-id=\"8453\" data-permalink=\"https:\/\/www.fceune.edu.py\/v2\/index.php\/2019\/05\/17\/direccion-de-investigacion-realiza-visitas-programadas-a-cursos-de-la-sede-central\/whatsapp-image-2019-05-16-at-20-57-18-1\/\" data-orig-file=\"https:\/\/i2.wp.com\/www.fceune.edu.py\/v2\/wp-content\/uploads\/2019\/05\/WhatsApp-Image-2019-05-16-at-20.57.18-1-e1558116436213.jpeg?fit=1046%2C598&amp;ssl=1\" data-orig-size=\"1046,598\" data-comments-opened=\"0\" data-image-meta=\"{&quot;aperture&quot;:&quot;0&quot;,&quot;credit&quot;:&quot;&quot;,&quot;camera&quot;:&quot;&quot;,&quot;caption&quot;:&quot;&quot;,&quot;created_timestamp&quot;:&quot;0&quot;,&quot;copyright&quot;:&quot;&quot;,&quot;focal_length&quot;:&quot;0&quot;,&quot;iso&quot;:&quot;0&quot;,&quot;shutter_speed&quot;:&quot;0&quot;,&quot;title&quot;:&quot;&quot;,&quot;orientation&quot;:&quot;0&quot;}\" data-image-title=\"WhatsApp Image 2019-05-16 at 20.57.18 (1)\" data-image-description=\"\" data-medium-file=\"https:\/\/i2.wp.com\/www.fceune.edu.py\/v2\/wp-content\/uploads\/2019\/05\/WhatsApp-Image-2019-05-16-at-20.57.18-1-e1558116436213.jpeg?fit=300%2C172&amp;ssl=1\" data-large-file=\"https:\/\/i2.wp.com\/www.fceune.edu.py\/v2\/wp-content\/uploads\/2019\/05\/WhatsApp-Image-2019-05-16-at-20.57.18-1-e1558116436213.jpeg?fit=940%2C537&amp;ssl=1\" \/><\/a><span style=\"color: #000000;\">La Direcci\u00f3n de Investigaci\u00f3n realiz\u00f3 visitas programadas a los cursos de las carreras de grado de la sede central, filiales de Santa Rita y Juan Le\u00f3n Mallorqu\u00edn, con acompa\u00f1amiento de los docentes y alumnos investigadores, a fin de dar a conocer los trabajos desarrollados por dicha dependencia.<\/span><\/p>\n<hr \/>\n<p><span style=\"color: #000000;\"><strong>Direcci\u00f3n de Investigaci\u00f3n de la FCE se destaca por los trabajos realizados con los alumnos<\/strong><\/span> <a href=\"https:\/\/i1.wp.com\/www.fceune.edu.py\/v2\/wp-content\/uploads\/2018\/10\/WhatsApp-Image-2018-10-19-at-12.43.21.jpeg\"><img loading=\"lazy\" decoding=\"async\" data-attachment-id=\"6869\" data-permalink=\"https:\/\/www.fceune.edu.py\/v2\/index.php\/2018\/10\/19\/la-fce-se-alza-una-vez-con-un-premio-en-la-jji-de-la-augm\/whatsapp-image-2018-10-19-at-12-43-21\/\" data-orig-file=\"https:\/\/i0.wp.com\/www.fceune.edu.py\/v2\/wp-content\/uploads\/2018\/10\/WhatsApp-Image-2018-10-19-at-12.43.21.jpeg?fit=1032%2C581&amp;ssl=1\" data-orig-size=\"1032,581\" data-comments-opened=\"0\" data-image-meta=\"{&quot;aperture&quot;:&quot;0&quot;,&quot;credit&quot;:&quot;&quot;,&quot;camera&quot;:&quot;&quot;,&quot;caption&quot;:&quot;&quot;,&quot;created_timestamp&quot;:&quot;0&quot;,&quot;copyright&quot;:&quot;&quot;,&quot;focal_length&quot;:&quot;0&quot;,&quot;iso&quot;:&quot;0&quot;,&quot;shutter_speed&quot;:&quot;0&quot;,&quot;title&quot;:&quot;&quot;,&quot;orientation&quot;:&quot;0&quot;}\" data-image-title=\"WhatsApp Image 2018-10-19 at 12.43.21\" data-image-description=\"\" data-image-caption=\"\" data-medium-file=\"https:\/\/i0.wp.com\/www.fceune.edu.py\/v2\/wp-content\/uploads\/2018\/10\/WhatsApp-Image-2018-10-19-at-12.43.21.jpeg?fit=300%2C169&amp;ssl=1\" data-large-file=\"https:\/\/i0.wp.com\/www.fceune.edu.py\/v2\/wp-content\/uploads\/2018\/10\/WhatsApp-Image-2018-10-19-at-12.43.21.jpeg?fit=940%2C529&amp;ssl=1\" class=\"wp-image-6869 alignleft\" src=\"https:\/\/i0.wp.com\/www.fceune.edu.py\/v2\/wp-content\/uploads\/2018\/10\/WhatsApp-Image-2018-10-19-at-12.43.21-300x169.jpeg?resize=177%2C100\" sizes=\"(max-width: 177px) 100vw, 177px\" srcset=\"https:\/\/i1.wp.com\/www.fceune.edu.py\/v2\/wp-content\/uploads\/2018\/10\/WhatsApp-Image-2018-10-19-at-12.43.21.jpeg?resize=300%2C169&amp;ssl=1 300w, https:\/\/i1.wp.com\/www.fceune.edu.py\/v2\/wp-content\/uploads\/2018\/10\/WhatsApp-Image-2018-10-19-at-12.43.21.jpeg?resize=768%2C432&amp;ssl=1 768w, https:\/\/i1.wp.com\/www.fceune.edu.py\/v2\/wp-content\/uploads\/2018\/10\/WhatsApp-Image-2018-10-19-at-12.43.21.jpeg?resize=1024%2C576&amp;ssl=1 1024w, https:\/\/i1.wp.com\/www.fceune.edu.py\/v2\/wp-content\/uploads\/2018\/10\/WhatsApp-Image-2018-10-19-at-12.43.21.jpeg?w=1032&amp;ssl=1 1032w\" alt=\"\" width=\"177\" height=\"100\" data-attachment-id=\"6869\" data-permalink=\"https:\/\/www.fceune.edu.py\/v2\/index.php\/2018\/10\/19\/la-fce-se-alza-una-vez-con-un-premio-en-la-jji-de-la-augm\/whatsapp-image-2018-10-19-at-12-43-21\/\" data-orig-file=\"https:\/\/i1.wp.com\/www.fceune.edu.py\/v2\/wp-content\/uploads\/2018\/10\/WhatsApp-Image-2018-10-19-at-12.43.21.jpeg?fit=1032%2C581&amp;ssl=1\" data-orig-size=\"1032,581\" data-comments-opened=\"0\" data-image-meta=\"{&quot;aperture&quot;:&quot;0&quot;,&quot;credit&quot;:&quot;&quot;,&quot;camera&quot;:&quot;&quot;,&quot;caption&quot;:&quot;&quot;,&quot;created_timestamp&quot;:&quot;0&quot;,&quot;copyright&quot;:&quot;&quot;,&quot;focal_length&quot;:&quot;0&quot;,&quot;iso&quot;:&quot;0&quot;,&quot;shutter_speed&quot;:&quot;0&quot;,&quot;title&quot;:&quot;&quot;,&quot;orientation&quot;:&quot;0&quot;}\" data-image-title=\"WhatsApp Image 2018-10-19 at 12.43.21\" data-image-description=\"\" data-medium-file=\"https:\/\/i1.wp.com\/www.fceune.edu.py\/v2\/wp-content\/uploads\/2018\/10\/WhatsApp-Image-2018-10-19-at-12.43.21.jpeg?fit=300%2C169&amp;ssl=1\" data-large-file=\"https:\/\/i1.wp.com\/www.fceune.edu.py\/v2\/wp-content\/uploads\/2018\/10\/WhatsApp-Image-2018-10-19-at-12.43.21.jpeg?fit=940%2C529&amp;ssl=1\" data-recalc-dims=\"1\" \/><\/a><span style=\"color: #000000;\">La Direcci\u00f3n de Investigaci\u00f3n de la Facultad de Ciencias Econ\u00f3micas (FCE), a cargo de la M.Sc Sonia C\u00e1ceres Valdez, se ha destacado por la cantidad y calidad de los trabajos desarrollados por los alumnos en materia de investigaci\u00f3n, mediante el acompa\u00f1amiento de los docentes tutores. Tal es as\u00ed, que desde hace un par de a\u00f1os la instituci\u00f3n es galardonada en la Jornada de J\u00f3venes Investigadores (JJI) de la AUGM.<\/span> [\/vc_column_text][\/vc_tab][vc_tab title=&#8221;2018&#8243; tab_id=&#8221;1611326935863-3-5&#8243;][vc_column_text] <span style=\"color: #000000;\">\u00a0<strong>Entregaron de certificados de reconocimiento al universitario ganador de la JJI 2018 en la FCE \u2013 Mallorqu\u00edn<\/strong><\/span> <span style=\"color: #000000;\">En una emotiva ceremonia, el Univ. Carlos Miguel Bogado Duarte recibi\u00f3 los certificados de reconocimiento por parte de la Facultad de Ciencias Econ\u00f3micas (FCE) \u2013 filial Juan Le\u00f3n Mallorqu\u00edn, tras haber obtenido el primer puesto en la categor\u00eda de defensa oral con el tema: \u201cAcceso a la educaci\u00f3n superior \u2013 Un reto para la juventud rural de Juan Le\u00f3n Mallorqu\u00edn\u201d, en la XXVI Jornada de J\u00f3venes Investigadores (JJI) de la AUGM, realizada en la Universidad Nacional de Cuyo, Mendoza \u2013 Argentina. El joven adem\u00e1s, fue declarado hijo dilecto del municipio de Juan Le\u00f3n Mallorqu\u00edn.<\/span><\/p>\n<hr \/>\n<p><span style=\"color: #000000;\"><strong>Centro de Estudiantes realiz\u00f3 un acto de reconocimiento a representantes de la FCE en la JJI 2018<\/strong><\/span> <span style=\"color: #000000;\">El Centro de Estudiantes realiz\u00f3 en la noche del mi\u00e9rcoles 07 de noviembre, un acto de reconocimiento a los alumnos que representaron a la Facultad de Ciencias Econ\u00f3micas (FCE) de la UNE, en la Jornada de J\u00f3venes Investigadores (JJI) 2018 de la AUGM, que se desarroll\u00f3 en la Universidad Nacional de Cuyo, Mendoza \u2013 Argentina.<\/span><\/p>\n<hr \/>\n<p><span style=\"color: #000000;\"><strong>Realizan la I Jornada de Divulgaci\u00f3n Cient\u00edfica en el Rectorado de la UNE<\/strong><\/span> <span style=\"color: #000000;\">La Prof. M.Sc. Sonia C\u00e1ceres, directora de Investigaci\u00f3n de la Facultad de Ciencias Econ\u00f3micas (FCE), fue seleccionada para presentar su trabajo de investigaci\u00f3n en la I Jornada de Divulgaci\u00f3n Cient\u00edfica, realizada este s\u00e1bado 20 de octubre en el Rectorado de la UNE. De 100 trabajos presentados, fueron seleccionados 40 para su exhibici\u00f3n, tanto en forma oral como en categor\u00eda poster.<\/span><\/p>\n<hr \/>\n<p><span style=\"color: #000000;\"><strong>La FCE se alza una vez m\u00e1s con un premio en la JJI de la AUGM<\/strong><\/span> <span style=\"color: #000000;\">El alumno de la Facultad de Ciencias Econ\u00f3micas (FCE), Carlos Miguel Bogado Duarte, fue premiado este viernes 19 de octubre en la XXVI Jornada de J\u00f3venes Investigadores (JJI) de la Asociaci\u00f3n de Universidades Grupo Montevideo (AUGM) que se llev\u00f3 a cabo en la Universidad Nacional de Cuyo, Mendoza \u2013 Argentina.<\/span><\/p>\n<hr \/>\n<p><span style=\"color: #000000;\"><strong>Estudiantes de la FCE participan de la XXVI de la JJI de la AUGM en la Universidad Nacional de Cuyo<\/strong><\/span> <span style=\"color: #000000;\">Seis alumnos de la Facultad de Ciencias Econ\u00f3micas (FCE) de la UNE, se encuentran participando de la XXVI Jornada de J\u00f3venes Investigadores (JJI) de la Asociaci\u00f3n de Universidades Grupo Montevideo (AUGM) que se lleva a cabo desde este 17 al 19 de octubre en la Universidad Nacional de Cuyo, Mendoza \u2013 Argentina.<\/span><\/p>\n<hr \/>\n<p><span style=\"color: #000000;\"><strong>Culmin\u00f3 con \u00e9xito la 2da edici\u00f3n de la Olimpiada Universitaria de Conocimientos: \u00abCampeones del saber\u00bb<\/strong><\/span> <span style=\"color: #000000;\">En una noche llena de algarab\u00eda y emoci\u00f3n, culmin\u00f3 el pasado viernes 14 de septiembre la segunda edici\u00f3n de la Olimpiada Universitaria de Conocimientos: \u201cCampeones del Saber\u201d en el Sal\u00f3n Auditorio del Rectorado de la Universidad Nacional del Este (UNE). El evento cont\u00f3 con la presencia del decano de la FCE, Dr. Carlos Wilfrido Escurra Ben\u00edtez; la directora de Investigaci\u00f3n, Prof. Lic. Sonia C\u00e1ceres, entre otros directivos, docentes y p\u00fablico en general.\u00a0La organizaci\u00f3n del campeonato del saber estuvo a cargo de la Direcci\u00f3n de Investigaci\u00f3n de la Facultad de Ciencias Econ\u00f3micas y del Movimiento Frente Universitario.<\/span><\/p>\n<hr \/>\n<p><span style=\"color: #000000;\"><strong>Alumnos y docentes de la FCE participaron del E.C.T. 2018 de la Facultad Polit\u00e9cnica<\/strong><\/span> <span style=\"color: #000000;\">En la noche del martes 11 de septiembre, los alumnos y docentes de la Facultad de Ciencias Econ\u00f3micas (FCE) realizaron la presentaci\u00f3n de trabajos de investigaci\u00f3n en el XIV Encuentro Cient\u00edfico Tecnol\u00f3gico (E.C.T.) 2018, que se est\u00e1 desarrollando en la Facultad Polit\u00e9cnica de la Universidad Nacional del Este (UNE).<\/span><\/p>\n<hr \/>\n<p><span style=\"color: #000000;\"><strong>Arranc\u00f3 la primera fase de la 2da edici\u00f3n de la Olimpiada Universitaria de Conocimientos: \u00abCampeones del saber\u00bb<\/strong><\/span> <span style=\"color: #000000;\">Con la participaci\u00f3n de equipos de la carrera de Contabilidad, como as\u00ed tambi\u00e9n de Administraci\u00f3n y de Econom\u00eda de la Facultad de Ciencias Econ\u00f3micas (FCE) de la UNE, arranc\u00f3 este viernes 31 de agosto, la primera fase de la 2da edici\u00f3n de la Olimpiada Universitaria de Conocimientos: \u201cCampeones del Saber\u201d en el Sal\u00f3n Auditorio del Rectorado de la Universidad Nacional del Este (UNE). La organizaci\u00f3n del campeonato del saber, est\u00e1 a cargo de la Direcci\u00f3n de Investigaci\u00f3n y del Movimiento Frente Universitario, y tiene por objetivo realizar una competencia sana, de forma a contribuir con el desarrollo de aptitudes en el estudiante y elevar la calidad de su formaci\u00f3n integral.<\/span><\/p>\n<hr \/>\n<p><span style=\"color: #000000;\"><strong>Direcci\u00f3n de Investigaci\u00f3n de la FCE present\u00f3 dos trabajos en la \u00abII Jornada de Difusi\u00f3n Cient\u00edfica\u00bb<\/strong><\/span> <span style=\"color: #000000;\">La Direcci\u00f3n de Investigaci\u00f3n de la Facultad de Ciencias Econ\u00f3micas (FCE) de la UNE, present\u00f3 este jueves 12 de julio, dos trabajos de investigaci\u00f3n en la \u201cII Jornada de Difusi\u00f3n Cient\u00edfica\u201d, organizado por el Centro de Investigaciones M\u00e9dicas (CIM) de la Facultad de Ciencias de la Salud (FACISA).<\/span><\/p>\n<hr \/>\n<p><span style=\"color: #000000;\"><strong>Presentaron 2da edici\u00f3n de la Olimpiada Universitaria de Conocimientos: \u00abCampeones del saber\u00bb<\/strong><\/span> <span style=\"color: #000000;\">En la noche de este lunes 09 de julio, en el Sal\u00f3n de Actos de la Facultad de Ciencias Econ\u00f3micas (FCE) de la UNE, se realiz\u00f3 la presentaci\u00f3n de la 2da edici\u00f3n de la Olimpiada Universitaria de Conocimientos: \u201cCampeones del Saber\u201d. Las inscripciones inician este 10 de julio y se extienden hasta el 20 del corriente mes, podr\u00e1n ser realizadas en la Direcci\u00f3n de Investigaci\u00f3n y mesas habilitadas.<\/span><\/p>\n<hr \/>\n<p><span style=\"color: #000000;\"><strong>Alumnos investigadores de la FCE presentaron sus trabajos en la VII JJI de la UNE<\/strong><\/span> <span style=\"color: #000000;\">Los universitarios de la Facultad de Ciencias Econ\u00f3micas (FCE), realizaron la presentaci\u00f3n y defensa de sus trabajos de investigaci\u00f3n en la VII Jornada de J\u00f3venes Investigadores (JJI) de la Universidad Nacional del Este (UNE). La actividad se desarroll\u00f3 en la Facultad de Filosof\u00eda (FAFI), el viernes 22 de junio.<\/span><\/p>\n<hr \/>\n<p><span style=\"color: #000000;\"><strong>FCE participar\u00e1 de la VII JJI de la UNE<\/strong><\/span> <span style=\"color: #000000;\">La Direcci\u00f3n de Investigaci\u00f3n de la Facultad de Ciencias Econ\u00f3micas (FCE), invita a participar a los estudiantes universitarios y docentes el d\u00eda viernes 22\/06\/18, donde se desarrollar\u00e1 la VII Jornada de J\u00f3venes Investigadores (JJI) de la Universidad Nacional del Este (UNE) en la Facultad de Filosof\u00eda desde las 18:00.\u00a0<\/span><\/p>\n<hr \/>\n<p><span style=\"color: #000000;\"><strong>Fuceune realiza donaci\u00f3n a tres docentes investigadores<\/strong><\/span> <a href=\"https:\/\/i1.wp.com\/www.fceune.edu.py\/v2\/wp-content\/uploads\/2018\/06\/DSC_0368.jpg\"><img loading=\"lazy\" decoding=\"async\" data-attachment-id=\"5675\" data-permalink=\"https:\/\/www.fceune.edu.py\/v2\/index.php\/2018\/06\/12\/fuceune-realiza-donacion-a-tres-docentes-investigadores\/dsc_0368-2\/\" data-orig-file=\"https:\/\/i0.wp.com\/www.fceune.edu.py\/v2\/wp-content\/uploads\/2018\/06\/DSC_0368.jpg?fit=6000%2C4000&amp;ssl=1\" data-orig-size=\"6000,4000\" data-comments-opened=\"0\" data-image-meta=\"{&quot;aperture&quot;:&quot;3.5&quot;,&quot;credit&quot;:&quot;&quot;,&quot;camera&quot;:&quot;NIKON D5200&quot;,&quot;caption&quot;:&quot;&quot;,&quot;created_timestamp&quot;:&quot;1446790681&quot;,&quot;copyright&quot;:&quot;&quot;,&quot;focal_length&quot;:&quot;18&quot;,&quot;iso&quot;:&quot;100&quot;,&quot;shutter_speed&quot;:&quot;0.005&quot;,&quot;title&quot;:&quot;&quot;,&quot;orientation&quot;:&quot;1&quot;}\" data-image-title=\"DSC_0368\" data-image-description=\"\" data-image-caption=\"\" data-medium-file=\"https:\/\/i0.wp.com\/www.fceune.edu.py\/v2\/wp-content\/uploads\/2018\/06\/DSC_0368.jpg?fit=300%2C200&amp;ssl=1\" data-large-file=\"https:\/\/i0.wp.com\/www.fceune.edu.py\/v2\/wp-content\/uploads\/2018\/06\/DSC_0368.jpg?fit=940%2C627&amp;ssl=1\" class=\"wp-image-5675 alignleft\" src=\"https:\/\/i0.wp.com\/www.fceune.edu.py\/v2\/wp-content\/uploads\/2018\/06\/DSC_0368-300x200.jpg?resize=179%2C119\" sizes=\"(max-width: 179px) 100vw, 179px\" srcset=\"https:\/\/i1.wp.com\/www.fceune.edu.py\/v2\/wp-content\/uploads\/2018\/06\/DSC_0368.jpg?resize=300%2C200&amp;ssl=1 300w, https:\/\/i1.wp.com\/www.fceune.edu.py\/v2\/wp-content\/uploads\/2018\/06\/DSC_0368.jpg?resize=768%2C512&amp;ssl=1 768w, https:\/\/i1.wp.com\/www.fceune.edu.py\/v2\/wp-content\/uploads\/2018\/06\/DSC_0368.jpg?resize=1024%2C683&amp;ssl=1 1024w, https:\/\/i1.wp.com\/www.fceune.edu.py\/v2\/wp-content\/uploads\/2018\/06\/DSC_0368.jpg?resize=355%2C235&amp;ssl=1 355w, https:\/\/i1.wp.com\/www.fceune.edu.py\/v2\/wp-content\/uploads\/2018\/06\/DSC_0368.jpg?w=1880 1880w, https:\/\/i1.wp.com\/www.fceune.edu.py\/v2\/wp-content\/uploads\/2018\/06\/DSC_0368.jpg?w=2820 2820w\" alt=\"\" width=\"179\" height=\"119\" data-attachment-id=\"5675\" data-permalink=\"https:\/\/www.fceune.edu.py\/v2\/index.php\/2018\/06\/12\/fuceune-realiza-donacion-a-tres-docentes-investigadores\/dsc_0368-2\/\" data-orig-file=\"https:\/\/i1.wp.com\/www.fceune.edu.py\/v2\/wp-content\/uploads\/2018\/06\/DSC_0368.jpg?fit=6000%2C4000&amp;ssl=1\" data-orig-size=\"6000,4000\" data-comments-opened=\"0\" data-image-meta=\"{&quot;aperture&quot;:&quot;3.5&quot;,&quot;credit&quot;:&quot;&quot;,&quot;camera&quot;:&quot;NIKON D5200&quot;,&quot;caption&quot;:&quot;&quot;,&quot;created_timestamp&quot;:&quot;1446790681&quot;,&quot;copyright&quot;:&quot;&quot;,&quot;focal_length&quot;:&quot;18&quot;,&quot;iso&quot;:&quot;100&quot;,&quot;shutter_speed&quot;:&quot;0.005&quot;,&quot;title&quot;:&quot;&quot;,&quot;orientation&quot;:&quot;1&quot;}\" data-image-title=\"DSC_0368\" data-image-description=\"\" data-medium-file=\"https:\/\/i1.wp.com\/www.fceune.edu.py\/v2\/wp-content\/uploads\/2018\/06\/DSC_0368.jpg?fit=300%2C200&amp;ssl=1\" data-large-file=\"https:\/\/i1.wp.com\/www.fceune.edu.py\/v2\/wp-content\/uploads\/2018\/06\/DSC_0368.jpg?fit=940%2C627&amp;ssl=1\" data-recalc-dims=\"1\" \/><\/a>La Fundaci\u00f3n Facultad Ciencias Econ\u00f3micas de la Universidad Nacional del Este (FUCEUNE) entreg\u00f3 un apoyo econ\u00f3mico a tres docentes investigadores de la FCE. Los profesores realizar\u00e1n investigaciones en diferentes \u00e1reas durante el periodo lectivo.<\/p>\n<hr \/>\n<p><span style=\"color: #000000;\"><strong>Charla promocional de Investigaci\u00f3n en la FCE \u2013 Mallorqu\u00edn<\/strong><\/span><\/p>\n<div class=\"_1mf _1mj\"><span style=\"color: #000000;\">Docentes de la Facultad de Ciencias Econ\u00f3micas (FCE) de la UNE, visitaron este jueves 10 de mayo, la filial de la instituci\u00f3n en la ciudad de Juan Le\u00f3n Mallorqu\u00edn, con el objetivo de instar a los alumnos a participar de las actividades de Extensi\u00f3n Universitaria y realizar trabajos de investigaci\u00f3n.<\/span><\/div>\n<div>\u00a0<\/div>\n<hr \/>\n<p><span style=\"color: #000000;\"><strong>Instan a alumnos a participar en actividades de Investigaci\u00f3n\u00a0<\/strong><\/span> <span style=\"color: #000000;\">Este martes 08 de mayo, prosiguieron las visitas a las filiales de la Facultad de Ciencias Econ\u00f3micas (FCE) de la UNE en Minga Por\u00e3 y Cruce Itakyry, para promocionar las actividades de Extensi\u00f3n Universitaria y de Investigaci\u00f3n. Cada a\u00f1o, la FCE se destaca por los trabajos de investigaci\u00f3n y de extensi\u00f3n que son llevados adelante por los alumnos en conjunto con la Direcci\u00f3n de Investigaci\u00f3n como as\u00ed tambi\u00e9n, con la Direcci\u00f3n de Extensi\u00f3n Universitaria.<\/span><\/p>\n<hr \/>\n<p><span style=\"color: #000000;\"><strong>Charla promocional de Investigaci\u00f3n y Extensi\u00f3n<\/strong><\/span> <span style=\"color: #000000;\">Docentes de la Facultad de Ciencias Econ\u00f3micas (FCE) de la UNE, realizaron este lunes 07 de mayo, una visita a la filial de la instituci\u00f3n en la ciudad de Santa Rita con el objetivo de instar a los alumnos a participar de las actividades de Extensi\u00f3n Universitaria y realizar trabajos de investigaci\u00f3n.<\/span> [\/vc_column_text][\/vc_tab][vc_tab title=&#8221;2017&#8243; tab_id=&#8221;1611326943776-4-10&#8243;][vc_column_text] <span style=\"color: #000000;\"><strong>Direcci\u00f3n de Investigaci\u00f3n convoca a estudiantes a participar de la XXVI JJI<\/strong><\/span> <span style=\"color: #000000;\">La Direcci\u00f3n de Investigaci\u00f3n de la Facultad de Ciencias Econ\u00f3micas (FCE) de la Universidad Nacional del Este (UNE), realiza un llamado a los estudiantes de la instituci\u00f3n a participar de la XXVI Jornadas de J\u00f3venes Investigadores de la Asociaci\u00f3n de Universidades del Grupo Montevideo (AUGM), a desarrollarse en el mes octubre del 2018, en la Universidad UNCUYO, Mendoza, Argentina.<\/span> <span style=\"color: #000000;\">Los universitarios interesados deben presentar sus temas de investigaci\u00f3n en la Direcci\u00f3n de Investigaci\u00f3n de la FCE, que est\u00e1 a cargo de la M. Sc. Sonia C\u00e1ceres Valdez.<\/span><\/p>\n<hr \/>\n<p><span style=\"color: #000000;\"><strong>Homenajean a los alumnos que representaron a la Facultad de Ciencias Econ\u00f3micas en la XXV JJI<\/strong><\/span> <span style=\"color: #000000;\">El Centro de Estudiantes de la Facultad de Ciencias Econ\u00f3micas (FCE) de la UNE, realiz\u00f3 este martes 24 de octubre, un homenaje y reconocimiento a los seis j\u00f3venes que representaron a la FCE en la XXV Jornada de J\u00f3venes Investigadores (JJI) de la AUGM. El reconocimiento tambi\u00e9n fue otorgado a la directora de Investigaci\u00f3n, M. Sc. Sonia C\u00e1ceres Valdez.<\/span> <span style=\"color: #000000;\">Igualmente, acompa\u00f1aron el evento el decano de la instituci\u00f3n, Dr. Carlos Wilfrido Escurra Ben\u00edtez; el vicedecano, Dr. Juan Bernardo Morales Aranda; el director Acad\u00e9mico, Lic. Rub\u00e9n Dar\u00edo Gonz\u00e1lez Acosta; la directora de Investigaci\u00f3n, M. Sc. Sonia C\u00e1ceres Valdez; la docente extensionista Abg. Teresa Fleitas, entre otros profesores y alumnos.<\/span><\/p>\n<hr \/>\n<p><span style=\"color: #000000;\"><strong>Emotiva premiaci\u00f3n de ganadores en la XXV JJI<\/strong><\/span> <span style=\"color: #000000;\">Con mucha emoci\u00f3n se vivi\u00f3 el momento de la premiaci\u00f3n en la XXV Jornada de J\u00f3venes Investigados (JJI) de la AUGM, el pasado 20 de octubre. La Universidad Nacional del Este (UNE), obtuvo 8 trabajos premiados, uno de los cuales pertenece a la Facultad de Ciencias Econ\u00f3micas (FCE). Seis j\u00f3venes representaron a la instituci\u00f3n.<\/span> <span style=\"color: #000000;\">La directora de Investigaci\u00f3n y encargada de la comitiva de la FCE, M. Sc. Sonia C\u00e1ceres Valdez, recibi\u00f3 el premio en representaci\u00f3n de la estudiante Edith Rafaela Imlach Romero -ganadora de la categor\u00eda posters-, debido a que la misma no pudo estar presente en la premiaci\u00f3n.<\/span><\/p>\n<hr \/>\n<p><span style=\"color: #000000;\"><strong>Universitarios de la FCE defendieron sus trabajos de investigaci\u00f3n y extensi\u00f3n en la JJI 2017<\/strong><\/span> <span style=\"color: #000000;\">Con una excelente presentaci\u00f3n, los universitarios y docente de la Facultad de Ciencias Econ\u00f3micas (FCE) defendieron este jueves 19 de octubre, sus trabajos de investigaci\u00f3n y de extensi\u00f3n en el marco de la Jornada de J\u00f3venes Investigadores (JJI) 2017 de la Asociaci\u00f3n de Universidades del Grupo Montevideo (AUGM).<\/span> <span style=\"color: #000000;\">Los j\u00f3venes representantes de la FCE, est\u00e1n siendo acompa\u00f1ados por la directora de Investigaci\u00f3n, Lic. Sonia Teresita C\u00e1ceres; del director de Extensi\u00f3n, Dr. An\u00edbal Amado Nunes; como as\u00ed tambi\u00e9n de docentes extensionistas e investigadores.<\/span><\/p>\n<hr \/>\n<p><span style=\"color: #000000;\"><strong>Piden dar sentido social a investigaciones de universidades en la JJI 2017<\/strong><\/span> <span style=\"color: #000000;\">El Presidente de la Asociaci\u00f3n de Universidades del Grupo Montevideo (AUGM), Prof. Dr. Waldo Albarrac\u00edn, pidi\u00f3 a los estudiantes dar sentido social a las investigaciones realizadas en las instituciones de ense\u00f1anza superior. Fue durante el desarrollo de las \u201cXXV Jornadas de J\u00f3venes Investigadores (JJI)\u201d, que este a\u00f1o 2017 se realiza en la Universidad Nacional de Itapu\u00e1 (UNI), en la ciudad de Encarnaci\u00f3n. El rector de la Universidad Nacional del Este (UNE), Ing. Ger\u00f3nimo Laviosa, estuvo en su car\u00e1cter de vicepresidente de la AUGM.<\/span><\/p>\n<hr \/>\n<p><span style=\"color: #000000;\"><strong>Continua la segunda edici\u00f3n de la \u00abLibroferia\u00bb en la FCE<\/strong><\/span> <span style=\"color: #000000;\">La \u201cII libroferia FCE-UNE\u201d, contin\u00faa desarroll\u00e1ndose con total \u00e9xito en la Facultad de Ciencias Econ\u00f3micas (FCE) de la Universidad Nacional del Este (UNE). La exposici\u00f3n se extiende hasta este viernes 08 de septiembre, de 18:30 a 22:00.<\/span><\/p>\n<hr \/>\n<p><span style=\"color: #000000;\"><strong>Con varios stands, inauguraron la segunda edici\u00f3n de la \u00abLibroferia\u00bb en la FCE<\/strong><\/span> <span style=\"color: #000000;\">Este mi\u00e9rcoles 06 de septiembre, se realiz\u00f3 la inauguraci\u00f3n oficial de la \u201cII libroferia FCE-UNE\u201d, organizada por el movimiento estudiantil Frente Universitario, en conjunto con la Direcci\u00f3n de Investigaci\u00f3n de la Facultad de Ciencias Econ\u00f3micas (FCE) de la Universidad Nacional del Este (UNE). La apertura del evento cont\u00f3 con la presencia del decano, Dr. Calos Wilfrido Escurra Ben\u00edtez, de directivos y alumnos de la instituci\u00f3n. La feria, que se realiza de 18:00 a 22:00, se extender\u00e1 hasta este viernes 08 de septiembre.<\/span> <span style=\"color: #000000;\">En la inauguraci\u00f3n estuvieron presentes tambi\u00e9n la directora de Investigaci\u00f3n, Lic. Sonia Teresita C\u00e1ceres; el docente investigador, Lic. Joel Recalde y el Lic. Eligio Acu\u00f1a; entre otros.<\/span><\/p>\n<hr \/>\n<p><span style=\"color: #000000;\"><strong>Premian a los ganadores de la primera edici\u00f3n del \u00abCampeonato del Saber\u00bb<\/strong><\/span> <span style=\"color: #000000;\">Tras una intensa noche de competici\u00f3n y llena de emociones, finalmente se consagr\u00f3 como ganador el grupo \u201cDiezba\u201d, en la primera edici\u00f3n del \u201cCampeonato del saber\u201d, organizada por el movimiento estudiantil Frente Universitario y por la Direcci\u00f3n de Investigaci\u00f3n de la Facultad de Ciencias Econ\u00f3micas (FCE) de la Universidad Nacional del Este (UNE). La competencia culmin\u00f3 este viernes 01 de septiembre, y cont\u00f3 con el acompa\u00f1amiento del decano, Dr. Carlos Wilfrido Escurra Ben\u00edtez, del vicedecano, Dr. Juan Bernardo Morales Aranda; as\u00ed como de los directivos, docentes y alumnos de esta prestigiosa facultad.<\/span> <span style=\"color: #000000;\">La directora de Investigaci\u00f3n de la FCE, Sonia Teresita C\u00e1ceres, explic\u00f3 que el campeonato fue una iniciativa del movimiento estudiantil Frente Universitario y que cont\u00f3 con el apoyo de la Direcci\u00f3n de Investigaci\u00f3n de la facultad.<\/span> <span style=\"color: #000000;\">El docente investigador, Lic. Joel Recalde, adelant\u00f3 que el pr\u00f3ximo a\u00f1o volver\u00e1 a realizarse esta olimpiada, por lo que insta a los estudiantes a prepararse y participar.<\/span><\/p>\n<hr \/>\n<p><span style=\"color: #000000;\"><strong>Con mucho brillo y entusiasmo arranc\u00f3 la primera edici\u00f3n de \u00abCampeones del Saber\u00bb<\/strong><\/span> <span style=\"color: #000000;\">Con una gran participaci\u00f3n de los estudiantes, arranc\u00f3 este viernes 25 de agosto, la primera edici\u00f3n de \u201cCampeones del saber\u201d, en la Facultad de Ciencias Econ\u00f3micas (FCE) de la Universidad Nacional del Este (UNE). El p\u00fablico acompa\u00f1\u00f3 y vibr\u00f3 junto con los competidores que lograron clasificar para lo que ser\u00e1 la gran final de esta olimpiada del conocimiento. La misma es organizada por el movimiento estudiantil Frente Universitario, con el apoyo de la Direcci\u00f3n de Investigaci\u00f3n de la FCE. Participaron de la inauguraci\u00f3n los directivos, docentes, funcionarios y universitarios de la instituci\u00f3n.<\/span><\/p>\n<hr \/>\n<p><span style=\"color: #000000;\"><strong>Universitarios de la FCE presentaron sus trabajos de Investigaci\u00f3n y de Extensi\u00f3n en VI JJI<\/strong><\/span> <span style=\"color: #000000;\">Este viernes 14 de julio, se realiz\u00f3 la VI Jornada de J\u00f3venes Investigadores (JJI) de la Universidad Nacional del Este (UNE), donde cinco estudiantes y una docente de la Facultad de Ciencias Econ\u00f3micas (FCE), presentaron sus respectivos trabajos de investigaci\u00f3n y de extensi\u00f3n. El evento se desarroll\u00f3 en la Facultad de Ciencias de la Salud (FACISA) y cont\u00f3 con el acompa\u00f1amiento del plantel de profesores que conforman la Direcci\u00f3n de Investigaci\u00f3n y de Extensi\u00f3n de la FCE.<\/span> <span style=\"color: #000000;\">Los estudiantes Ren\u00e9 L\u00f3pez, Deisy Troche, Jasy Frutos, Edith Imlach, Gianina Garcete y la docente Marina Cantero, expusieron sobre sus investigaciones ante destacados y calificados catedr\u00e1ticos.<\/span><\/p>\n<hr \/>\n<p><span style=\"color: #000000;\"><strong>Presentan JJI 2017 en sede de la FCE en Mallorqu\u00edn<\/strong><\/span> <span style=\"color: #000000;\">Los directores de la Direcci\u00f3n de Investigaci\u00f3n y de Direcci\u00f3n de Extensi\u00f3n, realizaron este martes 30 de mayo, la presentaci\u00f3n de la Jornada de J\u00f3venes Investigadores (JJI) 2017 de la AUGM, a los alumnos de la sede de Mallorqu\u00edn de la Facultad de Ciencias Econ\u00f3micas (FCE) de la Universidad Nacional del Este (UNE).<\/span> <span style=\"color: #000000;\">La comitiva de docentes estuvo compuesta por: M.Sc. Sonia C\u00e1ceres, encargada de la Direcci\u00f3n de Investigaci\u00f3n; el doctor An\u00edbal Amado, encargado de la Direcci\u00f3n de Extensi\u00f3n, entre otros docentes colaboradores de ambas direcciones.<\/span><\/p>\n<hr \/>\n<p><span style=\"color: #000000;\"><strong>Proyectan recuperar \u00abArroyo Primavera\u00bb mediante un trabajo interistitucional<\/strong><\/span> <span style=\"color: #000000;\">Este martes 30 de mayo, se realiz\u00f3 la primera reuni\u00f3n interinstitucional entre la Facultad de Ciencias Econ\u00f3micas (FCE), la Facultad de Filosof\u00eda (FAFI) de la UNE y la Universidad Internacional Tres Fronteras (UNINTER), para proyectar la recuperaci\u00f3n del arroyo \u201cPrimavera\u201d de la localidad de Juan Le\u00f3n Mallorqu\u00edn.<\/span> <span style=\"color: #000000;\">En la oportunidad estuvieron presentes en la reuni\u00f3n: el director de la UNINTER, Lic. Jos\u00e9 Mart\u00ed Bogado; el coordinador de la FAFI, Lic. Manuel Ortega; el coordinador de la FCE, Lic. Jos\u00e9 Arguello. Adem\u00e1s de los directores de Extensi\u00f3n e Investigaci\u00f3n de la FCE, Dr. An\u00edbal Amado Nunes y la M.Sc. Sonia C\u00e1ceres Valdez. Como as\u00ed tambi\u00e9n, los profesores investigadores y Extensionistas: Econ. Natalia R\u00edos, Lic. Cynthia Goibur\u00fa, Lic. Marina Cantero y la Abog. Teresa Fleitas.<\/span><\/p>\n<hr \/>\n<p><span style=\"color: #000000;\"><strong>Realizan charla institucional y lanzamiento de la JJI 2017 en sedes de la FCE en Cruce Itakyry y Minga Por\u00e3<\/strong><\/span> <span style=\"color: #000000;\">La Direcci\u00f3n de Investigaci\u00f3n, en conjunto con la Direcci\u00f3n de Extensi\u00f3n de la Facultad de Ciencias Econ\u00f3micas (FCE) de la Universidad Nacional del Este, realizaron este lunes 29 de mayo, una charla institucional a los alumnos de las sedes de la FCE en Itakyry y Minga Por\u00e3; adem\u00e1s presentaron e invitaron a los estudiantes a participar de la Jornada de J\u00f3venes Investigadores (JJI) 2017 de la AUGM, que este se desarrollar\u00e1 el 14 de julio, en la Facultad de Medicina de la UNE.<\/span> <span style=\"color: #000000;\">La comitiva de docentes estuvo compuesta por: M.Sc. Sonia C\u00e1ceres, encargada de la Direcci\u00f3n de Investigaci\u00f3n; el doctor An\u00edbal Amado, encargado de la Direcci\u00f3n de Extensi\u00f3n; Econ. Natalia R\u00edos; Lic. Joel Recalde; la Lic. Marina Cantero y el licenciado David Gavil\u00e1n. As\u00ed tambi\u00e9n, acompa\u00f1aron a los maestros las universitarias Gianina Garcete, Cynthia Meri y Carla Ortigoza.<\/span><\/p>\n<hr \/>\n<p style=\"text-align: left;\"><span style=\"color: #000000;\"><strong>Direcci\u00f3n de Investigaci\u00f3n y Extensi\u00f3n coordinan trabajos<\/strong><\/span><strong><a href=\"https:\/\/i2.wp.com\/www.fceune.edu.py\/v2\/wp-content\/uploads\/2017\/05\/IMG-20170512-WA0003.jpg\"><img loading=\"lazy\" decoding=\"async\" data-attachment-id=\"2384\" data-permalink=\"https:\/\/www.fceune.edu.py\/v2\/index.php\/2017\/05\/12\/direccion-de-investigacion-y-extension-coordinan-trabajos\/img-20170512-wa0003\/\" data-orig-file=\"https:\/\/i0.wp.com\/www.fceune.edu.py\/v2\/wp-content\/uploads\/2017\/05\/IMG-20170512-WA0003.jpg?fit=728%2C463&amp;ssl=1\" data-orig-size=\"728,463\" data-comments-opened=\"0\" data-image-meta=\"{&quot;aperture&quot;:&quot;0&quot;,&quot;credit&quot;:&quot;&quot;,&quot;camera&quot;:&quot;&quot;,&quot;caption&quot;:&quot;&quot;,&quot;created_timestamp&quot;:&quot;0&quot;,&quot;copyright&quot;:&quot;&quot;,&quot;focal_length&quot;:&quot;0&quot;,&quot;iso&quot;:&quot;0&quot;,&quot;shutter_speed&quot;:&quot;0&quot;,&quot;title&quot;:&quot;&quot;,&quot;orientation&quot;:&quot;1&quot;}\" data-image-title=\"IMG-20170512-WA0003\" data-image-description=\"\" data-image-caption=\"\" data-medium-file=\"https:\/\/i0.wp.com\/www.fceune.edu.py\/v2\/wp-content\/uploads\/2017\/05\/IMG-20170512-WA0003.jpg?fit=300%2C191&amp;ssl=1\" data-large-file=\"https:\/\/i0.wp.com\/www.fceune.edu.py\/v2\/wp-content\/uploads\/2017\/05\/IMG-20170512-WA0003.jpg?fit=728%2C463&amp;ssl=1\" class=\"wp-image-2384 alignleft\" src=\"https:\/\/i2.wp.com\/www.fceune.edu.py\/v2\/wp-content\/uploads\/2017\/05\/IMG-20170512-WA0003-300x191.jpg?resize=149%2C95\" sizes=\"(max-width: 149px) 100vw, 149px\" srcset=\"https:\/\/i2.wp.com\/www.fceune.edu.py\/v2\/wp-content\/uploads\/2017\/05\/IMG-20170512-WA0003.jpg?resize=300%2C191&amp;ssl=1 300w, https:\/\/i2.wp.com\/www.fceune.edu.py\/v2\/wp-content\/uploads\/2017\/05\/IMG-20170512-WA0003.jpg?w=728&amp;ssl=1 728w\" alt=\"\" width=\"149\" height=\"95\" data-attachment-id=\"2384\" data-permalink=\"https:\/\/www.fceune.edu.py\/v2\/index.php\/2017\/05\/12\/direccion-de-investigacion-y-extension-coordinan-trabajos\/img-20170512-wa0003\/\" data-orig-file=\"https:\/\/i2.wp.com\/www.fceune.edu.py\/v2\/wp-content\/uploads\/2017\/05\/IMG-20170512-WA0003.jpg?fit=728%2C463&amp;ssl=1\" data-orig-size=\"728,463\" data-comments-opened=\"0\" data-image-meta=\"{&quot;aperture&quot;:&quot;0&quot;,&quot;credit&quot;:&quot;&quot;,&quot;camera&quot;:&quot;&quot;,&quot;caption&quot;:&quot;&quot;,&quot;created_timestamp&quot;:&quot;0&quot;,&quot;copyright&quot;:&quot;&quot;,&quot;focal_length&quot;:&quot;0&quot;,&quot;iso&quot;:&quot;0&quot;,&quot;shutter_speed&quot;:&quot;0&quot;,&quot;title&quot;:&quot;&quot;,&quot;orientation&quot;:&quot;1&quot;}\" data-image-title=\"IMG-20170512-WA0003\" data-image-description=\"\" data-medium-file=\"https:\/\/i2.wp.com\/www.fceune.edu.py\/v2\/wp-content\/uploads\/2017\/05\/IMG-20170512-WA0003.jpg?fit=300%2C191&amp;ssl=1\" data-large-file=\"https:\/\/i2.wp.com\/www.fceune.edu.py\/v2\/wp-content\/uploads\/2017\/05\/IMG-20170512-WA0003.jpg?fit=728%2C463&amp;ssl=1\" data-recalc-dims=\"1\" \/><\/a><\/strong><\/p>\n<p><span style=\"color: #000000;\">Directores de las Direcciones de Investigaci\u00f3n y de Extensi\u00f3n de la Facultad de Ciencias Econ\u00f3micas (FCE) de la Universidad Nacional del Este (UNE), se reunieron este jueves 11 de mayo, con el objetivo de coordinar los trabajos que se llevar\u00e1n adelante desde la instituci\u00f3n en el 2017.<\/span> <span style=\"color: #000000;\">La licenciada Sonia C\u00e1ceres, encargada de la Direcci\u00f3n de Investigaci\u00f3n, explic\u00f3 que mediante este encuentro pudieron delimitar las ideas que ser\u00e1n desarrolladas y ejecutadas durante este periodo acad\u00e9mico.<\/span> [\/vc_column_text][\/vc_tab][\/vc_tabs][\/vc_column][\/vc_row]<\/p>\n<\/div>","protected":false},"excerpt":{"rendered":"<p>[vc_row][vc_column][vc_tabs style=&#8221;style_1&#8243; title=&#8221;\u00c1reas de actuaci\u00f3n de la Direcci\u00f3n de Investigaci\u00f3n&#8221;][vc_tab title=&#8221;2025&#8243; tab_id=&#8221;1753737627612-8-7&#8243;][vc_column_text css=&#8221;&#8221;] Destacada participaci\u00f3n de la FCE en el Workshop Cient\u00edfico UNE 2025 La Facultad de Ciencias Econ\u00f3micas de la Universidad Nacional del Este (FCE.UNE) tuvo una destacada participaci\u00f3n en la tercera edici\u00f3n del Workshop Cient\u00edfico UNE, realizado el jueves 4 de septiembre de [&hellip;]<\/p>\n","protected":false},"author":3,"featured_media":0,"parent":0,"menu_order":0,"comment_status":"closed","ping_status":"closed","template":"","meta":{"jetpack_post_was_ever_published":false,"footnotes":""},"class_list":["post-11343","page","type-page","status-publish","hentry"],"jetpack_sharing_enabled":true,"jetpack_shortlink":"https:\/\/wp.me\/P9WOX6-2WX","jetpack-related-posts":[],"_links":{"self":[{"href":"https:\/\/www.fceune.edu.py\/v2\/index.php\/wp-json\/wp\/v2\/pages\/11343","targetHints":{"allow":["GET"]}}],"collection":[{"href":"https:\/\/www.fceune.edu.py\/v2\/index.php\/wp-json\/wp\/v2\/pages"}],"about":[{"href":"https:\/\/www.fceune.edu.py\/v2\/index.php\/wp-json\/wp\/v2\/types\/page"}],"author":[{"embeddable":true,"href":"https:\/\/www.fceune.edu.py\/v2\/index.php\/wp-json\/wp\/v2\/users\/3"}],"replies":[{"embeddable":true,"href":"https:\/\/www.fceune.edu.py\/v2\/index.php\/wp-json\/wp\/v2\/comments?post=11343"}],"version-history":[{"count":31,"href":"https:\/\/www.fceune.edu.py\/v2\/index.php\/wp-json\/wp\/v2\/pages\/11343\/revisions"}],"predecessor-version":[{"id":19089,"href":"https:\/\/www.fceune.edu.py\/v2\/index.php\/wp-json\/wp\/v2\/pages\/11343\/revisions\/19089"}],"wp:attachment":[{"href":"https:\/\/www.fceune.edu.py\/v2\/index.php\/wp-json\/wp\/v2\/media?parent=11343"}],"curies":[{"name":"wp","href":"https:\/\/api.w.org\/{rel}","templated":true}]}}